{"id":15557,"date":"2019-01-03T16:52:18","date_gmt":"2019-01-03T15:52:18","guid":{"rendered":"https:\/\/www.naturfotografen-online.de\/wp\/?page_id=15557"},"modified":"2019-01-28T21:00:05","modified_gmt":"2019-01-28T20:00:05","slug":"januar-2019","status":"publish","type":"page","link":"https:\/\/www.naturfotografen-online.de\/wp\/bildergalerien-2\/monatsgalerien\/monatsgalerien-2019\/januar-2019\/","title":{"rendered":"Januar 2019"},"content":{"rendered":"<p><em><strong>Anmerkungen zum Januar 2019<br \/>\n<\/strong><a href=\"http:\/\/www.naturfotografen-online.de\/wp\/bildergalerien-2\/monatsgalerien\/monatsgalerien-2018\/januar-2019\/2\/\"><strong>Diese Seite \u00fcberspringen<\/strong><\/a><\/em> und gleich auf Seite 2 zu den Bildergalerien. Die aktuellsten Erlebnisse sind immer am Anfang dieser Zeilen. Die neuen Bilder sind ab der 2. Seite zu sehen.<\/p>\n<p>24.01.2019<br \/>\nEinige Ansitze an meinen Luderpl\u00e4tzen brachten nicht den gew\u00fcnschten Erfolg. Doch die Anwesenheit von Elstern und Rotkehlchen lie\u00dfen keine Langeweile aufkommen. Mehr Bilder dazu gibt es bei &#8222;<a href=\"https:\/\/www.naturfotografen-online.de\/wp\/allgemein\/am-luderplatz\/\"><em><strong>Rund um den Luderplatz<\/strong><\/em><\/a>&#8220;<\/p>\n<p>18.01.2019<br \/>\nSpechte kommen regelm\u00e4\u00dfig an meine F\u00fctterung. Nebenher gelingen auch Bilder von anderen V\u00f6geln.<\/p>\n<p>15.01.2019<br \/>\nEndlich war wieder einmal Betrieb am Vogelbad. Zeisige, Kohlmeisen und Blaumeisen waren l\u00e4ngere Zeit am Wasser und es gelangen einige Bilder. Eine kleine Auswahl ist hier in der Monatsgalerie zu sehen. Mehr Bilder gibt es in einem Beitrag &#8211; <a href=\"https:\/\/www.naturfotografen-online.de\/wp\/allgemein\/zeisige-am-vogelbad\/\"><em><strong>am Vogelbad<\/strong><\/em><\/a> &#8211;<\/p>\n<p>11.01.2019<br \/>\nKaum liegt Schnee, kommen auch die Finkenv\u00f6gel an die F\u00fctterung. Der Kernbei\u00dfer behauptet sich gegen die Feldsperlinge ohne Probleme.<\/p>\n<p>08.01.2019<br \/>\nEin Turmfalkenm\u00e4nnchen erlaubt mir eine Ann\u00e4herung mit dem Auto bis auf wenige Meter. Es bleibt ruhig sitzen und kr\u00f6pft seine Maus ohne nerv\u00f6s zu werden. Das gibt Hoffnung auf weitere Erlebnisse mit diesem Falken. Bei einigen Bildern lugte bei dem miesen Wetter sogar kurz die Sonne hervor, die Farben werden ganz anders dargestellt und sind beim Bearbeiten wesentlich leichter zu bew\u00e4ltigen.<\/p>\n<p>05.01.2019<br \/>\nEndlich einmal Schnee. Beim Ansitz an der F\u00fctterung war das Ziel V\u00f6gel mit Schneeflocken aufzunehmen. Das Licht war nicht ideal, f\u00fcr einige Bilder reichte es.<\/p>\n<p>03.01.2019<br \/>\nWie im alten Jahr beendet, beginnt auch das Neue Jahr mit einem Ansitz bei den Spechten. Leider ist das Wetter zur Zeit nicht so ideal und die Beobachtungen werden gen\u00fctzt um an der F\u00fctterung das Verhalten der V\u00f6gel zu studieren.<\/p>\n<p><!--nextpage--><\/p>\n\n\t\t<div id='gallery-1' class='gallery galleryid-15557 gallery-columns-7 gallery-size-thumbnail gallery1'><script type=\"text\/javascript\">\r\n\/\/ <![CDATA[\r\n\tjQuery(document).ready(function () {\r\n\t\tjQuery(\".gallery1 a\").attr(\"rel\",\"gallery1\");\t\r\n\t\tjQuery('a[rel=\"gallery1\"]').colorbox({maxWidth:\"95%\", maxHeight:\"95%\",title: function(){ return jQuery(this).children().attr(\"alt\"); }, });\r\n\t});\r\n\/\/ ]]>\r\n<\/script>\n\r\n\t\t\t<style type=\"text\/css\">\r\n\t\t\t\t#cboxCurrent { display:none !important; }\r\n\t\t\t<\/style>\n<figure class=\"gallery-item\">\n<div class=\"gallery-icon\">\r\n<a href=\"https:\/\/www.naturfotografen-online.de\/wp\/wp-content\/uploads\/2019\/01\/1900450.jpg\" title=\"Gr\u00fcnfink (Carduelis chloris) Weibchen\" rel=\"gallery1\"><img loading=\"lazy\" decoding=\"async\" src=\"https:\/\/www.naturfotografen-online.de\/wp\/wp-content\/uploads\/2019\/01\/1900450-120x120.jpg\" width=\"120\" height=\"120\" alt=\"Gr\u00fcnfink (Carduelis chloris) Weibchen\" \/><\/a>\r\n<\/div><figcaption class=\"gallery-caption\" id=\"caption15995\"><span class=\"imagecaption\">Gr\u00fcnfink (Carduelis chloris) Weibchen<\/span><br \/>\n<\/figcaption><\/figure><figure class=\"gallery-item\">\n<div class=\"gallery-icon\">\r\n<a href=\"https:\/\/www.naturfotografen-online.de\/wp\/wp-content\/uploads\/2019\/01\/1900440.jpg\" title=\"Gr\u00fcnfink (Carduelis chloris) Weibchen\" rel=\"gallery1\"><img loading=\"lazy\" decoding=\"async\" src=\"https:\/\/www.naturfotografen-online.de\/wp\/wp-content\/uploads\/2019\/01\/1900440-120x120.jpg\" width=\"120\" height=\"120\" alt=\"Gr\u00fcnfink (Carduelis chloris) Weibchen\" \/><\/a>\r\n<\/div><figcaption class=\"gallery-caption\" id=\"caption15991\"><span class=\"imagecaption\">Gr\u00fcnfink (Carduelis chloris) Weibchen<\/span><br \/>\n<\/figcaption><\/figure><figure class=\"gallery-item\">\n<div class=\"gallery-icon\">\r\n<a href=\"https:\/\/www.naturfotografen-online.de\/wp\/wp-content\/uploads\/2019\/01\/1900454.jpg\" title=\"Zeisig (Carduelis spinus) M\u00e4nnchen\" rel=\"gallery1\"><img loading=\"lazy\" decoding=\"async\" src=\"https:\/\/www.naturfotografen-online.de\/wp\/wp-content\/uploads\/2019\/01\/1900454-120x120.jpg\" width=\"120\" height=\"120\" alt=\"Zeisig (Carduelis spinus) M\u00e4nnchen\" \/><\/a>\r\n<\/div><figcaption class=\"gallery-caption\" id=\"caption15996\"><span class=\"imagecaption\">Zeisig (Carduelis spinus) M\u00e4nnchen<\/span><br \/>\n<\/figcaption><\/figure><figure class=\"gallery-item\">\n<div class=\"gallery-icon\">\r\n<a href=\"https:\/\/www.naturfotografen-online.de\/wp\/wp-content\/uploads\/2019\/01\/1900448.jpg\" title=\"Rotkehlchen (Erithacus rubecula)\" rel=\"gallery1\"><img loading=\"lazy\" decoding=\"async\" src=\"https:\/\/www.naturfotografen-online.de\/wp\/wp-content\/uploads\/2019\/01\/1900448-120x120.jpg\" width=\"120\" height=\"120\" alt=\"Rotkehlchen (Erithacus rubecula)\" \/><\/a>\r\n<\/div><figcaption class=\"gallery-caption\" id=\"caption15994\"><span class=\"imagecaption\">Rotkehlchen (Erithacus rubecula)<\/span><br \/>\n<\/figcaption><\/figure><figure class=\"gallery-item\">\n<div class=\"gallery-icon\">\r\n<a href=\"https:\/\/www.naturfotografen-online.de\/wp\/wp-content\/uploads\/2019\/01\/1900433.jpg\" title=\"Blaumeise (Cyanistes caeruleus)\" rel=\"gallery1\"><img loading=\"lazy\" decoding=\"async\" src=\"https:\/\/www.naturfotografen-online.de\/wp\/wp-content\/uploads\/2019\/01\/1900433-120x120.jpg\" width=\"120\" height=\"120\" alt=\"Blaumeise (Cyanistes caeruleus)\" \/><\/a>\r\n<\/div><figcaption class=\"gallery-caption\" id=\"caption15988\"><span class=\"imagecaption\">Blaumeise (Cyanistes caeruleus)<\/span><br \/>\n<\/figcaption><\/figure><figure class=\"gallery-item\">\n<div class=\"gallery-icon\">\r\n<a href=\"https:\/\/www.naturfotografen-online.de\/wp\/wp-content\/uploads\/2019\/01\/1900439.jpg\" title=\"Blaumeise (Cyanistes caeruleus)\" rel=\"gallery1\"><img loading=\"lazy\" decoding=\"async\" src=\"https:\/\/www.naturfotografen-online.de\/wp\/wp-content\/uploads\/2019\/01\/1900439-120x120.jpg\" width=\"120\" height=\"120\" alt=\"Blaumeise (Cyanistes caeruleus)\" \/><\/a>\r\n<\/div><figcaption class=\"gallery-caption\" id=\"caption15990\"><span class=\"imagecaption\">Blaumeise (Cyanistes caeruleus)<\/span><br \/>\n<\/figcaption><\/figure><figure class=\"gallery-item\">\n<div class=\"gallery-icon\">\r\n<a href=\"https:\/\/www.naturfotografen-online.de\/wp\/wp-content\/uploads\/2019\/01\/1900460.jpg\" title=\"Kohlmeise (parus major)\" rel=\"gallery1\"><img loading=\"lazy\" decoding=\"async\" src=\"https:\/\/www.naturfotografen-online.de\/wp\/wp-content\/uploads\/2019\/01\/1900460-120x120.jpg\" width=\"120\" height=\"120\" alt=\"Kohlmeise (parus major)\" \/><\/a>\r\n<\/div><figcaption class=\"gallery-caption\" id=\"caption15999\"><span class=\"imagecaption\">Kohlmeise (parus major)<\/span><br \/>\n<\/figcaption><\/figure><figure class=\"gallery-item\">\n<div class=\"gallery-icon\">\r\n<a href=\"https:\/\/www.naturfotografen-online.de\/wp\/wp-content\/uploads\/2019\/01\/1900459.jpg\" title=\"Kohlmeise (parus major)\" rel=\"gallery1\"><img loading=\"lazy\" decoding=\"async\" src=\"https:\/\/www.naturfotografen-online.de\/wp\/wp-content\/uploads\/2019\/01\/1900459-120x120.jpg\" width=\"120\" height=\"120\" alt=\"Kohlmeise (parus major)\" \/><\/a>\r\n<\/div><figcaption class=\"gallery-caption\" id=\"caption15998\"><span class=\"imagecaption\">Kohlmeise (parus major)<\/span><br \/>\n<\/figcaption><\/figure><figure class=\"gallery-item\">\n<div class=\"gallery-icon\">\r\n<a href=\"https:\/\/www.naturfotografen-online.de\/wp\/wp-content\/uploads\/2019\/01\/1900457.jpg\" title=\"Feldsperling (Passer montanus)\" rel=\"gallery1\"><img loading=\"lazy\" decoding=\"async\" src=\"https:\/\/www.naturfotografen-online.de\/wp\/wp-content\/uploads\/2019\/01\/1900457-120x120.jpg\" width=\"120\" height=\"120\" alt=\"Feldsperling (Passer montanus)\" \/><\/a>\r\n<\/div><figcaption class=\"gallery-caption\" id=\"caption15997\"><span class=\"imagecaption\">Feldsperling (Passer montanus)<\/span><br \/>\n<\/figcaption><\/figure><figure class=\"gallery-item\">\n<div class=\"gallery-icon\">\r\n<a href=\"https:\/\/www.naturfotografen-online.de\/wp\/wp-content\/uploads\/2019\/01\/1900446.jpg\" title=\"Feldsperling (Passer montanus)\" rel=\"gallery1\"><img loading=\"lazy\" decoding=\"async\" src=\"https:\/\/www.naturfotografen-online.de\/wp\/wp-content\/uploads\/2019\/01\/1900446-120x120.jpg\" width=\"120\" height=\"120\" alt=\"Feldsperling (Passer montanus)\" \/><\/a>\r\n<\/div><figcaption class=\"gallery-caption\" id=\"caption15993\"><span class=\"imagecaption\">Feldsperling (Passer montanus)<\/span><br \/>\n<\/figcaption><\/figure><figure class=\"gallery-item\">\n<div class=\"gallery-icon\">\r\n<a href=\"https:\/\/www.naturfotografen-online.de\/wp\/wp-content\/uploads\/2019\/01\/1900444.jpg\" title=\"Feldsperling (Passer montanus)\" rel=\"gallery1\"><img loading=\"lazy\" decoding=\"async\" src=\"https:\/\/www.naturfotografen-online.de\/wp\/wp-content\/uploads\/2019\/01\/1900444-120x120.jpg\" width=\"120\" height=\"120\" alt=\"Feldsperling (Passer montanus)\" \/><\/a>\r\n<\/div><figcaption class=\"gallery-caption\" id=\"caption15992\"><span class=\"imagecaption\">Feldsperling (Passer montanus)<\/span><br \/>\n<\/figcaption><\/figure><figure class=\"gallery-item\">\n<div class=\"gallery-icon\">\r\n<a href=\"https:\/\/www.naturfotografen-online.de\/wp\/wp-content\/uploads\/2019\/01\/1900434.jpg\" title=\"Feldsperlinge (Passer montanus)\" rel=\"gallery1\"><img loading=\"lazy\" decoding=\"async\" src=\"https:\/\/www.naturfotografen-online.de\/wp\/wp-content\/uploads\/2019\/01\/1900434-120x120.jpg\" width=\"120\" height=\"120\" alt=\"Feldsperlinge (Passer montanus)\" \/><\/a>\r\n<\/div><figcaption class=\"gallery-caption\" id=\"caption15989\"><span class=\"imagecaption\">Feldsperlinge (Passer montanus)<\/span><br \/>\n<\/figcaption><\/figure><figure class=\"gallery-item\">\n<div class=\"gallery-icon\">\r\n<a href=\"https:\/\/www.naturfotografen-online.de\/wp\/wp-content\/uploads\/2019\/01\/1900432.jpg\" title=\"Turmfalke (Falco tinnunculus) Weibchen am Nistkasten - warten auf das Fr\u00fchjahr\" rel=\"gallery1\"><img loading=\"lazy\" decoding=\"async\" src=\"https:\/\/www.naturfotografen-online.de\/wp\/wp-content\/uploads\/2019\/01\/1900432-120x120.jpg\" width=\"120\" height=\"120\" alt=\"Turmfalke (Falco tinnunculus) Weibchen am Nistkasten - warten auf das Fr\u00fchjahr\" \/><\/a>\r\n<\/div><figcaption class=\"gallery-caption\" id=\"caption15962\"><span class=\"imagecaption\">Turmfalke (Falco tinnunculus) Weibchen am Nistkasten - warten auf das Fr\u00fchjahr<\/span><br \/>\n<\/figcaption><\/figure><figure class=\"gallery-item\">\n<div class=\"gallery-icon\">\r\n<a href=\"https:\/\/www.naturfotografen-online.de\/wp\/wp-content\/uploads\/2019\/01\/1900419.jpg\" title=\"Rotkehlchen (Erithacus rubecula)\" rel=\"gallery1\"><img loading=\"lazy\" decoding=\"async\" src=\"https:\/\/www.naturfotografen-online.de\/wp\/wp-content\/uploads\/2019\/01\/1900419-120x120.jpg\" width=\"120\" height=\"120\" alt=\"Rotkehlchen (Erithacus rubecula)\" \/><\/a>\r\n<\/div><figcaption class=\"gallery-caption\" id=\"caption15956\"><span class=\"imagecaption\">Rotkehlchen (Erithacus rubecula)<\/span><br \/>\n<\/figcaption><\/figure><figure class=\"gallery-item\">\n<div class=\"gallery-icon\">\r\n<a href=\"https:\/\/www.naturfotografen-online.de\/wp\/wp-content\/uploads\/2019\/01\/1900431.jpg\" title=\"Rotkehlchen (Erithacus rubecula)\" rel=\"gallery1\"><img loading=\"lazy\" decoding=\"async\" src=\"https:\/\/www.naturfotografen-online.de\/wp\/wp-content\/uploads\/2019\/01\/1900431-120x120.jpg\" width=\"120\" height=\"120\" alt=\"Rotkehlchen (Erithacus rubecula)\" \/><\/a>\r\n<\/div><figcaption class=\"gallery-caption\" id=\"caption15961\"><span class=\"imagecaption\">Rotkehlchen (Erithacus rubecula)<\/span><br \/>\n<\/figcaption><\/figure><figure class=\"gallery-item\">\n<div class=\"gallery-icon\">\r\n<a href=\"https:\/\/www.naturfotografen-online.de\/wp\/wp-content\/uploads\/2019\/01\/1900424.jpg\" title=\"Rotkehlchen (Erithacus rubecula)\" rel=\"gallery1\"><img loading=\"lazy\" decoding=\"async\" src=\"https:\/\/www.naturfotografen-online.de\/wp\/wp-content\/uploads\/2019\/01\/1900424-120x120.jpg\" width=\"120\" height=\"120\" alt=\"Rotkehlchen (Erithacus rubecula)\" \/><\/a>\r\n<\/div><figcaption class=\"gallery-caption\" id=\"caption15958\"><span class=\"imagecaption\">Rotkehlchen (Erithacus rubecula)<\/span><br \/>\n<\/figcaption><\/figure><figure class=\"gallery-item\">\n<div class=\"gallery-icon\">\r\n<a href=\"https:\/\/www.naturfotografen-online.de\/wp\/wp-content\/uploads\/2019\/01\/1900426.jpg\" title=\"Elster (Pica pica)\" rel=\"gallery1\"><img loading=\"lazy\" decoding=\"async\" src=\"https:\/\/www.naturfotografen-online.de\/wp\/wp-content\/uploads\/2019\/01\/1900426-120x120.jpg\" width=\"120\" height=\"120\" alt=\"Elster (Pica pica)\" \/><\/a>\r\n<\/div><figcaption class=\"gallery-caption\" id=\"caption15959\"><span class=\"imagecaption\">Elster (Pica pica)<\/span><br \/>\n<\/figcaption><\/figure><figure class=\"gallery-item\">\n<div class=\"gallery-icon\">\r\n<a href=\"https:\/\/www.naturfotografen-online.de\/wp\/wp-content\/uploads\/2019\/01\/1900428.jpg\" title=\"Elster (Pica pica)\" rel=\"gallery1\"><img loading=\"lazy\" decoding=\"async\" src=\"https:\/\/www.naturfotografen-online.de\/wp\/wp-content\/uploads\/2019\/01\/1900428-120x120.jpg\" width=\"120\" height=\"120\" alt=\"Elster (Pica pica)\" \/><\/a>\r\n<\/div><figcaption class=\"gallery-caption\" id=\"caption15960\"><span class=\"imagecaption\">Elster (Pica pica)<\/span><br \/>\n<\/figcaption><\/figure><figure class=\"gallery-item\">\n<div class=\"gallery-icon\">\r\n<a href=\"https:\/\/www.naturfotografen-online.de\/wp\/wp-content\/uploads\/2019\/01\/1900422.jpg\" title=\"Elster (Pica pica)\" rel=\"gallery1\"><img loading=\"lazy\" decoding=\"async\" src=\"https:\/\/www.naturfotografen-online.de\/wp\/wp-content\/uploads\/2019\/01\/1900422-120x120.jpg\" width=\"120\" height=\"120\" alt=\"Elster (Pica pica)\" \/><\/a>\r\n<\/div><figcaption class=\"gallery-caption\" id=\"caption15957\"><span class=\"imagecaption\">Elster (Pica pica)<\/span><br \/>\n<\/figcaption><\/figure><figure class=\"gallery-item\">\n<div class=\"gallery-icon\">\r\n<a href=\"https:\/\/www.naturfotografen-online.de\/wp\/wp-content\/uploads\/2019\/01\/1900417.jpg\" title=\"Elster (Pica pica)\" rel=\"gallery1\"><img loading=\"lazy\" decoding=\"async\" src=\"https:\/\/www.naturfotografen-online.de\/wp\/wp-content\/uploads\/2019\/01\/1900417-120x120.jpg\" width=\"120\" height=\"120\" alt=\"Elster (Pica pica)\" \/><\/a>\r\n<\/div><figcaption class=\"gallery-caption\" id=\"caption15955\"><span class=\"imagecaption\">Elster (Pica pica)<\/span><br \/>\n<\/figcaption><\/figure><figure class=\"gallery-item\">\n<div class=\"gallery-icon\">\r\n<a href=\"https:\/\/www.naturfotografen-online.de\/wp\/wp-content\/uploads\/2019\/01\/1900416.jpg\" title=\"Elster (Pica pica)\" rel=\"gallery1\"><img loading=\"lazy\" decoding=\"async\" src=\"https:\/\/www.naturfotografen-online.de\/wp\/wp-content\/uploads\/2019\/01\/1900416-120x120.jpg\" width=\"120\" height=\"120\" alt=\"Elster (Pica pica)\" \/><\/a>\r\n<\/div><figcaption class=\"gallery-caption\" id=\"caption15954\"><span class=\"imagecaption\">Elster (Pica pica)<\/span><br \/>\n<\/figcaption><\/figure><figure class=\"gallery-item\">\n<div class=\"gallery-icon\">\r\n<a href=\"https:\/\/www.naturfotografen-online.de\/wp\/wp-content\/uploads\/2019\/01\/1900415.jpg\" title=\"Elster (Pica pica)\" rel=\"gallery1\"><img loading=\"lazy\" decoding=\"async\" src=\"https:\/\/www.naturfotografen-online.de\/wp\/wp-content\/uploads\/2019\/01\/1900415-120x120.jpg\" width=\"120\" height=\"120\" alt=\"Elster (Pica pica)\" \/><\/a>\r\n<\/div><figcaption class=\"gallery-caption\" id=\"caption15953\"><span class=\"imagecaption\">Elster (Pica pica)<\/span><br \/>\n<\/figcaption><\/figure><figure class=\"gallery-item\">\n<div class=\"gallery-icon\">\r\n<a href=\"https:\/\/www.naturfotografen-online.de\/wp\/wp-content\/uploads\/2019\/01\/1900414.jpg\" title=\"Elster (Pica pica)\" rel=\"gallery1\"><img loading=\"lazy\" decoding=\"async\" src=\"https:\/\/www.naturfotografen-online.de\/wp\/wp-content\/uploads\/2019\/01\/1900414-120x120.jpg\" width=\"120\" height=\"120\" alt=\"Elster (Pica pica)\" \/><\/a>\r\n<\/div><figcaption class=\"gallery-caption\" id=\"caption15952\"><span class=\"imagecaption\">Elster (Pica pica)<\/span><br \/>\n<\/figcaption><\/figure>\r\n\t\t<\/div>\n\n<p><!--nextpage--><\/p>\n\n\t\t<div id='gallery-2' class='gallery galleryid-15557 gallery-columns-7 gallery-size-thumbnail gallery1'><script type=\"text\/javascript\">\r\n\/\/ <![CDATA[\r\n\tjQuery(document).ready(function () {\r\n\t\tjQuery(\".gallery1 a\").attr(\"rel\",\"gallery1\");\t\r\n\t\tjQuery('a[rel=\"gallery1\"]').colorbox({maxWidth:\"95%\", maxHeight:\"95%\",title: function(){ return jQuery(this).children().attr(\"alt\"); }, });\r\n\t});\r\n\/\/ ]]>\r\n<\/script>\n\r\n\t\t\t<style type=\"text\/css\">\r\n\t\t\t\t#cboxCurrent { display:none !important; }\r\n\t\t\t<\/style>\n<figure class=\"gallery-item\">\n<div class=\"gallery-icon\">\r\n<a href=\"https:\/\/www.naturfotografen-online.de\/wp\/wp-content\/uploads\/2019\/01\/1900413.jpg\" title=\"Turmfalke (Falco tinnunculus) M\u00e4nnchen\" rel=\"gallery1\"><img loading=\"lazy\" decoding=\"async\" src=\"https:\/\/www.naturfotografen-online.de\/wp\/wp-content\/uploads\/2019\/01\/1900413-120x120.jpg\" width=\"120\" height=\"120\" alt=\"Turmfalke (Falco tinnunculus) M\u00e4nnchen\" \/><\/a>\r\n<\/div><figcaption class=\"gallery-caption\" id=\"caption15943\"><span class=\"imagecaption\">Turmfalke (Falco tinnunculus) M\u00e4nnchen<\/span><br \/>\n<\/figcaption><\/figure><figure class=\"gallery-item\">\n<div class=\"gallery-icon\">\r\n<a href=\"https:\/\/www.naturfotografen-online.de\/wp\/wp-content\/uploads\/2019\/01\/1900380.jpg\" title=\"Rotkehlchen (Erithacus rubecula)\" rel=\"gallery1\"><img loading=\"lazy\" decoding=\"async\" src=\"https:\/\/www.naturfotografen-online.de\/wp\/wp-content\/uploads\/2019\/01\/1900380-120x120.jpg\" width=\"120\" height=\"120\" alt=\"Rotkehlchen (Erithacus rubecula)\" \/><\/a>\r\n<\/div><figcaption class=\"gallery-caption\" id=\"caption15925\"><span class=\"imagecaption\">Rotkehlchen (Erithacus rubecula)<\/span><br \/>\n<\/figcaption><\/figure><figure class=\"gallery-item\">\n<div class=\"gallery-icon\">\r\n<a href=\"https:\/\/www.naturfotografen-online.de\/wp\/wp-content\/uploads\/2019\/01\/1900393.jpg\" title=\"Rotkehlchen (Erithacus rubecula)\" rel=\"gallery1\"><img loading=\"lazy\" decoding=\"async\" src=\"https:\/\/www.naturfotografen-online.de\/wp\/wp-content\/uploads\/2019\/01\/1900393-120x120.jpg\" width=\"120\" height=\"120\" alt=\"Rotkehlchen (Erithacus rubecula)\" \/><\/a>\r\n<\/div><figcaption class=\"gallery-caption\" id=\"caption15921\"><span class=\"imagecaption\">Rotkehlchen (Erithacus rubecula)<\/span><br \/>\n<\/figcaption><\/figure><figure class=\"gallery-item\">\n<div class=\"gallery-icon\">\r\n<a href=\"https:\/\/www.naturfotografen-online.de\/wp\/wp-content\/uploads\/2019\/01\/1900389.jpg\" title=\"Rotkehlchen (Erithacus rubecula)\" rel=\"gallery1\"><img loading=\"lazy\" decoding=\"async\" src=\"https:\/\/www.naturfotografen-online.de\/wp\/wp-content\/uploads\/2019\/01\/1900389-120x120.jpg\" width=\"120\" height=\"120\" alt=\"Rotkehlchen (Erithacus rubecula)\" \/><\/a>\r\n<\/div><figcaption class=\"gallery-caption\" id=\"caption15923\"><span class=\"imagecaption\">Rotkehlchen (Erithacus rubecula)<\/span><br \/>\n<\/figcaption><\/figure><figure class=\"gallery-item\">\n<div class=\"gallery-icon\">\r\n<a href=\"https:\/\/www.naturfotografen-online.de\/wp\/wp-content\/uploads\/2019\/01\/1900395.jpg\" title=\"Elster (Pica pica)\" rel=\"gallery1\"><img loading=\"lazy\" decoding=\"async\" src=\"https:\/\/www.naturfotografen-online.de\/wp\/wp-content\/uploads\/2019\/01\/1900395-120x120.jpg\" width=\"120\" height=\"120\" alt=\"Elster (Pica pica)\" \/><\/a>\r\n<\/div><figcaption class=\"gallery-caption\" id=\"caption15919\"><span class=\"imagecaption\">Elster (Pica pica)<\/span><br \/>\n<\/figcaption><\/figure><figure class=\"gallery-item\">\n<div class=\"gallery-icon\">\r\n<a href=\"https:\/\/www.naturfotografen-online.de\/wp\/wp-content\/uploads\/2019\/01\/1900410.jpg\" title=\"Elster (Pica pica)\" rel=\"gallery1\"><img loading=\"lazy\" decoding=\"async\" src=\"https:\/\/www.naturfotografen-online.de\/wp\/wp-content\/uploads\/2019\/01\/1900410-120x120.jpg\" width=\"120\" height=\"120\" alt=\"Elster (Pica pica)\" \/><\/a>\r\n<\/div><figcaption class=\"gallery-caption\" id=\"caption15933\"><span class=\"imagecaption\">Elster (Pica pica)<\/span><br \/>\n<\/figcaption><\/figure><figure class=\"gallery-item\">\n<div class=\"gallery-icon\">\r\n<a href=\"https:\/\/www.naturfotografen-online.de\/wp\/wp-content\/uploads\/2019\/01\/1900376.jpg\" title=\"Elster (Pica pica)\" rel=\"gallery1\"><img loading=\"lazy\" decoding=\"async\" src=\"https:\/\/www.naturfotografen-online.de\/wp\/wp-content\/uploads\/2019\/01\/1900376-120x120.jpg\" width=\"120\" height=\"120\" alt=\"Elster (Pica pica)\" \/><\/a>\r\n<\/div><figcaption class=\"gallery-caption\" id=\"caption15926\"><span class=\"imagecaption\">Elster (Pica pica)<\/span><br \/>\n<\/figcaption><\/figure><figure class=\"gallery-item\">\n<div class=\"gallery-icon\">\r\n<a href=\"https:\/\/www.naturfotografen-online.de\/wp\/wp-content\/uploads\/2019\/01\/1900404.jpg\" title=\"Elstern (Pica pica)\" rel=\"gallery1\"><img loading=\"lazy\" decoding=\"async\" src=\"https:\/\/www.naturfotografen-online.de\/wp\/wp-content\/uploads\/2019\/01\/1900404-120x120.jpg\" width=\"120\" height=\"120\" alt=\"Elstern (Pica pica)\" \/><\/a>\r\n<\/div><figcaption class=\"gallery-caption\" id=\"caption15937\"><span class=\"imagecaption\">Elstern (Pica pica)<\/span><br \/>\n<\/figcaption><\/figure><figure class=\"gallery-item\">\n<div class=\"gallery-icon\">\r\n<a href=\"https:\/\/www.naturfotografen-online.de\/wp\/wp-content\/uploads\/2019\/01\/1900400.jpg\" title=\"Elster (Pica pica)\" rel=\"gallery1\"><img loading=\"lazy\" decoding=\"async\" src=\"https:\/\/www.naturfotografen-online.de\/wp\/wp-content\/uploads\/2019\/01\/1900400-120x120.jpg\" width=\"120\" height=\"120\" alt=\"Elster (Pica pica)\" \/><\/a>\r\n<\/div><figcaption class=\"gallery-caption\" id=\"caption15939\"><span class=\"imagecaption\">Elster (Pica pica)<\/span><br \/>\n<\/figcaption><\/figure><figure class=\"gallery-item\">\n<div class=\"gallery-icon\">\r\n<a href=\"https:\/\/www.naturfotografen-online.de\/wp\/wp-content\/uploads\/2019\/01\/1900397.jpg\" title=\"Rotkehlchen (Erithacus rubecula)\" rel=\"gallery1\"><img loading=\"lazy\" decoding=\"async\" src=\"https:\/\/www.naturfotografen-online.de\/wp\/wp-content\/uploads\/2019\/01\/1900397-120x120.jpg\" width=\"120\" height=\"120\" alt=\"Rotkehlchen (Erithacus rubecula)\" \/><\/a>\r\n<\/div><figcaption class=\"gallery-caption\" id=\"caption15941\"><span class=\"imagecaption\">Rotkehlchen (Erithacus rubecula)<\/span><br \/>\n<\/figcaption><\/figure><figure class=\"gallery-item\">\n<div class=\"gallery-icon\">\r\n<a href=\"https:\/\/www.naturfotografen-online.de\/wp\/wp-content\/uploads\/2019\/01\/1900406.jpg\" title=\"Rotkehlchen (Erithacus rubecula)\" rel=\"gallery1\"><img loading=\"lazy\" decoding=\"async\" src=\"https:\/\/www.naturfotografen-online.de\/wp\/wp-content\/uploads\/2019\/01\/1900406-120x120.jpg\" width=\"120\" height=\"120\" alt=\"Rotkehlchen (Erithacus rubecula)\" \/><\/a>\r\n<\/div><figcaption class=\"gallery-caption\" id=\"caption15947\"><span class=\"imagecaption\">Rotkehlchen (Erithacus rubecula)<\/span><br \/>\n<\/figcaption><\/figure><figure class=\"gallery-item\">\n<div class=\"gallery-icon\">\r\n<a href=\"https:\/\/www.naturfotografen-online.de\/wp\/wp-content\/uploads\/2019\/01\/1900352.jpg\" title=\"Feldsperling (Passer montanus)\" rel=\"gallery1\"><img loading=\"lazy\" decoding=\"async\" src=\"https:\/\/www.naturfotografen-online.de\/wp\/wp-content\/uploads\/2019\/01\/1900352-120x120.jpg\" width=\"120\" height=\"120\" alt=\"Feldsperling (Passer montanus)\" \/><\/a>\r\n<\/div><figcaption class=\"gallery-caption\" id=\"caption15889\"><span class=\"imagecaption\">Feldsperling (Passer montanus)<\/span><br \/>\n<\/figcaption><\/figure><figure class=\"gallery-item\">\n<div class=\"gallery-icon\">\r\n<a href=\"https:\/\/www.naturfotografen-online.de\/wp\/wp-content\/uploads\/2019\/01\/1900356.jpg\" title=\"Feldsperling (Passer montanus)\" rel=\"gallery1\"><img loading=\"lazy\" decoding=\"async\" src=\"https:\/\/www.naturfotografen-online.de\/wp\/wp-content\/uploads\/2019\/01\/1900356-120x120.jpg\" width=\"120\" height=\"120\" alt=\"Feldsperling (Passer montanus)\" \/><\/a>\r\n<\/div><figcaption class=\"gallery-caption\" id=\"caption15890\"><span class=\"imagecaption\">Feldsperling (Passer montanus)<\/span><br \/>\n<\/figcaption><\/figure><figure class=\"gallery-item\">\n<div class=\"gallery-icon\">\r\n<a href=\"https:\/\/www.naturfotografen-online.de\/wp\/wp-content\/uploads\/2019\/01\/1900351.jpg\" title=\"Feldsperlinge (Passer montanus)\" rel=\"gallery1\"><img loading=\"lazy\" decoding=\"async\" src=\"https:\/\/www.naturfotografen-online.de\/wp\/wp-content\/uploads\/2019\/01\/1900351-120x120.jpg\" width=\"120\" height=\"120\" alt=\"Feldsperlinge (Passer montanus)\" \/><\/a>\r\n<\/div><figcaption class=\"gallery-caption\" id=\"caption15891\"><span class=\"imagecaption\">Feldsperlinge (Passer montanus)<\/span><br \/>\n<\/figcaption><\/figure><figure class=\"gallery-item\">\n<div class=\"gallery-icon\">\r\n<a href=\"https:\/\/www.naturfotografen-online.de\/wp\/wp-content\/uploads\/2019\/01\/1900350.jpg\" title=\"Feldsperlinge (Passer montanus)\" rel=\"gallery1\"><img loading=\"lazy\" decoding=\"async\" src=\"https:\/\/www.naturfotografen-online.de\/wp\/wp-content\/uploads\/2019\/01\/1900350-120x120.jpg\" width=\"120\" height=\"120\" alt=\"Feldsperlinge (Passer montanus)\" \/><\/a>\r\n<\/div><figcaption class=\"gallery-caption\" id=\"caption15892\"><span class=\"imagecaption\">Feldsperlinge (Passer montanus)<\/span><br \/>\n<\/figcaption><\/figure><figure class=\"gallery-item\">\n<div class=\"gallery-icon\">\r\n<a href=\"https:\/\/www.naturfotografen-online.de\/wp\/wp-content\/uploads\/2019\/01\/1900347.jpg\" title=\"Gr\u00fcnfink (Carduelis chloris) M\u00e4nnchen\" rel=\"gallery1\"><img loading=\"lazy\" decoding=\"async\" src=\"https:\/\/www.naturfotografen-online.de\/wp\/wp-content\/uploads\/2019\/01\/1900347-120x120.jpg\" width=\"120\" height=\"120\" alt=\"Gr\u00fcnfink (Carduelis chloris) M\u00e4nnchen\" \/><\/a>\r\n<\/div><figcaption class=\"gallery-caption\" id=\"caption15895\"><span class=\"imagecaption\">Gr\u00fcnfink (Carduelis chloris) M\u00e4nnchen<\/span><br \/>\n<\/figcaption><\/figure><figure class=\"gallery-item\">\n<div class=\"gallery-icon\">\r\n<a href=\"https:\/\/www.naturfotografen-online.de\/wp\/wp-content\/uploads\/2019\/01\/1900336.jpg\" title=\"Gr\u00fcnfink (Carduelis chloris) M\u00e4nnchen\" rel=\"gallery1\"><img loading=\"lazy\" decoding=\"async\" src=\"https:\/\/www.naturfotografen-online.de\/wp\/wp-content\/uploads\/2019\/01\/1900336-120x120.jpg\" width=\"120\" height=\"120\" alt=\"Gr\u00fcnfink (Carduelis chloris) M\u00e4nnchen\" \/><\/a>\r\n<\/div><figcaption class=\"gallery-caption\" id=\"caption15903\"><span class=\"imagecaption\">Gr\u00fcnfink (Carduelis chloris) M\u00e4nnchen<\/span><br \/>\n<\/figcaption><\/figure><figure class=\"gallery-item\">\n<div class=\"gallery-icon\">\r\n<a href=\"https:\/\/www.naturfotografen-online.de\/wp\/wp-content\/uploads\/2019\/01\/1900335.jpg\" title=\"Gr\u00fcnfink (Carduelis chloris) M\u00e4nnchen\" rel=\"gallery1\"><img loading=\"lazy\" decoding=\"async\" src=\"https:\/\/www.naturfotografen-online.de\/wp\/wp-content\/uploads\/2019\/01\/1900335-120x120.jpg\" width=\"120\" height=\"120\" alt=\"Gr\u00fcnfink (Carduelis chloris) M\u00e4nnchen\" \/><\/a>\r\n<\/div><figcaption class=\"gallery-caption\" id=\"caption15905\"><span class=\"imagecaption\">Gr\u00fcnfink (Carduelis chloris) M\u00e4nnchen<\/span><br \/>\n<\/figcaption><\/figure><figure class=\"gallery-item\">\n<div class=\"gallery-icon\">\r\n<a href=\"https:\/\/www.naturfotografen-online.de\/wp\/wp-content\/uploads\/2019\/01\/1900349.jpg\" title=\"Buntspecht (Dendrocopos major) M\u00e4nnchen\" rel=\"gallery1\"><img loading=\"lazy\" decoding=\"async\" src=\"https:\/\/www.naturfotografen-online.de\/wp\/wp-content\/uploads\/2019\/01\/1900349-120x120.jpg\" width=\"120\" height=\"120\" alt=\"Buntspecht (Dendrocopos major) M\u00e4nnchen\" \/><\/a>\r\n<\/div><figcaption class=\"gallery-caption\" id=\"caption15893\"><span class=\"imagecaption\">Buntspecht (Dendrocopos major) M\u00e4nnchen<\/span><br \/>\n<\/figcaption><\/figure><figure class=\"gallery-item\">\n<div class=\"gallery-icon\">\r\n<a href=\"https:\/\/www.naturfotografen-online.de\/wp\/wp-content\/uploads\/2019\/01\/1900348.jpg\" title=\"Rotkehlchen (Erithacus rubecula)\" rel=\"gallery1\"><img loading=\"lazy\" decoding=\"async\" src=\"https:\/\/www.naturfotografen-online.de\/wp\/wp-content\/uploads\/2019\/01\/1900348-120x120.jpg\" width=\"120\" height=\"120\" alt=\"Rotkehlchen (Erithacus rubecula)\" \/><\/a>\r\n<\/div><figcaption class=\"gallery-caption\" id=\"caption15894\"><span class=\"imagecaption\">Rotkehlchen (Erithacus rubecula)<\/span><br \/>\n<\/figcaption><\/figure><figure class=\"gallery-item\">\n<div class=\"gallery-icon\">\r\n<a href=\"https:\/\/www.naturfotografen-online.de\/wp\/wp-content\/uploads\/2019\/01\/1900337.jpg\" title=\"Rotkehlchen (Erithacus rubecula)\" rel=\"gallery1\"><img loading=\"lazy\" decoding=\"async\" src=\"https:\/\/www.naturfotografen-online.de\/wp\/wp-content\/uploads\/2019\/01\/1900337-120x120.jpg\" width=\"120\" height=\"120\" alt=\"Rotkehlchen (Erithacus rubecula)\" \/><\/a>\r\n<\/div><figcaption class=\"gallery-caption\" id=\"caption15902\"><span class=\"imagecaption\">Rotkehlchen (Erithacus rubecula)<\/span><br \/>\n<\/figcaption><\/figure><figure class=\"gallery-item\">\n<div class=\"gallery-icon\">\r\n<a href=\"https:\/\/www.naturfotografen-online.de\/wp\/wp-content\/uploads\/2019\/01\/1900333.jpg\" title=\"Rotkehlchen (Erithacus rubecula)\" rel=\"gallery1\"><img loading=\"lazy\" decoding=\"async\" src=\"https:\/\/www.naturfotografen-online.de\/wp\/wp-content\/uploads\/2019\/01\/1900333-120x120.jpg\" width=\"120\" height=\"120\" alt=\"Rotkehlchen (Erithacus rubecula)\" \/><\/a>\r\n<\/div><figcaption class=\"gallery-caption\" id=\"caption15904\"><span class=\"imagecaption\">Rotkehlchen (Erithacus rubecula)<\/span><br \/>\n<\/figcaption><\/figure><figure class=\"gallery-item\">\n<div class=\"gallery-icon\">\r\n<a href=\"https:\/\/www.naturfotografen-online.de\/wp\/wp-content\/uploads\/2019\/01\/1900340.jpg\" title=\"Blaumeise (Cyanistes caeruleus)\" rel=\"gallery1\"><img loading=\"lazy\" decoding=\"async\" src=\"https:\/\/www.naturfotografen-online.de\/wp\/wp-content\/uploads\/2019\/01\/1900340-120x120.jpg\" width=\"120\" height=\"120\" alt=\"Blaumeise (Cyanistes caeruleus)\" \/><\/a>\r\n<\/div><figcaption class=\"gallery-caption\" id=\"caption15900\"><span class=\"imagecaption\">Blaumeise (Cyanistes caeruleus)<\/span><br \/>\n<\/figcaption><\/figure><figure class=\"gallery-item\">\n<div class=\"gallery-icon\">\r\n<a href=\"https:\/\/www.naturfotografen-online.de\/wp\/wp-content\/uploads\/2019\/01\/1900344.jpg\" title=\"Blaumeise (Cyanistes caeruleus)\" rel=\"gallery1\"><img loading=\"lazy\" decoding=\"async\" src=\"https:\/\/www.naturfotografen-online.de\/wp\/wp-content\/uploads\/2019\/01\/1900344-120x120.jpg\" width=\"120\" height=\"120\" alt=\"Blaumeise (Cyanistes caeruleus)\" \/><\/a>\r\n<\/div><figcaption class=\"gallery-caption\" id=\"caption15896\"><span class=\"imagecaption\">Blaumeise (Cyanistes caeruleus)<\/span><br \/>\n<\/figcaption><\/figure><figure class=\"gallery-item\">\n<div class=\"gallery-icon\">\r\n<a href=\"https:\/\/www.naturfotografen-online.de\/wp\/wp-content\/uploads\/2019\/01\/1900343.jpg\" title=\"Blaumeise (Cyanistes caeruleus)\" rel=\"gallery1\"><img loading=\"lazy\" decoding=\"async\" src=\"https:\/\/www.naturfotografen-online.de\/wp\/wp-content\/uploads\/2019\/01\/1900343-120x120.jpg\" width=\"120\" height=\"120\" alt=\"Blaumeise (Cyanistes caeruleus)\" \/><\/a>\r\n<\/div><figcaption class=\"gallery-caption\" id=\"caption15897\"><span class=\"imagecaption\">Blaumeise (Cyanistes caeruleus)<\/span><br \/>\n<\/figcaption><\/figure><figure class=\"gallery-item\">\n<div class=\"gallery-icon\">\r\n<a href=\"https:\/\/www.naturfotografen-online.de\/wp\/wp-content\/uploads\/2019\/01\/1900342.jpg\" title=\"Blaumeise (Cyanistes caeruleus)\" rel=\"gallery1\"><img loading=\"lazy\" decoding=\"async\" src=\"https:\/\/www.naturfotografen-online.de\/wp\/wp-content\/uploads\/2019\/01\/1900342-120x120.jpg\" width=\"120\" height=\"120\" alt=\"Blaumeise (Cyanistes caeruleus)\" \/><\/a>\r\n<\/div><figcaption class=\"gallery-caption\" id=\"caption15898\"><span class=\"imagecaption\">Blaumeise (Cyanistes caeruleus)<\/span><br \/>\n<\/figcaption><\/figure><figure class=\"gallery-item\">\n<div class=\"gallery-icon\">\r\n<a href=\"https:\/\/www.naturfotografen-online.de\/wp\/wp-content\/uploads\/2019\/01\/1900338.jpg\" title=\"Blaumeise (Cyanistes caeruleus)\" rel=\"gallery1\"><img loading=\"lazy\" decoding=\"async\" src=\"https:\/\/www.naturfotografen-online.de\/wp\/wp-content\/uploads\/2019\/01\/1900338-120x120.jpg\" width=\"120\" height=\"120\" alt=\"Blaumeise (Cyanistes caeruleus)\" \/><\/a>\r\n<\/div><figcaption class=\"gallery-caption\" id=\"caption15901\"><span class=\"imagecaption\">Blaumeise (Cyanistes caeruleus)<\/span><br \/>\n<\/figcaption><\/figure><figure class=\"gallery-item\">\n<div class=\"gallery-icon\">\r\n<a href=\"https:\/\/www.naturfotografen-online.de\/wp\/wp-content\/uploads\/2019\/01\/1900341.jpg\" title=\"Kohlmeise (parus major)\" rel=\"gallery1\"><img loading=\"lazy\" decoding=\"async\" src=\"https:\/\/www.naturfotografen-online.de\/wp\/wp-content\/uploads\/2019\/01\/1900341-120x120.jpg\" width=\"120\" height=\"120\" alt=\"Kohlmeise (parus major)\" \/><\/a>\r\n<\/div><figcaption class=\"gallery-caption\" id=\"caption15899\"><span class=\"imagecaption\">Kohlmeise (parus major)<\/span><br \/>\n<\/figcaption><\/figure>\r\n\t\t<\/div>\n\n<p><!--nextpage--><\/p>\n\n\t\t<div id='gallery-3' class='gallery galleryid-15557 gallery-columns-7 gallery-size-thumbnail gallery1'><script type=\"text\/javascript\">\r\n\/\/ <![CDATA[\r\n\tjQuery(document).ready(function () {\r\n\t\tjQuery(\".gallery1 a\").attr(\"rel\",\"gallery1\");\t\r\n\t\tjQuery('a[rel=\"gallery1\"]').colorbox({maxWidth:\"95%\", maxHeight:\"95%\",title: function(){ return jQuery(this).children().attr(\"alt\"); }, });\r\n\t});\r\n\/\/ ]]>\r\n<\/script>\n\r\n\t\t\t<style type=\"text\/css\">\r\n\t\t\t\t#cboxCurrent { display:none !important; }\r\n\t\t\t<\/style>\n<figure class=\"gallery-item\">\n<div class=\"gallery-icon\">\r\n<a href=\"https:\/\/www.naturfotografen-online.de\/wp\/wp-content\/uploads\/2019\/01\/1900326.jpg\" title=\"Eichelh\u00e4her (Garrulus glandarius)\" rel=\"gallery1\"><img loading=\"lazy\" decoding=\"async\" src=\"https:\/\/www.naturfotografen-online.de\/wp\/wp-content\/uploads\/2019\/01\/1900326-120x120.jpg\" width=\"120\" height=\"120\" alt=\"Eichelh\u00e4her (Garrulus glandarius)\" \/><\/a>\r\n<\/div><figcaption class=\"gallery-caption\" id=\"caption15832\"><span class=\"imagecaption\">Eichelh\u00e4her (Garrulus glandarius)<\/span><br \/>\n<\/figcaption><\/figure><figure class=\"gallery-item\">\n<div class=\"gallery-icon\">\r\n<a href=\"https:\/\/www.naturfotografen-online.de\/wp\/wp-content\/uploads\/2019\/01\/1900310.jpg\" title=\"Kohlmeise (parus major)\" rel=\"gallery1\"><img loading=\"lazy\" decoding=\"async\" src=\"https:\/\/www.naturfotografen-online.de\/wp\/wp-content\/uploads\/2019\/01\/1900310-120x120.jpg\" width=\"120\" height=\"120\" alt=\"Kohlmeise (parus major)\" \/><\/a>\r\n<\/div><figcaption class=\"gallery-caption\" id=\"caption15827\"><span class=\"imagecaption\">Kohlmeise (parus major)<\/span><br \/>\n<\/figcaption><\/figure><figure class=\"gallery-item\">\n<div class=\"gallery-icon\">\r\n<a href=\"https:\/\/www.naturfotografen-online.de\/wp\/wp-content\/uploads\/2019\/01\/1900309.jpg\" title=\"Gartenbauml\u00e4ufer (Certhia brachydactyla)\" rel=\"gallery1\"><img loading=\"lazy\" decoding=\"async\" src=\"https:\/\/www.naturfotografen-online.de\/wp\/wp-content\/uploads\/2019\/01\/1900309-120x120.jpg\" width=\"120\" height=\"120\" alt=\"Gartenbauml\u00e4ufer (Certhia brachydactyla)\" \/><\/a>\r\n<\/div><figcaption class=\"gallery-caption\" id=\"caption15826\"><span class=\"imagecaption\">Gartenbauml\u00e4ufer (Certhia brachydactyla)<\/span><br \/>\n<\/figcaption><\/figure><figure class=\"gallery-item\">\n<div class=\"gallery-icon\">\r\n<a href=\"https:\/\/www.naturfotografen-online.de\/wp\/wp-content\/uploads\/2019\/01\/1900308.jpg\" title=\"Gartenbauml\u00e4ufer (Certhia brachydactyla)\" rel=\"gallery1\"><img loading=\"lazy\" decoding=\"async\" src=\"https:\/\/www.naturfotografen-online.de\/wp\/wp-content\/uploads\/2019\/01\/1900308-120x120.jpg\" width=\"120\" height=\"120\" alt=\"Gartenbauml\u00e4ufer (Certhia brachydactyla)\" \/><\/a>\r\n<\/div><figcaption class=\"gallery-caption\" id=\"caption15825\"><span class=\"imagecaption\">Gartenbauml\u00e4ufer (Certhia brachydactyla)<\/span><br \/>\n<\/figcaption><\/figure><figure class=\"gallery-item\">\n<div class=\"gallery-icon\">\r\n<a href=\"https:\/\/www.naturfotografen-online.de\/wp\/wp-content\/uploads\/2019\/01\/1900287.jpg\" title=\"Bergfink (Fringilla montifringilla) Weibchen\" rel=\"gallery1\"><img loading=\"lazy\" decoding=\"async\" src=\"https:\/\/www.naturfotografen-online.de\/wp\/wp-content\/uploads\/2019\/01\/1900287-120x120.jpg\" width=\"120\" height=\"120\" alt=\"Bergfink (Fringilla montifringilla) Weibchen\" \/><\/a>\r\n<\/div><figcaption class=\"gallery-caption\" id=\"caption15814\"><span class=\"imagecaption\">Bergfink (Fringilla montifringilla) Weibchen<\/span><br \/>\n<\/figcaption><\/figure><figure class=\"gallery-item\">\n<div class=\"gallery-icon\">\r\n<a href=\"https:\/\/www.naturfotografen-online.de\/wp\/wp-content\/uploads\/2019\/01\/1900290.jpg\" title=\"Bergfink (Fringilla montifringilla) Weibchen\" rel=\"gallery1\"><img loading=\"lazy\" decoding=\"async\" src=\"https:\/\/www.naturfotografen-online.de\/wp\/wp-content\/uploads\/2019\/01\/1900290-120x120.jpg\" width=\"120\" height=\"120\" alt=\"Bergfink (Fringilla montifringilla) Weibchen\" \/><\/a>\r\n<\/div><figcaption class=\"gallery-caption\" id=\"caption15815\"><span class=\"imagecaption\">Bergfink (Fringilla montifringilla) Weibchen<\/span><br \/>\n<\/figcaption><\/figure><figure class=\"gallery-item\">\n<div class=\"gallery-icon\">\r\n<a href=\"https:\/\/www.naturfotografen-online.de\/wp\/wp-content\/uploads\/2019\/01\/1900302.jpg\" title=\"Rotkehlchen (Erithacus rubecula)\" rel=\"gallery1\"><img loading=\"lazy\" decoding=\"async\" src=\"https:\/\/www.naturfotografen-online.de\/wp\/wp-content\/uploads\/2019\/01\/1900302-120x120.jpg\" width=\"120\" height=\"120\" alt=\"Rotkehlchen (Erithacus rubecula)\" \/><\/a>\r\n<\/div><figcaption class=\"gallery-caption\" id=\"caption15821\"><span class=\"imagecaption\">Rotkehlchen (Erithacus rubecula)<\/span><br \/>\n<\/figcaption><\/figure><figure class=\"gallery-item\">\n<div class=\"gallery-icon\">\r\n<a href=\"https:\/\/www.naturfotografen-online.de\/wp\/wp-content\/uploads\/2019\/01\/1900291.jpg\" title=\"Buntspecht (Dendrocopos major) Weibchen\" rel=\"gallery1\"><img loading=\"lazy\" decoding=\"async\" src=\"https:\/\/www.naturfotografen-online.de\/wp\/wp-content\/uploads\/2019\/01\/1900291-120x120.jpg\" width=\"120\" height=\"120\" alt=\"Buntspecht (Dendrocopos major) Weibchen\" \/><\/a>\r\n<\/div><figcaption class=\"gallery-caption\" id=\"caption15816\"><span class=\"imagecaption\">Buntspecht (Dendrocopos major) Weibchen<\/span><br \/>\n<\/figcaption><\/figure><figure class=\"gallery-item\">\n<div class=\"gallery-icon\">\r\n<a href=\"https:\/\/www.naturfotografen-online.de\/wp\/wp-content\/uploads\/2019\/01\/1900331.jpg\" title=\"Buntspecht (Dendrocopos major) M\u00e4nnchen\" rel=\"gallery1\"><img loading=\"lazy\" decoding=\"async\" src=\"https:\/\/www.naturfotografen-online.de\/wp\/wp-content\/uploads\/2019\/01\/1900331-120x120.jpg\" width=\"120\" height=\"120\" alt=\"Buntspecht (Dendrocopos major) M\u00e4nnchen\" \/><\/a>\r\n<\/div><figcaption class=\"gallery-caption\" id=\"caption15834\"><span class=\"imagecaption\">Buntspecht (Dendrocopos major) M\u00e4nnchen<\/span><br \/>\n<\/figcaption><\/figure><figure class=\"gallery-item\">\n<div class=\"gallery-icon\">\r\n<a href=\"https:\/\/www.naturfotografen-online.de\/wp\/wp-content\/uploads\/2019\/01\/1900303.jpg\" title=\"Buntspecht (Dendrocopos major) M\u00e4nnchen\" rel=\"gallery1\"><img loading=\"lazy\" decoding=\"async\" src=\"https:\/\/www.naturfotografen-online.de\/wp\/wp-content\/uploads\/2019\/01\/1900303-120x120.jpg\" width=\"120\" height=\"120\" alt=\"Buntspecht (Dendrocopos major) M\u00e4nnchen\" \/><\/a>\r\n<\/div><figcaption class=\"gallery-caption\" id=\"caption15822\"><span class=\"imagecaption\">Buntspecht (Dendrocopos major) M\u00e4nnchen<\/span><br \/>\n<\/figcaption><\/figure><figure class=\"gallery-item\">\n<div class=\"gallery-icon\">\r\n<a href=\"https:\/\/www.naturfotografen-online.de\/wp\/wp-content\/uploads\/2019\/01\/1900293.jpg\" title=\"Buntspecht (Dendrocopos major) Weibchen\" rel=\"gallery1\"><img loading=\"lazy\" decoding=\"async\" src=\"https:\/\/www.naturfotografen-online.de\/wp\/wp-content\/uploads\/2019\/01\/1900293-120x120.jpg\" width=\"120\" height=\"120\" alt=\"Buntspecht (Dendrocopos major) Weibchen\" \/><\/a>\r\n<\/div><figcaption class=\"gallery-caption\" id=\"caption15817\"><span class=\"imagecaption\">Buntspecht (Dendrocopos major) Weibchen<\/span><br \/>\n<\/figcaption><\/figure><figure class=\"gallery-item\">\n<div class=\"gallery-icon\">\r\n<a href=\"https:\/\/www.naturfotografen-online.de\/wp\/wp-content\/uploads\/2019\/01\/1900327.jpg\" title=\"Buntspecht (Dendrocopos major) M\u00e4nnchen\" rel=\"gallery1\"><img loading=\"lazy\" decoding=\"async\" src=\"https:\/\/www.naturfotografen-online.de\/wp\/wp-content\/uploads\/2019\/01\/1900327-120x120.jpg\" width=\"120\" height=\"120\" alt=\"Buntspecht (Dendrocopos major) M\u00e4nnchen\" \/><\/a>\r\n<\/div><figcaption class=\"gallery-caption\" id=\"caption15833\"><span class=\"imagecaption\">Buntspecht (Dendrocopos major) M\u00e4nnchen<\/span><br \/>\n<\/figcaption><\/figure><figure class=\"gallery-item\">\n<div class=\"gallery-icon\">\r\n<a href=\"https:\/\/www.naturfotografen-online.de\/wp\/wp-content\/uploads\/2019\/01\/1900324.jpg\" title=\"Buntspecht (Dendrocopos major) M\u00e4nnchen\" rel=\"gallery1\"><img loading=\"lazy\" decoding=\"async\" src=\"https:\/\/www.naturfotografen-online.de\/wp\/wp-content\/uploads\/2019\/01\/1900324-120x120.jpg\" width=\"120\" height=\"120\" alt=\"Buntspecht (Dendrocopos major) M\u00e4nnchen\" \/><\/a>\r\n<\/div><figcaption class=\"gallery-caption\" id=\"caption15831\"><span class=\"imagecaption\">Buntspecht (Dendrocopos major) M\u00e4nnchen<\/span><br \/>\n<\/figcaption><\/figure><figure class=\"gallery-item\">\n<div class=\"gallery-icon\">\r\n<a href=\"https:\/\/www.naturfotografen-online.de\/wp\/wp-content\/uploads\/2019\/01\/1900323.jpg\" title=\"Buntspecht (Dendrocopos major) M\u00e4nnchen\" rel=\"gallery1\"><img loading=\"lazy\" decoding=\"async\" src=\"https:\/\/www.naturfotografen-online.de\/wp\/wp-content\/uploads\/2019\/01\/1900323-120x120.jpg\" width=\"120\" height=\"120\" alt=\"Buntspecht (Dendrocopos major) M\u00e4nnchen\" \/><\/a>\r\n<\/div><figcaption class=\"gallery-caption\" id=\"caption15830\"><span class=\"imagecaption\">Buntspecht (Dendrocopos major) M\u00e4nnchen<\/span><br \/>\n<\/figcaption><\/figure><figure class=\"gallery-item\">\n<div class=\"gallery-icon\">\r\n<a href=\"https:\/\/www.naturfotografen-online.de\/wp\/wp-content\/uploads\/2019\/01\/1900315.jpg\" title=\"Buntspecht (Dendrocopos major) M\u00e4nnchen\" rel=\"gallery1\"><img loading=\"lazy\" decoding=\"async\" src=\"https:\/\/www.naturfotografen-online.de\/wp\/wp-content\/uploads\/2019\/01\/1900315-120x120.jpg\" width=\"120\" height=\"120\" alt=\"Buntspecht (Dendrocopos major) M\u00e4nnchen\" \/><\/a>\r\n<\/div><figcaption class=\"gallery-caption\" id=\"caption15829\"><span class=\"imagecaption\">Buntspecht (Dendrocopos major) M\u00e4nnchen<\/span><br \/>\n<\/figcaption><\/figure><figure class=\"gallery-item\">\n<div class=\"gallery-icon\">\r\n<a href=\"https:\/\/www.naturfotografen-online.de\/wp\/wp-content\/uploads\/2019\/01\/1900306.jpg\" title=\"Mittelspecht (Leiopicus medius)\" rel=\"gallery1\"><img loading=\"lazy\" decoding=\"async\" src=\"https:\/\/www.naturfotografen-online.de\/wp\/wp-content\/uploads\/2019\/01\/1900306-120x120.jpg\" width=\"120\" height=\"120\" alt=\"Mittelspecht (Leiopicus medius)\" \/><\/a>\r\n<\/div><figcaption class=\"gallery-caption\" id=\"caption15824\"><span class=\"imagecaption\">Mittelspecht (Leiopicus medius)<\/span><br \/>\n<\/figcaption><\/figure><figure class=\"gallery-item\">\n<div class=\"gallery-icon\">\r\n<a href=\"https:\/\/www.naturfotografen-online.de\/wp\/wp-content\/uploads\/2019\/01\/1900305.jpg\" title=\"Mittelspecht (Leiopicus medius)\" rel=\"gallery1\"><img loading=\"lazy\" decoding=\"async\" src=\"https:\/\/www.naturfotografen-online.de\/wp\/wp-content\/uploads\/2019\/01\/1900305-120x120.jpg\" width=\"120\" height=\"120\" alt=\"Mittelspecht (Leiopicus medius)\" \/><\/a>\r\n<\/div><figcaption class=\"gallery-caption\" id=\"caption15823\"><span class=\"imagecaption\">Mittelspecht (Leiopicus medius)<\/span><br \/>\n<\/figcaption><\/figure><figure class=\"gallery-item\">\n<div class=\"gallery-icon\">\r\n<a href=\"https:\/\/www.naturfotografen-online.de\/wp\/wp-content\/uploads\/2019\/01\/1900313.jpg\" title=\"Mittelspecht (Leiopicus medius)\" rel=\"gallery1\"><img loading=\"lazy\" decoding=\"async\" src=\"https:\/\/www.naturfotografen-online.de\/wp\/wp-content\/uploads\/2019\/01\/1900313-120x120.jpg\" width=\"120\" height=\"120\" alt=\"Mittelspecht (Leiopicus medius)\" \/><\/a>\r\n<\/div><figcaption class=\"gallery-caption\" id=\"caption15828\"><span class=\"imagecaption\">Mittelspecht (Leiopicus medius)<\/span><br \/>\n<\/figcaption><\/figure><figure class=\"gallery-item\">\n<div class=\"gallery-icon\">\r\n<a href=\"https:\/\/www.naturfotografen-online.de\/wp\/wp-content\/uploads\/2019\/01\/1900300.jpg\" title=\"Mittelspecht (Leiopicus medius)\" rel=\"gallery1\"><img loading=\"lazy\" decoding=\"async\" src=\"https:\/\/www.naturfotografen-online.de\/wp\/wp-content\/uploads\/2019\/01\/1900300-120x120.jpg\" width=\"120\" height=\"120\" alt=\"Mittelspecht (Leiopicus medius)\" \/><\/a>\r\n<\/div><figcaption class=\"gallery-caption\" id=\"caption15820\"><span class=\"imagecaption\">Mittelspecht (Leiopicus medius)<\/span><br \/>\n<\/figcaption><\/figure><figure class=\"gallery-item\">\n<div class=\"gallery-icon\">\r\n<a href=\"https:\/\/www.naturfotografen-online.de\/wp\/wp-content\/uploads\/2019\/01\/1900295.jpg\" title=\"Mittelspecht (Leiopicus medius)\" rel=\"gallery1\"><img loading=\"lazy\" decoding=\"async\" src=\"https:\/\/www.naturfotografen-online.de\/wp\/wp-content\/uploads\/2019\/01\/1900295-120x120.jpg\" width=\"120\" height=\"120\" alt=\"Mittelspecht (Leiopicus medius)\" \/><\/a>\r\n<\/div><figcaption class=\"gallery-caption\" id=\"caption15819\"><span class=\"imagecaption\">Mittelspecht (Leiopicus medius)<\/span><br \/>\n<\/figcaption><\/figure><figure class=\"gallery-item\">\n<div class=\"gallery-icon\">\r\n<a href=\"https:\/\/www.naturfotografen-online.de\/wp\/wp-content\/uploads\/2019\/01\/1900294.jpg\" title=\"Mittelspecht (Leiopicus medius)\" rel=\"gallery1\"><img loading=\"lazy\" decoding=\"async\" src=\"https:\/\/www.naturfotografen-online.de\/wp\/wp-content\/uploads\/2019\/01\/1900294-120x120.jpg\" width=\"120\" height=\"120\" alt=\"Mittelspecht (Leiopicus medius)\" \/><\/a>\r\n<\/div><figcaption class=\"gallery-caption\" id=\"caption15818\"><span class=\"imagecaption\">Mittelspecht (Leiopicus medius)<\/span><br \/>\n<\/figcaption><\/figure><figure class=\"gallery-item\">\n<div class=\"gallery-icon\">\r\n<a href=\"https:\/\/www.naturfotografen-online.de\/wp\/wp-content\/uploads\/2019\/01\/1900227.jpg\" title=\"Zeisig (Carduelis spinus) M\u00e4nnchen\" rel=\"gallery1\"><img loading=\"lazy\" decoding=\"async\" src=\"https:\/\/www.naturfotografen-online.de\/wp\/wp-content\/uploads\/2019\/01\/1900227-120x120.jpg\" width=\"120\" height=\"120\" alt=\"Zeisig (Carduelis spinus) M\u00e4nnchen\" \/><\/a>\r\n<\/div><figcaption class=\"gallery-caption\" id=\"caption15772\"><span class=\"imagecaption\">Zeisig (Carduelis spinus) M\u00e4nnchen<\/span><br \/>\n<\/figcaption><\/figure><figure class=\"gallery-item\">\n<div class=\"gallery-icon\">\r\n<a href=\"https:\/\/www.naturfotografen-online.de\/wp\/wp-content\/uploads\/2019\/01\/1900216.jpg\" title=\"Blaumeise (Parus caeruleus) badend\" rel=\"gallery1\"><img loading=\"lazy\" decoding=\"async\" src=\"https:\/\/www.naturfotografen-online.de\/wp\/wp-content\/uploads\/2019\/01\/1900216-120x120.jpg\" width=\"120\" height=\"120\" alt=\"Blaumeise (Parus caeruleus) badend\" \/><\/a>\r\n<\/div><figcaption class=\"gallery-caption\" id=\"caption15765\"><span class=\"imagecaption\">Blaumeise (Parus caeruleus) badend<\/span><br \/>\n<\/figcaption><\/figure><figure class=\"gallery-item\">\n<div class=\"gallery-icon\">\r\n<a href=\"https:\/\/www.naturfotografen-online.de\/wp\/wp-content\/uploads\/2019\/01\/1900220.jpg\" title=\"Kohlmeise (parus major) am Vogelbad\" rel=\"gallery1\"><img loading=\"lazy\" decoding=\"async\" src=\"https:\/\/www.naturfotografen-online.de\/wp\/wp-content\/uploads\/2019\/01\/1900220-120x120.jpg\" width=\"120\" height=\"120\" alt=\"Kohlmeise (parus major) am Vogelbad\" \/><\/a>\r\n<\/div><figcaption class=\"gallery-caption\" id=\"caption15768\"><span class=\"imagecaption\">Kohlmeise (parus major) am Vogelbad<\/span><br \/>\n<\/figcaption><\/figure><figure class=\"gallery-item\">\n<div class=\"gallery-icon\">\r\n<a href=\"https:\/\/www.naturfotografen-online.de\/wp\/wp-content\/uploads\/2019\/01\/1900188.jpg\" title=\"Zeisig (Carduelis spinus) M\u00e4nnchen\" rel=\"gallery1\"><img loading=\"lazy\" decoding=\"async\" src=\"https:\/\/www.naturfotografen-online.de\/wp\/wp-content\/uploads\/2019\/01\/1900188-120x120.jpg\" width=\"120\" height=\"120\" alt=\"Zeisig (Carduelis spinus) M\u00e4nnchen\" \/><\/a>\r\n<\/div><figcaption class=\"gallery-caption\" id=\"caption15748\"><span class=\"imagecaption\">Zeisig (Carduelis spinus) M\u00e4nnchen<\/span><br \/>\n<\/figcaption><\/figure><figure class=\"gallery-item\">\n<div class=\"gallery-icon\">\r\n<a href=\"https:\/\/www.naturfotografen-online.de\/wp\/wp-content\/uploads\/2019\/01\/1900194.jpg\" title=\"Zeisig (Carduelis spinus) Weibchen\" rel=\"gallery1\"><img loading=\"lazy\" decoding=\"async\" src=\"https:\/\/www.naturfotografen-online.de\/wp\/wp-content\/uploads\/2019\/01\/1900194-120x120.jpg\" width=\"120\" height=\"120\" alt=\"Zeisig (Carduelis spinus) Weibchen\" \/><\/a>\r\n<\/div><figcaption class=\"gallery-caption\" id=\"caption15752\"><span class=\"imagecaption\">Zeisig (Carduelis spinus) Weibchen<\/span><br \/>\n<\/figcaption><\/figure><figure class=\"gallery-item\">\n<div class=\"gallery-icon\">\r\n<a href=\"https:\/\/www.naturfotografen-online.de\/wp\/wp-content\/uploads\/2019\/01\/1900170.jpg\" title=\"Zeisig (Carduelis spinus) Weibchen und Blaumeise\" rel=\"gallery1\"><img loading=\"lazy\" decoding=\"async\" src=\"https:\/\/www.naturfotografen-online.de\/wp\/wp-content\/uploads\/2019\/01\/1900170-120x120.jpg\" width=\"120\" height=\"120\" alt=\"Zeisig (Carduelis spinus) Weibchen und Blaumeise\" \/><\/a>\r\n<\/div><figcaption class=\"gallery-caption\" id=\"caption15740\"><span class=\"imagecaption\">Zeisig (Carduelis spinus) Weibchen und Blaumeise<\/span><br \/>\n<\/figcaption><\/figure><figure class=\"gallery-item\">\n<div class=\"gallery-icon\">\r\n<a href=\"https:\/\/www.naturfotografen-online.de\/wp\/wp-content\/uploads\/2019\/01\/1900161.jpg\" title=\"Zeisig (Carduelis spinus) Weibchen\" rel=\"gallery1\"><img loading=\"lazy\" decoding=\"async\" src=\"https:\/\/www.naturfotografen-online.de\/wp\/wp-content\/uploads\/2019\/01\/1900161-120x120.jpg\" width=\"120\" height=\"120\" alt=\"Zeisig (Carduelis spinus) Weibchen\" \/><\/a>\r\n<\/div><figcaption class=\"gallery-caption\" id=\"caption15735\"><span class=\"imagecaption\">Zeisig (Carduelis spinus) Weibchen<\/span><br \/>\n<\/figcaption><\/figure>\r\n\t\t<\/div>\n\n<p><!--nextpage--><\/p>\n\n\t\t<div id='gallery-4' class='gallery galleryid-15557 gallery-columns-7 gallery-size-thumbnail gallery1'><script type=\"text\/javascript\">\r\n\/\/ <![CDATA[\r\n\tjQuery(document).ready(function () {\r\n\t\tjQuery(\".gallery1 a\").attr(\"rel\",\"gallery1\");\t\r\n\t\tjQuery('a[rel=\"gallery1\"]').colorbox({maxWidth:\"95%\", maxHeight:\"95%\",title: function(){ return jQuery(this).children().attr(\"alt\"); }, });\r\n\t});\r\n\/\/ ]]>\r\n<\/script>\n\r\n\t\t\t<style type=\"text\/css\">\r\n\t\t\t\t#cboxCurrent { display:none !important; }\r\n\t\t\t<\/style>\n<figure class=\"gallery-item\">\n<div class=\"gallery-icon\">\r\n<a href=\"https:\/\/www.naturfotografen-online.de\/wp\/wp-content\/uploads\/2019\/01\/1900230.jpg\" title=\"Zeisig (Carduelis spinus) M\u00e4nnchen\" rel=\"gallery1\"><img loading=\"lazy\" decoding=\"async\" src=\"https:\/\/www.naturfotografen-online.de\/wp\/wp-content\/uploads\/2019\/01\/1900230-120x120.jpg\" width=\"120\" height=\"120\" alt=\"Zeisig (Carduelis spinus) M\u00e4nnchen\" \/><\/a>\r\n<\/div><figcaption class=\"gallery-caption\" id=\"caption15774\"><span class=\"imagecaption\">Zeisig (Carduelis spinus) M\u00e4nnchen<\/span><br \/>\n<\/figcaption><\/figure><figure class=\"gallery-item\">\n<div class=\"gallery-icon\">\r\n<a href=\"https:\/\/www.naturfotografen-online.de\/wp\/wp-content\/uploads\/2019\/01\/1900217.jpg\" title=\"Blaumeise (Parus caeruleus) badend\" rel=\"gallery1\"><img loading=\"lazy\" decoding=\"async\" src=\"https:\/\/www.naturfotografen-online.de\/wp\/wp-content\/uploads\/2019\/01\/1900217-120x120.jpg\" width=\"120\" height=\"120\" alt=\"Blaumeise (Parus caeruleus) badend\" \/><\/a>\r\n<\/div><figcaption class=\"gallery-caption\" id=\"caption15766\"><span class=\"imagecaption\">Blaumeise (Parus caeruleus) badend<\/span><br \/>\n<\/figcaption><\/figure><figure class=\"gallery-item\">\n<div class=\"gallery-icon\">\r\n<a href=\"https:\/\/www.naturfotografen-online.de\/wp\/wp-content\/uploads\/2019\/01\/1900232.jpg\" title=\"Turmfalke (Falco tinnunculus) M\u00e4nnchen\" rel=\"gallery1\"><img loading=\"lazy\" decoding=\"async\" src=\"https:\/\/www.naturfotografen-online.de\/wp\/wp-content\/uploads\/2019\/01\/1900232-120x120.jpg\" width=\"120\" height=\"120\" alt=\"Turmfalke (Falco tinnunculus) M\u00e4nnchen\" \/><\/a>\r\n<\/div><figcaption class=\"gallery-caption\" id=\"caption15788\"><span class=\"imagecaption\">Turmfalke (Falco tinnunculus) M\u00e4nnchen<\/span><br \/>\n<\/figcaption><\/figure><figure class=\"gallery-item\">\n<div class=\"gallery-icon\">\r\n<a href=\"https:\/\/www.naturfotografen-online.de\/wp\/wp-content\/uploads\/2019\/01\/1900233.jpg\" title=\"Turmfalke (Falco tinnunculus) M\u00e4nnchen\" rel=\"gallery1\"><img loading=\"lazy\" decoding=\"async\" src=\"https:\/\/www.naturfotografen-online.de\/wp\/wp-content\/uploads\/2019\/01\/1900233-120x120.jpg\" width=\"120\" height=\"120\" alt=\"Turmfalke (Falco tinnunculus) M\u00e4nnchen\" \/><\/a>\r\n<\/div><figcaption class=\"gallery-caption\" id=\"caption15789\"><span class=\"imagecaption\">Turmfalke (Falco tinnunculus) M\u00e4nnchen<\/span><br \/>\n<\/figcaption><\/figure><figure class=\"gallery-item\">\n<div class=\"gallery-icon\">\r\n<a href=\"https:\/\/www.naturfotografen-online.de\/wp\/wp-content\/uploads\/2019\/01\/1900132.jpg\" title=\"Elster (Pica pica)\" rel=\"gallery1\"><img loading=\"lazy\" decoding=\"async\" src=\"https:\/\/www.naturfotografen-online.de\/wp\/wp-content\/uploads\/2019\/01\/1900132-120x120.jpg\" width=\"120\" height=\"120\" alt=\"Elster (Pica pica)\" \/><\/a>\r\n<\/div><figcaption class=\"gallery-caption\" id=\"caption15711\"><span class=\"imagecaption\">Elster (Pica pica)<\/span><br \/>\n<\/figcaption><\/figure><figure class=\"gallery-item\">\n<div class=\"gallery-icon\">\r\n<a href=\"https:\/\/www.naturfotografen-online.de\/wp\/wp-content\/uploads\/2019\/01\/1900127.jpg\" title=\"Elster (Pica pica)\" rel=\"gallery1\"><img loading=\"lazy\" decoding=\"async\" src=\"https:\/\/www.naturfotografen-online.de\/wp\/wp-content\/uploads\/2019\/01\/1900127-120x120.jpg\" width=\"120\" height=\"120\" alt=\"Elster (Pica pica)\" \/><\/a>\r\n<\/div><figcaption class=\"gallery-caption\" id=\"caption15707\"><span class=\"imagecaption\">Elster (Pica pica)<\/span><br \/>\n<\/figcaption><\/figure><figure class=\"gallery-item\">\n<div class=\"gallery-icon\">\r\n<a href=\"https:\/\/www.naturfotografen-online.de\/wp\/wp-content\/uploads\/2019\/01\/1900130.jpg\" title=\"Elster (Pica pica)\" rel=\"gallery1\"><img loading=\"lazy\" decoding=\"async\" src=\"https:\/\/www.naturfotografen-online.de\/wp\/wp-content\/uploads\/2019\/01\/1900130-120x120.jpg\" width=\"120\" height=\"120\" alt=\"Elster (Pica pica)\" \/><\/a>\r\n<\/div><figcaption class=\"gallery-caption\" id=\"caption15712\"><span class=\"imagecaption\">Elster (Pica pica)<\/span><br \/>\n<\/figcaption><\/figure><figure class=\"gallery-item\">\n<div class=\"gallery-icon\">\r\n<a href=\"https:\/\/www.naturfotografen-online.de\/wp\/wp-content\/uploads\/2019\/01\/1900120.jpg\" title=\"Buchfink (Fringilla coelebs) Weibchen\" rel=\"gallery1\"><img loading=\"lazy\" decoding=\"async\" src=\"https:\/\/www.naturfotografen-online.de\/wp\/wp-content\/uploads\/2019\/01\/1900120-120x120.jpg\" width=\"120\" height=\"120\" alt=\"Buchfink (Fringilla coelebs) Weibchen\" \/><\/a>\r\n<\/div><figcaption class=\"gallery-caption\" id=\"caption15694\"><span class=\"imagecaption\">Buchfink (Fringilla coelebs) Weibchen<\/span><br \/>\n<\/figcaption><\/figure><figure class=\"gallery-item\">\n<div class=\"gallery-icon\">\r\n<a href=\"https:\/\/www.naturfotografen-online.de\/wp\/wp-content\/uploads\/2019\/01\/1900123.jpg\" title=\"Kernbei\u00dfer (Coccothraustes coccothraustes)\" rel=\"gallery1\"><img loading=\"lazy\" decoding=\"async\" src=\"https:\/\/www.naturfotografen-online.de\/wp\/wp-content\/uploads\/2019\/01\/1900123-120x120.jpg\" width=\"120\" height=\"120\" alt=\"Kernbei\u00dfer (Coccothraustes coccothraustes)\" \/><\/a>\r\n<\/div><figcaption class=\"gallery-caption\" id=\"caption15695\"><span class=\"imagecaption\">Kernbei\u00dfer (Coccothraustes coccothraustes)<\/span><br \/>\n<\/figcaption><\/figure><figure class=\"gallery-item\">\n<div class=\"gallery-icon\">\r\n<a href=\"https:\/\/www.naturfotografen-online.de\/wp\/wp-content\/uploads\/2019\/01\/1900125.jpg\" title=\"Kernbei\u00dfer (Coccothraustes coccothraustes)\" rel=\"gallery1\"><img loading=\"lazy\" decoding=\"async\" src=\"https:\/\/www.naturfotografen-online.de\/wp\/wp-content\/uploads\/2019\/01\/1900125-120x120.jpg\" width=\"120\" height=\"120\" alt=\"Kernbei\u00dfer (Coccothraustes coccothraustes)\" \/><\/a>\r\n<\/div><figcaption class=\"gallery-caption\" id=\"caption15697\"><span class=\"imagecaption\">Kernbei\u00dfer (Coccothraustes coccothraustes)<\/span><br \/>\n<\/figcaption><\/figure><figure class=\"gallery-item\">\n<div class=\"gallery-icon\">\r\n<a href=\"https:\/\/www.naturfotografen-online.de\/wp\/wp-content\/uploads\/2019\/01\/1900124.jpg\" title=\"Kernbei\u00dfer (Coccothraustes coccothraustes)\" rel=\"gallery1\"><img loading=\"lazy\" decoding=\"async\" src=\"https:\/\/www.naturfotografen-online.de\/wp\/wp-content\/uploads\/2019\/01\/1900124-120x120.jpg\" width=\"120\" height=\"120\" alt=\"Kernbei\u00dfer (Coccothraustes coccothraustes)\" \/><\/a>\r\n<\/div><figcaption class=\"gallery-caption\" id=\"caption15696\"><span class=\"imagecaption\">Kernbei\u00dfer (Coccothraustes coccothraustes)<\/span><br \/>\n<\/figcaption><\/figure><figure class=\"gallery-item\">\n<div class=\"gallery-icon\">\r\n<a href=\"https:\/\/www.naturfotografen-online.de\/wp\/wp-content\/uploads\/2019\/01\/1900119.jpg\" title=\"Rotkehlchen (Erithacus rubecula)\" rel=\"gallery1\"><img loading=\"lazy\" decoding=\"async\" src=\"https:\/\/www.naturfotografen-online.de\/wp\/wp-content\/uploads\/2019\/01\/1900119-120x120.jpg\" width=\"120\" height=\"120\" alt=\"Rotkehlchen (Erithacus rubecula)\" \/><\/a>\r\n<\/div><figcaption class=\"gallery-caption\" id=\"caption15693\"><span class=\"imagecaption\">Rotkehlchen (Erithacus rubecula)<\/span><br \/>\n<\/figcaption><\/figure><figure class=\"gallery-item\">\n<div class=\"gallery-icon\">\r\n<a href=\"https:\/\/www.naturfotografen-online.de\/wp\/wp-content\/uploads\/2019\/01\/1900118.jpg\" title=\"Rotkehlchen (Erithacus rubecula)\" rel=\"gallery1\"><img loading=\"lazy\" decoding=\"async\" src=\"https:\/\/www.naturfotografen-online.de\/wp\/wp-content\/uploads\/2019\/01\/1900118-120x120.jpg\" width=\"120\" height=\"120\" alt=\"Rotkehlchen (Erithacus rubecula)\" \/><\/a>\r\n<\/div><figcaption class=\"gallery-caption\" id=\"caption15692\"><span class=\"imagecaption\">Rotkehlchen (Erithacus rubecula)<\/span><br \/>\n<\/figcaption><\/figure><figure class=\"gallery-item\">\n<div class=\"gallery-icon\">\r\n<a href=\"https:\/\/www.naturfotografen-online.de\/wp\/wp-content\/uploads\/2019\/01\/1900115.jpg\" title=\"Rotkehlchen (Erithacus rubecula)\" rel=\"gallery1\"><img loading=\"lazy\" decoding=\"async\" src=\"https:\/\/www.naturfotografen-online.de\/wp\/wp-content\/uploads\/2019\/01\/1900115-120x120.jpg\" width=\"120\" height=\"120\" alt=\"Rotkehlchen (Erithacus rubecula)\" \/><\/a>\r\n<\/div><figcaption class=\"gallery-caption\" id=\"caption15690\"><span class=\"imagecaption\">Rotkehlchen (Erithacus rubecula)<\/span><br \/>\n<\/figcaption><\/figure><figure class=\"gallery-item\">\n<div class=\"gallery-icon\">\r\n<a href=\"https:\/\/www.naturfotografen-online.de\/wp\/wp-content\/uploads\/2019\/01\/1900112.jpg\" title=\"Turmfalke (Falco tinnunculus) M\u00e4nnchen\" rel=\"gallery1\"><img loading=\"lazy\" decoding=\"async\" src=\"https:\/\/www.naturfotografen-online.de\/wp\/wp-content\/uploads\/2019\/01\/1900112-120x120.jpg\" width=\"120\" height=\"120\" alt=\"Turmfalke (Falco tinnunculus) M\u00e4nnchen\" \/><\/a>\r\n<\/div><figcaption class=\"gallery-caption\" id=\"caption15689\"><span class=\"imagecaption\">Turmfalke (Falco tinnunculus) M\u00e4nnchen<\/span><br \/>\n<\/figcaption><\/figure><figure class=\"gallery-item\">\n<div class=\"gallery-icon\">\r\n<a href=\"https:\/\/www.naturfotografen-online.de\/wp\/wp-content\/uploads\/2019\/01\/1900110.jpg\" title=\"Turmfalke (Falco tinnunculus) M\u00e4nnchen\" rel=\"gallery1\"><img loading=\"lazy\" decoding=\"async\" src=\"https:\/\/www.naturfotografen-online.de\/wp\/wp-content\/uploads\/2019\/01\/1900110-120x120.jpg\" width=\"120\" height=\"120\" alt=\"Turmfalke (Falco tinnunculus) M\u00e4nnchen\" \/><\/a>\r\n<\/div><figcaption class=\"gallery-caption\" id=\"caption15688\"><span class=\"imagecaption\">Turmfalke (Falco tinnunculus) M\u00e4nnchen<\/span><br \/>\n<\/figcaption><\/figure><figure class=\"gallery-item\">\n<div class=\"gallery-icon\">\r\n<a href=\"https:\/\/www.naturfotografen-online.de\/wp\/wp-content\/uploads\/2019\/01\/1900106.jpg\" title=\"Turmfalke (Falco tinnunculus) M\u00e4nnchen bei der Gefiederpflege\" rel=\"gallery1\"><img loading=\"lazy\" decoding=\"async\" src=\"https:\/\/www.naturfotografen-online.de\/wp\/wp-content\/uploads\/2019\/01\/1900106-120x120.jpg\" width=\"120\" height=\"120\" alt=\"Turmfalke (Falco tinnunculus) M\u00e4nnchen bei der Gefiederpflege\" \/><\/a>\r\n<\/div><figcaption class=\"gallery-caption\" id=\"caption15687\"><span class=\"imagecaption\">Turmfalke (Falco tinnunculus) M\u00e4nnchen bei der Gefiederpflege<\/span><br \/>\n<\/figcaption><\/figure><figure class=\"gallery-item\">\n<div class=\"gallery-icon\">\r\n<a href=\"https:\/\/www.naturfotografen-online.de\/wp\/wp-content\/uploads\/2019\/01\/1900100.jpg\" title=\"Turmfalke (Falco tinnunculus) M\u00e4nnchen bei der Gefiederpflege\" rel=\"gallery1\"><img loading=\"lazy\" decoding=\"async\" src=\"https:\/\/www.naturfotografen-online.de\/wp\/wp-content\/uploads\/2019\/01\/1900100-120x120.jpg\" width=\"120\" height=\"120\" alt=\"Turmfalke (Falco tinnunculus) M\u00e4nnchen bei der Gefiederpflege\" \/><\/a>\r\n<\/div><figcaption class=\"gallery-caption\" id=\"caption15684\"><span class=\"imagecaption\">Turmfalke (Falco tinnunculus) M\u00e4nnchen bei der Gefiederpflege<\/span><br \/>\n<\/figcaption><\/figure><figure class=\"gallery-item\">\n<div class=\"gallery-icon\">\r\n<a href=\"https:\/\/www.naturfotografen-online.de\/wp\/wp-content\/uploads\/2019\/01\/1900105.jpg\" title=\"Turmfalke (Falco tinnunculus) M\u00e4nnchen bei der Gefiederpflege\" rel=\"gallery1\"><img loading=\"lazy\" decoding=\"async\" src=\"https:\/\/www.naturfotografen-online.de\/wp\/wp-content\/uploads\/2019\/01\/1900105-120x120.jpg\" width=\"120\" height=\"120\" alt=\"Turmfalke (Falco tinnunculus) M\u00e4nnchen bei der Gefiederpflege\" \/><\/a>\r\n<\/div><figcaption class=\"gallery-caption\" id=\"caption15686\"><span class=\"imagecaption\">Turmfalke (Falco tinnunculus) M\u00e4nnchen bei der Gefiederpflege<\/span><br \/>\n<\/figcaption><\/figure><figure class=\"gallery-item\">\n<div class=\"gallery-icon\">\r\n<a href=\"https:\/\/www.naturfotografen-online.de\/wp\/wp-content\/uploads\/2019\/01\/1900104.jpg\" title=\"Turmfalke (Falco tinnunculus) M\u00e4nnchen bei der Gefiederpflege\" rel=\"gallery1\"><img loading=\"lazy\" decoding=\"async\" src=\"https:\/\/www.naturfotografen-online.de\/wp\/wp-content\/uploads\/2019\/01\/1900104-120x120.jpg\" width=\"120\" height=\"120\" alt=\"Turmfalke (Falco tinnunculus) M\u00e4nnchen bei der Gefiederpflege\" \/><\/a>\r\n<\/div><figcaption class=\"gallery-caption\" id=\"caption15685\"><span class=\"imagecaption\">Turmfalke (Falco tinnunculus) M\u00e4nnchen bei der Gefiederpflege<\/span><br \/>\n<\/figcaption><\/figure><figure class=\"gallery-item\">\n<div class=\"gallery-icon\">\r\n<a href=\"https:\/\/www.naturfotografen-online.de\/wp\/wp-content\/uploads\/2019\/01\/1900099.jpg\" title=\"Turmfalke (Falco tinnunculus) M\u00e4nnchen bei der Gefiederpflege\" rel=\"gallery1\"><img loading=\"lazy\" decoding=\"async\" src=\"https:\/\/www.naturfotografen-online.de\/wp\/wp-content\/uploads\/2019\/01\/1900099-120x120.jpg\" width=\"120\" height=\"120\" alt=\"Turmfalke (Falco tinnunculus) M\u00e4nnchen bei der Gefiederpflege\" \/><\/a>\r\n<\/div><figcaption class=\"gallery-caption\" id=\"caption15683\"><span class=\"imagecaption\">Turmfalke (Falco tinnunculus) M\u00e4nnchen bei der Gefiederpflege<\/span><br \/>\n<\/figcaption><\/figure><figure class=\"gallery-item\">\n<div class=\"gallery-icon\">\r\n<a href=\"https:\/\/www.naturfotografen-online.de\/wp\/wp-content\/uploads\/2019\/01\/1900083.jpg\" title=\"Turmfalke (Falco tinnunculus) M\u00e4nnchen\" rel=\"gallery1\"><img loading=\"lazy\" decoding=\"async\" src=\"https:\/\/www.naturfotografen-online.de\/wp\/wp-content\/uploads\/2019\/01\/1900083-120x120.jpg\" width=\"120\" height=\"120\" alt=\"Turmfalke (Falco tinnunculus) M\u00e4nnchen\" \/><\/a>\r\n<\/div><figcaption class=\"gallery-caption\" id=\"caption15639\"><span class=\"imagecaption\">Turmfalke (Falco tinnunculus) M\u00e4nnchen<\/span><br \/>\n<\/figcaption><\/figure><figure class=\"gallery-item\">\n<div class=\"gallery-icon\">\r\n<a href=\"https:\/\/www.naturfotografen-online.de\/wp\/wp-content\/uploads\/2019\/01\/1900084.jpg\" title=\"Turmfalke (Falco tinnunculus) M\u00e4nnchen\" rel=\"gallery1\"><img loading=\"lazy\" decoding=\"async\" src=\"https:\/\/www.naturfotografen-online.de\/wp\/wp-content\/uploads\/2019\/01\/1900084-120x120.jpg\" width=\"120\" height=\"120\" alt=\"Turmfalke (Falco tinnunculus) M\u00e4nnchen\" \/><\/a>\r\n<\/div><figcaption class=\"gallery-caption\" id=\"caption15640\"><span class=\"imagecaption\">Turmfalke (Falco tinnunculus) M\u00e4nnchen<\/span><br \/>\n<\/figcaption><\/figure><figure class=\"gallery-item\">\n<div class=\"gallery-icon\">\r\n<a href=\"https:\/\/www.naturfotografen-online.de\/wp\/wp-content\/uploads\/2019\/01\/1900086.jpg\" title=\"Turmfalke (Falco tinnunculus) M\u00e4nnchen\" rel=\"gallery1\"><img loading=\"lazy\" decoding=\"async\" src=\"https:\/\/www.naturfotografen-online.de\/wp\/wp-content\/uploads\/2019\/01\/1900086-120x120.jpg\" width=\"120\" height=\"120\" alt=\"Turmfalke (Falco tinnunculus) M\u00e4nnchen\" \/><\/a>\r\n<\/div><figcaption class=\"gallery-caption\" id=\"caption15642\"><span class=\"imagecaption\">Turmfalke (Falco tinnunculus) M\u00e4nnchen<\/span><br \/>\n<\/figcaption><\/figure><figure class=\"gallery-item\">\n<div class=\"gallery-icon\">\r\n<a href=\"https:\/\/www.naturfotografen-online.de\/wp\/wp-content\/uploads\/2019\/01\/1900087.jpg\" title=\"Turmfalke (Falco tinnunculus) M\u00e4nnchen\" rel=\"gallery1\"><img loading=\"lazy\" decoding=\"async\" src=\"https:\/\/www.naturfotografen-online.de\/wp\/wp-content\/uploads\/2019\/01\/1900087-120x120.jpg\" width=\"120\" height=\"120\" alt=\"Turmfalke (Falco tinnunculus) M\u00e4nnchen\" \/><\/a>\r\n<\/div><figcaption class=\"gallery-caption\" id=\"caption15643\"><span class=\"imagecaption\">Turmfalke (Falco tinnunculus) M\u00e4nnchen<\/span><br \/>\n<\/figcaption><\/figure><figure class=\"gallery-item\">\n<div class=\"gallery-icon\">\r\n<a href=\"https:\/\/www.naturfotografen-online.de\/wp\/wp-content\/uploads\/2019\/01\/1900085.jpg\" title=\"Turmfalke (Falco tinnunculus) M\u00e4nnchen\" rel=\"gallery1\"><img loading=\"lazy\" decoding=\"async\" src=\"https:\/\/www.naturfotografen-online.de\/wp\/wp-content\/uploads\/2019\/01\/1900085-120x120.jpg\" width=\"120\" height=\"120\" alt=\"Turmfalke (Falco tinnunculus) M\u00e4nnchen\" \/><\/a>\r\n<\/div><figcaption class=\"gallery-caption\" id=\"caption15641\"><span class=\"imagecaption\">Turmfalke (Falco tinnunculus) M\u00e4nnchen<\/span><br \/>\n<\/figcaption><\/figure><figure class=\"gallery-item\">\n<div class=\"gallery-icon\">\r\n<a href=\"https:\/\/www.naturfotografen-online.de\/wp\/wp-content\/uploads\/2019\/01\/1900075.jpg\" title=\"Turmfalke (Falco tinnunculus) M\u00e4nnchen\" rel=\"gallery1\"><img loading=\"lazy\" decoding=\"async\" src=\"https:\/\/www.naturfotografen-online.de\/wp\/wp-content\/uploads\/2019\/01\/1900075-120x120.jpg\" width=\"120\" height=\"120\" alt=\"Turmfalke (Falco tinnunculus) M\u00e4nnchen\" \/><\/a>\r\n<\/div><figcaption class=\"gallery-caption\" id=\"caption15652\"><span class=\"imagecaption\">Turmfalke (Falco tinnunculus) M\u00e4nnchen<\/span><br \/>\n<\/figcaption><\/figure><figure class=\"gallery-item\">\n<div class=\"gallery-icon\">\r\n<a href=\"https:\/\/www.naturfotografen-online.de\/wp\/wp-content\/uploads\/2019\/01\/1900078.jpg\" title=\"Turmfalke (Falco tinnunculus) M\u00e4nnchen\" rel=\"gallery1\"><img loading=\"lazy\" decoding=\"async\" src=\"https:\/\/www.naturfotografen-online.de\/wp\/wp-content\/uploads\/2019\/01\/1900078-120x120.jpg\" width=\"120\" height=\"120\" alt=\"Turmfalke (Falco tinnunculus) M\u00e4nnchen\" \/><\/a>\r\n<\/div><figcaption class=\"gallery-caption\" id=\"caption15653\"><span class=\"imagecaption\">Turmfalke (Falco tinnunculus) M\u00e4nnchen<\/span><br \/>\n<\/figcaption><\/figure>\r\n\t\t<\/div>\n\n<p><!--nextpage--><\/p>\n\n\t\t<div id='gallery-5' class='gallery galleryid-15557 gallery-columns-7 gallery-size-thumbnail gallery1'><script type=\"text\/javascript\">\r\n\/\/ <![CDATA[\r\n\tjQuery(document).ready(function () {\r\n\t\tjQuery(\".gallery1 a\").attr(\"rel\",\"gallery1\");\t\r\n\t\tjQuery('a[rel=\"gallery1\"]').colorbox({maxWidth:\"95%\", maxHeight:\"95%\",title: function(){ return jQuery(this).children().attr(\"alt\"); }, });\r\n\t});\r\n\/\/ ]]>\r\n<\/script>\n\r\n\t\t\t<style type=\"text\/css\">\r\n\t\t\t\t#cboxCurrent { display:none !important; }\r\n\t\t\t<\/style>\n<figure class=\"gallery-item\">\n<div class=\"gallery-icon\">\r\n<a href=\"https:\/\/www.naturfotografen-online.de\/wp\/wp-content\/uploads\/2019\/01\/1900051.jpg\" title=\"Turmfalke (Falco tinnunculus) M\u00e4nnchen\" rel=\"gallery1\"><img loading=\"lazy\" decoding=\"async\" src=\"https:\/\/www.naturfotografen-online.de\/wp\/wp-content\/uploads\/2019\/01\/1900051-120x120.jpg\" width=\"120\" height=\"120\" alt=\"Turmfalke (Falco tinnunculus) M\u00e4nnchen\" \/><\/a>\r\n<\/div><figcaption class=\"gallery-caption\" id=\"caption15654\"><span class=\"imagecaption\">Turmfalke (Falco tinnunculus) M\u00e4nnchen<\/span><br \/>\n<\/figcaption><\/figure><figure class=\"gallery-item\">\n<div class=\"gallery-icon\">\r\n<a href=\"https:\/\/www.naturfotografen-online.de\/wp\/wp-content\/uploads\/2019\/01\/1900053.jpg\" title=\"Turmfalke (Falco tinnunculus) M\u00e4nnchen\" rel=\"gallery1\"><img loading=\"lazy\" decoding=\"async\" src=\"https:\/\/www.naturfotografen-online.de\/wp\/wp-content\/uploads\/2019\/01\/1900053-120x120.jpg\" width=\"120\" height=\"120\" alt=\"Turmfalke (Falco tinnunculus) M\u00e4nnchen\" \/><\/a>\r\n<\/div><figcaption class=\"gallery-caption\" id=\"caption15655\"><span class=\"imagecaption\">Turmfalke (Falco tinnunculus) M\u00e4nnchen<\/span><br \/>\n<\/figcaption><\/figure><figure class=\"gallery-item\">\n<div class=\"gallery-icon\">\r\n<a href=\"https:\/\/www.naturfotografen-online.de\/wp\/wp-content\/uploads\/2019\/01\/1900056.jpg\" title=\"Turmfalke (Falco tinnunculus) M\u00e4nnchen\" rel=\"gallery1\"><img loading=\"lazy\" decoding=\"async\" src=\"https:\/\/www.naturfotografen-online.de\/wp\/wp-content\/uploads\/2019\/01\/1900056-120x120.jpg\" width=\"120\" height=\"120\" alt=\"Turmfalke (Falco tinnunculus) M\u00e4nnchen\" \/><\/a>\r\n<\/div><figcaption class=\"gallery-caption\" id=\"caption15656\"><span class=\"imagecaption\">Turmfalke (Falco tinnunculus) M\u00e4nnchen<\/span><br \/>\n<\/figcaption><\/figure><figure class=\"gallery-item\">\n<div class=\"gallery-icon\">\r\n<a href=\"https:\/\/www.naturfotografen-online.de\/wp\/wp-content\/uploads\/2019\/01\/1900059.jpg\" title=\"Turmfalke (Falco tinnunculus) M\u00e4nnchen\" rel=\"gallery1\"><img loading=\"lazy\" decoding=\"async\" src=\"https:\/\/www.naturfotografen-online.de\/wp\/wp-content\/uploads\/2019\/01\/1900059-120x120.jpg\" width=\"120\" height=\"120\" alt=\"Turmfalke (Falco tinnunculus) M\u00e4nnchen\" \/><\/a>\r\n<\/div><figcaption class=\"gallery-caption\" id=\"caption15657\"><span class=\"imagecaption\">Turmfalke (Falco tinnunculus) M\u00e4nnchen<\/span><br \/>\n<\/figcaption><\/figure><figure class=\"gallery-item\">\n<div class=\"gallery-icon\">\r\n<a href=\"https:\/\/www.naturfotografen-online.de\/wp\/wp-content\/uploads\/2019\/01\/1900062.jpg\" title=\"Turmfalke (Falco tinnunculus) M\u00e4nnchen\" rel=\"gallery1\"><img loading=\"lazy\" decoding=\"async\" src=\"https:\/\/www.naturfotografen-online.de\/wp\/wp-content\/uploads\/2019\/01\/1900062-120x120.jpg\" width=\"120\" height=\"120\" alt=\"Turmfalke (Falco tinnunculus) M\u00e4nnchen\" \/><\/a>\r\n<\/div><figcaption class=\"gallery-caption\" id=\"caption15658\"><span class=\"imagecaption\">Turmfalke (Falco tinnunculus) M\u00e4nnchen<\/span><br \/>\n<\/figcaption><\/figure><figure class=\"gallery-item\">\n<div class=\"gallery-icon\">\r\n<a href=\"https:\/\/www.naturfotografen-online.de\/wp\/wp-content\/uploads\/2019\/01\/1900063.jpg\" title=\"Turmfalke (Falco tinnunculus) M\u00e4nnchen\" rel=\"gallery1\"><img loading=\"lazy\" decoding=\"async\" src=\"https:\/\/www.naturfotografen-online.de\/wp\/wp-content\/uploads\/2019\/01\/1900063-120x120.jpg\" width=\"120\" height=\"120\" alt=\"Turmfalke (Falco tinnunculus) M\u00e4nnchen\" \/><\/a>\r\n<\/div><figcaption class=\"gallery-caption\" id=\"caption15659\"><span class=\"imagecaption\">Turmfalke (Falco tinnunculus) M\u00e4nnchen<\/span><br \/>\n<\/figcaption><\/figure><figure class=\"gallery-item\">\n<div class=\"gallery-icon\">\r\n<a href=\"https:\/\/www.naturfotografen-online.de\/wp\/wp-content\/uploads\/2019\/01\/1900068.jpg\" title=\"Turmfalke (Falco tinnunculus) M\u00e4nnchen\" rel=\"gallery1\"><img loading=\"lazy\" decoding=\"async\" src=\"https:\/\/www.naturfotografen-online.de\/wp\/wp-content\/uploads\/2019\/01\/1900068-120x120.jpg\" width=\"120\" height=\"120\" alt=\"Turmfalke (Falco tinnunculus) M\u00e4nnchen\" \/><\/a>\r\n<\/div><figcaption class=\"gallery-caption\" id=\"caption15660\"><span class=\"imagecaption\">Turmfalke (Falco tinnunculus) M\u00e4nnchen<\/span><br \/>\n<\/figcaption><\/figure><figure class=\"gallery-item\">\n<div class=\"gallery-icon\">\r\n<a href=\"https:\/\/www.naturfotografen-online.de\/wp\/wp-content\/uploads\/2019\/01\/1900040.jpg\" title=\"Buchfink (Fringilla coelebs) Weibchen\" rel=\"gallery1\"><img loading=\"lazy\" decoding=\"async\" src=\"https:\/\/www.naturfotografen-online.de\/wp\/wp-content\/uploads\/2019\/01\/1900040-120x120.jpg\" width=\"120\" height=\"120\" alt=\"Buchfink (Fringilla coelebs) Weibchen\" \/><\/a>\r\n<\/div><figcaption class=\"gallery-caption\" id=\"caption15602\"><span class=\"imagecaption\">Buchfink (Fringilla coelebs) Weibchen<\/span><br \/>\n<\/figcaption><\/figure><figure class=\"gallery-item\">\n<div class=\"gallery-icon\">\r\n<a href=\"https:\/\/www.naturfotografen-online.de\/wp\/wp-content\/uploads\/2019\/01\/1900048.jpg\" title=\"Buchfink (Fringilla coelebs) Weibchen\" rel=\"gallery1\"><img loading=\"lazy\" decoding=\"async\" src=\"https:\/\/www.naturfotografen-online.de\/wp\/wp-content\/uploads\/2019\/01\/1900048-120x120.jpg\" width=\"120\" height=\"120\" alt=\"Buchfink (Fringilla coelebs) Weibchen\" \/><\/a>\r\n<\/div><figcaption class=\"gallery-caption\" id=\"caption15590\"><span class=\"imagecaption\">Buchfink (Fringilla coelebs) Weibchen<\/span><br \/>\n<\/figcaption><\/figure><figure class=\"gallery-item\">\n<div class=\"gallery-icon\">\r\n<a href=\"https:\/\/www.naturfotografen-online.de\/wp\/wp-content\/uploads\/2019\/01\/1900020.jpg\" title=\"Feldsperling (Passer montanus)\" rel=\"gallery1\"><img loading=\"lazy\" decoding=\"async\" src=\"https:\/\/www.naturfotografen-online.de\/wp\/wp-content\/uploads\/2019\/01\/1900020-120x120.jpg\" width=\"120\" height=\"120\" alt=\"Feldsperling (Passer montanus)\" \/><\/a>\r\n<\/div><figcaption class=\"gallery-caption\" id=\"caption15598\"><span class=\"imagecaption\">Feldsperling (Passer montanus)<\/span><br \/>\n<\/figcaption><\/figure><figure class=\"gallery-item\">\n<div class=\"gallery-icon\">\r\n<a href=\"https:\/\/www.naturfotografen-online.de\/wp\/wp-content\/uploads\/2019\/01\/1900025.jpg\" title=\"Feldsperling (Passer montanus)\" rel=\"gallery1\"><img loading=\"lazy\" decoding=\"async\" src=\"https:\/\/www.naturfotografen-online.de\/wp\/wp-content\/uploads\/2019\/01\/1900025-120x120.jpg\" width=\"120\" height=\"120\" alt=\"Feldsperling (Passer montanus)\" \/><\/a>\r\n<\/div><figcaption class=\"gallery-caption\" id=\"caption15594\"><span class=\"imagecaption\">Feldsperling (Passer montanus)<\/span><br \/>\n<\/figcaption><\/figure><figure class=\"gallery-item\">\n<div class=\"gallery-icon\">\r\n<a href=\"https:\/\/www.naturfotografen-online.de\/wp\/wp-content\/uploads\/2019\/01\/1900021.jpg\" title=\"Blaumeise (Cyanistes caeruleus)\" rel=\"gallery1\"><img loading=\"lazy\" decoding=\"async\" src=\"https:\/\/www.naturfotografen-online.de\/wp\/wp-content\/uploads\/2019\/01\/1900021-120x120.jpg\" width=\"120\" height=\"120\" alt=\"Blaumeise (Cyanistes caeruleus)\" \/><\/a>\r\n<\/div><figcaption class=\"gallery-caption\" id=\"caption15597\"><span class=\"imagecaption\">Blaumeise (Cyanistes caeruleus)<\/span><br \/>\n<\/figcaption><\/figure><figure class=\"gallery-item\">\n<div class=\"gallery-icon\">\r\n<a href=\"https:\/\/www.naturfotografen-online.de\/wp\/wp-content\/uploads\/2019\/01\/1900043.jpg\" title=\"Blaumeise (Cyanistes caeruleus)\" rel=\"gallery1\"><img loading=\"lazy\" decoding=\"async\" src=\"https:\/\/www.naturfotografen-online.de\/wp\/wp-content\/uploads\/2019\/01\/1900043-120x120.jpg\" width=\"120\" height=\"120\" alt=\"Blaumeise (Cyanistes caeruleus)\" \/><\/a>\r\n<\/div><figcaption class=\"gallery-caption\" id=\"caption15603\"><span class=\"imagecaption\">Blaumeise (Cyanistes caeruleus)<\/span><br \/>\n<\/figcaption><\/figure><figure class=\"gallery-item\">\n<div class=\"gallery-icon\">\r\n<a href=\"https:\/\/www.naturfotografen-online.de\/wp\/wp-content\/uploads\/2019\/01\/1900018.jpg\" title=\"Kohlmeise (parus major)\" rel=\"gallery1\"><img loading=\"lazy\" decoding=\"async\" src=\"https:\/\/www.naturfotografen-online.de\/wp\/wp-content\/uploads\/2019\/01\/1900018-120x120.jpg\" width=\"120\" height=\"120\" alt=\"Kohlmeise (parus major)\" \/><\/a>\r\n<\/div><figcaption class=\"gallery-caption\" id=\"caption15600\"><span class=\"imagecaption\">Kohlmeise (parus major)<\/span><br \/>\n<\/figcaption><\/figure><figure class=\"gallery-item\">\n<div class=\"gallery-icon\">\r\n<a href=\"https:\/\/www.naturfotografen-online.de\/wp\/wp-content\/uploads\/2019\/01\/1900045.jpg\" title=\"Kohlmeise (parus major)\" rel=\"gallery1\"><img loading=\"lazy\" decoding=\"async\" src=\"https:\/\/www.naturfotografen-online.de\/wp\/wp-content\/uploads\/2019\/01\/1900045-120x120.jpg\" width=\"120\" height=\"120\" alt=\"Kohlmeise (parus major)\" \/><\/a>\r\n<\/div><figcaption class=\"gallery-caption\" id=\"caption15591\"><span class=\"imagecaption\">Kohlmeise (parus major)<\/span><br \/>\n<\/figcaption><\/figure><figure class=\"gallery-item\">\n<div class=\"gallery-icon\">\r\n<a href=\"https:\/\/www.naturfotografen-online.de\/wp\/wp-content\/uploads\/2019\/01\/1900016.jpg\" title=\"Buntspecht (Dendrocopos major) M\u00e4nnchen\" rel=\"gallery1\"><img loading=\"lazy\" decoding=\"async\" src=\"https:\/\/www.naturfotografen-online.de\/wp\/wp-content\/uploads\/2019\/01\/1900016-120x120.jpg\" width=\"120\" height=\"120\" alt=\"Buntspecht (Dendrocopos major) M\u00e4nnchen\" \/><\/a>\r\n<\/div><figcaption class=\"gallery-caption\" id=\"caption15599\"><span class=\"imagecaption\">Buntspecht (Dendrocopos major) M\u00e4nnchen<\/span><br \/>\n<\/figcaption><\/figure><figure class=\"gallery-item\">\n<div class=\"gallery-icon\">\r\n<a href=\"https:\/\/www.naturfotografen-online.de\/wp\/wp-content\/uploads\/2019\/01\/1900010.jpg\" title=\"Rotkehlchen (Erithacus rubecula)\" rel=\"gallery1\"><img loading=\"lazy\" decoding=\"async\" src=\"https:\/\/www.naturfotografen-online.de\/wp\/wp-content\/uploads\/2019\/01\/1900010-120x120.jpg\" width=\"120\" height=\"120\" alt=\"Rotkehlchen (Erithacus rubecula)\" \/><\/a>\r\n<\/div><figcaption class=\"gallery-caption\" id=\"caption15604\"><span class=\"imagecaption\">Rotkehlchen (Erithacus rubecula)<\/span><br \/>\n<\/figcaption><\/figure><figure class=\"gallery-item\">\n<div class=\"gallery-icon\">\r\n<a href=\"https:\/\/www.naturfotografen-online.de\/wp\/wp-content\/uploads\/2019\/01\/1900024.jpg\" title=\"Rotkehlchen (Erithacus rubecula)\" rel=\"gallery1\"><img loading=\"lazy\" decoding=\"async\" src=\"https:\/\/www.naturfotografen-online.de\/wp\/wp-content\/uploads\/2019\/01\/1900024-120x120.jpg\" width=\"120\" height=\"120\" alt=\"Rotkehlchen (Erithacus rubecula)\" \/><\/a>\r\n<\/div><figcaption class=\"gallery-caption\" id=\"caption15596\"><span class=\"imagecaption\">Rotkehlchen (Erithacus rubecula)<\/span><br \/>\n<\/figcaption><\/figure><figure class=\"gallery-item\">\n<div class=\"gallery-icon\">\r\n<a href=\"https:\/\/www.naturfotografen-online.de\/wp\/wp-content\/uploads\/2019\/01\/1900023.jpg\" title=\"Rotkehlchen (Erithacus rubecula)\" rel=\"gallery1\"><img loading=\"lazy\" decoding=\"async\" src=\"https:\/\/www.naturfotografen-online.de\/wp\/wp-content\/uploads\/2019\/01\/1900023-120x120.jpg\" width=\"120\" height=\"120\" alt=\"Rotkehlchen (Erithacus rubecula)\" \/><\/a>\r\n<\/div><figcaption class=\"gallery-caption\" id=\"caption15595\"><span class=\"imagecaption\">Rotkehlchen (Erithacus rubecula)<\/span><br \/>\n<\/figcaption><\/figure><figure class=\"gallery-item\">\n<div class=\"gallery-icon\">\r\n<a href=\"https:\/\/www.naturfotografen-online.de\/wp\/wp-content\/uploads\/2019\/01\/1900036.jpg\" title=\"Rotkehlchen (Erithacus rubecula)\" rel=\"gallery1\"><img loading=\"lazy\" decoding=\"async\" src=\"https:\/\/www.naturfotografen-online.de\/wp\/wp-content\/uploads\/2019\/01\/1900036-120x120.jpg\" width=\"120\" height=\"120\" alt=\"Rotkehlchen (Erithacus rubecula)\" \/><\/a>\r\n<\/div><figcaption class=\"gallery-caption\" id=\"caption15593\"><span class=\"imagecaption\">Rotkehlchen (Erithacus rubecula)<\/span><br \/>\n<\/figcaption><\/figure><figure class=\"gallery-item\">\n<div class=\"gallery-icon\">\r\n<a href=\"https:\/\/www.naturfotografen-online.de\/wp\/wp-content\/uploads\/2019\/01\/1900039.jpg\" title=\"Rotkehlchen (Erithacus rubecula)\" rel=\"gallery1\"><img loading=\"lazy\" decoding=\"async\" src=\"https:\/\/www.naturfotografen-online.de\/wp\/wp-content\/uploads\/2019\/01\/1900039-120x120.jpg\" width=\"120\" height=\"120\" alt=\"Rotkehlchen (Erithacus rubecula)\" \/><\/a>\r\n<\/div><figcaption class=\"gallery-caption\" id=\"caption15592\"><span class=\"imagecaption\">Rotkehlchen (Erithacus rubecula)<\/span><br \/>\n<\/figcaption><\/figure><figure class=\"gallery-item\">\n<div class=\"gallery-icon\">\r\n<a href=\"https:\/\/www.naturfotografen-online.de\/wp\/wp-content\/uploads\/2019\/01\/1900017.jpg\" title=\"Rotkehlchen (Erithacus rubecula)\" rel=\"gallery1\"><img loading=\"lazy\" decoding=\"async\" src=\"https:\/\/www.naturfotografen-online.de\/wp\/wp-content\/uploads\/2019\/01\/1900017-120x120.jpg\" width=\"120\" height=\"120\" alt=\"Rotkehlchen (Erithacus rubecula)\" \/><\/a>\r\n<\/div><figcaption class=\"gallery-caption\" id=\"caption15601\"><span class=\"imagecaption\">Rotkehlchen (Erithacus rubecula)<\/span><br \/>\n<\/figcaption><\/figure><figure class=\"gallery-item\">\n<div class=\"gallery-icon\">\r\n<a href=\"https:\/\/www.naturfotografen-online.de\/wp\/wp-content\/uploads\/2019\/01\/1900001.jpg\" title=\"Kohlmeise (parus major)\" rel=\"gallery1\"><img loading=\"lazy\" decoding=\"async\" src=\"https:\/\/www.naturfotografen-online.de\/wp\/wp-content\/uploads\/2019\/01\/1900001-120x120.jpg\" width=\"120\" height=\"120\" alt=\"Kohlmeise (parus major)\" \/><\/a>\r\n<\/div><figcaption class=\"gallery-caption\" id=\"caption15562\"><span class=\"imagecaption\">Kohlmeise (parus major)<\/span><br \/>\n<\/figcaption><\/figure><figure class=\"gallery-item\">\n<div class=\"gallery-icon\">\r\n<a href=\"https:\/\/www.naturfotografen-online.de\/wp\/wp-content\/uploads\/2019\/01\/1900004.jpg\" title=\"Buntspecht (Dendrocopos major) M\u00e4nnchen\" rel=\"gallery1\"><img loading=\"lazy\" decoding=\"async\" src=\"https:\/\/www.naturfotografen-online.de\/wp\/wp-content\/uploads\/2019\/01\/1900004-120x120.jpg\" width=\"120\" height=\"120\" alt=\"Buntspecht (Dendrocopos major) M\u00e4nnchen\" \/><\/a>\r\n<\/div><figcaption class=\"gallery-caption\" id=\"caption15560\"><span class=\"imagecaption\">Buntspecht (Dendrocopos major) M\u00e4nnchen<\/span><br \/>\n<\/figcaption><\/figure><figure class=\"gallery-item\">\n<div class=\"gallery-icon\">\r\n<a href=\"https:\/\/www.naturfotografen-online.de\/wp\/wp-content\/uploads\/2019\/01\/1900005.jpg\" title=\"Buntspecht (Dendrocopos major) M\u00e4nnchen\" rel=\"gallery1\"><img loading=\"lazy\" decoding=\"async\" src=\"https:\/\/www.naturfotografen-online.de\/wp\/wp-content\/uploads\/2019\/01\/1900005-120x120.jpg\" width=\"120\" height=\"120\" alt=\"Buntspecht (Dendrocopos major) M\u00e4nnchen\" \/><\/a>\r\n<\/div><figcaption class=\"gallery-caption\" id=\"caption15559\"><span class=\"imagecaption\">Buntspecht (Dendrocopos major) M\u00e4nnchen<\/span><br \/>\n<\/figcaption><\/figure><figure class=\"gallery-item\">\n<div class=\"gallery-icon\">\r\n<a href=\"https:\/\/www.naturfotografen-online.de\/wp\/wp-content\/uploads\/2019\/01\/1900002.jpg\" title=\"Mittelspecht (Leiopicus medius)\" rel=\"gallery1\"><img loading=\"lazy\" decoding=\"async\" src=\"https:\/\/www.naturfotografen-online.de\/wp\/wp-content\/uploads\/2019\/01\/1900002-120x120.jpg\" width=\"120\" height=\"120\" alt=\"Mittelspecht (Leiopicus medius)\" \/><\/a>\r\n<\/div><figcaption class=\"gallery-caption\" id=\"caption15563\"><span class=\"imagecaption\">Mittelspecht (Leiopicus medius)<\/span><br \/>\n<\/figcaption><\/figure><figure class=\"gallery-item\">\n<div class=\"gallery-icon\">\r\n<a href=\"https:\/\/www.naturfotografen-online.de\/wp\/wp-content\/uploads\/2019\/01\/1900003.jpg\" title=\"Mittelspecht (Leiopicus medius)\" rel=\"gallery1\"><img loading=\"lazy\" decoding=\"async\" src=\"https:\/\/www.naturfotografen-online.de\/wp\/wp-content\/uploads\/2019\/01\/1900003-120x120.jpg\" width=\"120\" height=\"120\" alt=\"Mittelspecht (Leiopicus medius)\" \/><\/a>\r\n<\/div><figcaption class=\"gallery-caption\" id=\"caption15561\"><span class=\"imagecaption\">Mittelspecht (Leiopicus medius)<\/span><br \/>\n<\/figcaption><\/figure><figure class=\"gallery-item\">\n<div class=\"gallery-icon\">\r\n<a href=\"https:\/\/www.naturfotografen-online.de\/wp\/wp-content\/uploads\/2019\/01\/1900006.jpg\" title=\"Mittelspecht (Leiopicus medius)\" rel=\"gallery1\"><img loading=\"lazy\" decoding=\"async\" src=\"https:\/\/www.naturfotografen-online.de\/wp\/wp-content\/uploads\/2019\/01\/1900006-120x120.jpg\" width=\"120\" height=\"120\" alt=\"Mittelspecht (Leiopicus medius)\" \/><\/a>\r\n<\/div><figcaption class=\"gallery-caption\" id=\"caption15558\"><span class=\"imagecaption\">Mittelspecht (Leiopicus medius)<\/span><br \/>\n<\/figcaption><\/figure>\r\n\t\t<\/div>\n\n","protected":false},"excerpt":{"rendered":"<p>Anmerkungen zum Januar 2019 Diese Seite \u00fcberspringen und gleich auf Seite 2 zu den Bildergalerien. Die aktuellsten Erlebnisse sind immer am Anfang dieser Zeilen. Die neuen Bilder sind ab der 2. Seite zu sehen. 24.01.2019 Einige Ansitze an meinen Luderpl\u00e4tzen brachten nicht den gew\u00fcnschten Erfolg. Doch die Anwesenheit von Elstern und Rotkehlchen lie\u00dfen keine Langeweile &hellip; <a href=\"https:\/\/www.naturfotografen-online.de\/wp\/bildergalerien-2\/monatsgalerien\/monatsgalerien-2019\/januar-2019\/\" class=\"more-link\"><span class=\"screen-reader-text\">Januar 2019<\/span> weiterlesen <span class=\"meta-nav\">&rarr;<\/span><\/a><\/p>\n","protected":false},"author":1,"featured_media":0,"parent":15550,"menu_order":0,"comment_status":"closed","ping_status":"closed","template":"page-templates\/full-width.php","meta":{"footnotes":""},"class_list":["post-15557","page","type-page","status-publish","hentry"],"_links":{"self":[{"href":"https:\/\/www.naturfotografen-online.de\/wp\/wp-json\/wp\/v2\/pages\/15557","targetHints":{"allow":["GET"]}}],"collection":[{"href":"https:\/\/www.naturfotografen-online.de\/wp\/wp-json\/wp\/v2\/pages"}],"about":[{"href":"https:\/\/www.naturfotografen-online.de\/wp\/wp-json\/wp\/v2\/types\/page"}],"author":[{"embeddable":true,"href":"https:\/\/www.naturfotografen-online.de\/wp\/wp-json\/wp\/v2\/users\/1"}],"replies":[{"embeddable":true,"href":"https:\/\/www.naturfotografen-online.de\/wp\/wp-json\/wp\/v2\/comments?post=15557"}],"version-history":[{"count":27,"href":"https:\/\/www.naturfotografen-online.de\/wp\/wp-json\/wp\/v2\/pages\/15557\/revisions"}],"predecessor-version":[{"id":16000,"href":"https:\/\/www.naturfotografen-online.de\/wp\/wp-json\/wp\/v2\/pages\/15557\/revisions\/16000"}],"up":[{"embeddable":true,"href":"https:\/\/www.naturfotografen-online.de\/wp\/wp-json\/wp\/v2\/pages\/15550"}],"wp:attachment":[{"href":"https:\/\/www.naturfotografen-online.de\/wp\/wp-json\/wp\/v2\/media?parent=15557"}],"curies":[{"name":"wp","href":"https:\/\/api.w.org\/{rel}","templated":true}]}}