{"id":27808,"date":"2020-11-01T14:21:46","date_gmt":"2020-11-01T13:21:46","guid":{"rendered":"https:\/\/www.naturfotografen-online.de\/wp\/?page_id=27808"},"modified":"2020-11-30T20:47:09","modified_gmt":"2020-11-30T19:47:09","slug":"november-2020","status":"publish","type":"page","link":"https:\/\/www.naturfotografen-online.de\/wp\/bildergalerien-2\/monatsgalerien\/monatsgalerien-2020\/november-2020\/","title":{"rendered":"November 2020"},"content":{"rendered":"<p><em><strong>Anmerkungen zum November 2020<br \/>\n<\/strong><a href=\"http:\/\/www.naturfotografen-online.de\/wp\/bildergalerien-2\/monatsgalerien\/monatsgalerien-2020\/november-2020\/2\/\"><strong>Diese Seite \u00fcberspringen<\/strong><\/a><\/em> und gleich auf Seite 2 zu den Bildergalerien. Die aktuellsten Informationen sind immer auf der Seite 1 in dieser Bildergalerie. Die neuen Bilder sind ab der 2. Seite zu sehen.<br \/>\nUm \u00fcber die Suchfunktion Motive zu finden welche nicht als eigene Bildergalerien angelegt sind, f\u00fchre ich diese in den jeweiligen Monatsgalerien auf. Zum einen dient dies dazu dass ein Besucher Informationen bekommt was ihn erwartet, zum anderen werden diese Motive von der Suchfunktion erkannt.<em><br \/>\n<\/em><\/p>\n<p><em><strong>Hinweis:<\/strong><\/em> In dieser Monatsgalerie sind folgende Motive zu finden:<br \/>\n<span style=\"color: #99ccff;\"><em><span style=\"color: #00ccff;\"><a href=\"https:\/\/www.naturfotografen-online.de\/wp\/portfolio\/hohenheimer-park\/\">Hohenheimer Exotenpark<\/a>, <a href=\"https:\/\/www.naturfotografen-online.de\/wp\/bildergalerien-2\/spechte\/gruenspecht-2\/\">Gr\u00fcnspecht<\/a>, <a href=\"https:\/\/www.naturfotografen-online.de\/wp\/bildergalerien-2\/tiere\/eichhoernchen\/\">Eichh\u00f6rnchen<\/a>, <a href=\"https:\/\/www.naturfotografen-online.de\/wp\/bildergalerien-2\/maeusebussard-2\/\">M\u00e4usebussard<\/a>, <a href=\"https:\/\/www.naturfotografen-online.de\/wp\/bildergalerien-2\/wasservoegel\/stockente\/\">Stockente<\/a>, <a href=\"https:\/\/www.naturfotografen-online.de\/wp\/bildergalerien-2\/eulen\/steinkauz-2\/\">Steinkauz<\/a><\/span><br \/>\n<\/em><\/span><em>Bl\u00e4ttern Sie einfach durch die Bildergalerie<\/em><span style=\"color: #99ccff;\"><em><br \/>\n<\/em><\/span><\/p>\n<p>17.11.2020<br \/>\nDa ein Hermelin mich sehr wahrscheinlich die n\u00e4chsten Tage\/Wochen erfreut, werde ich immer wieder Bilder davon hochladen. Um nicht die Monatsgalerien damit zu f\u00fcllen, habe ich eine <a href=\"https:\/\/www.naturfotografen-online.de\/wp\/allgemein\/hermelin-2020\/\"><em><strong>extra Seite mit dem Hermelin<\/strong><\/em><\/a> eingerichtet.<\/p>\n<p>15.11.2020<br \/>\nNach acht Jahren ohne Erfolg bei den Hermelinen hat es jetzt wieder einmal \u00fcberraschend geklappt. Leider war das Licht etwas zu hart, doch bei diesem Motiv war es Nebensache. Sehr lange war das Hermelin bereit f\u00fcr mich als Fotomodel zu agieren.<\/p>\n<p>08.11.2020<br \/>\nDer Exotenpark von Hohenheim ist jetzt im Herbst immer einen Besuch wert. Bunte Laubf\u00e4rbung und vor allem Eichh\u00f6rnchen welche eifrig dabei sind Fr\u00fcchte zu sammeln um diese zu vergraben.<\/p>\n<p>05.11.2020<br \/>\nEin weiterer Ansitz bei den Steink\u00e4uzen war erfolgreich. Noch bei gen\u00fcgend Tageslicht zeigte sich der Kauz am H\u00f6hleneingang.<\/p>\n<p>01.11.2020<br \/>\nDer letzte Oktobertag brachte noch einmal sehr sch\u00f6nes Wetter und bei den Steink\u00e4uzen war auch etwas los. Doch man merkt die Stunde, welche zur\u00fcckgestellt wurde. Sehr schnell wird es dunkel und die Verschlusszeten wurden immer l\u00e4nger. Die letzten Bilder wurden mit 1\/4 Sekunde belichtet.<\/p>\n<p><!--nextpage--><\/p>\n\n\t\t<div id='gallery-1' class='gallery galleryid-27808 gallery-columns-7 gallery-size-thumbnail gallery1'><script type=\"text\/javascript\">\r\n\/\/ <![CDATA[\r\n\tjQuery(document).ready(function () {\r\n\t\tjQuery(\".gallery1 a\").attr(\"rel\",\"gallery1\");\t\r\n\t\tjQuery('a[rel=\"gallery1\"]').colorbox({maxWidth:\"95%\", maxHeight:\"95%\",title: function(){ return jQuery(this).children().attr(\"alt\"); }, });\r\n\t});\r\n\/\/ ]]>\r\n<\/script>\n\r\n\t\t\t<style type=\"text\/css\">\r\n\t\t\t\t#cboxCurrent { display:none !important; }\r\n\t\t\t<\/style>\n<figure class=\"gallery-item\">\n<div class=\"gallery-icon\">\r\n<a href=\"https:\/\/www.naturfotografen-online.de\/wp\/wp-content\/uploads\/2020\/11\/2010103.jpg\" title=\"Hermelin (Mustela erminea)\" rel=\"gallery1\"><img loading=\"lazy\" decoding=\"async\" src=\"https:\/\/www.naturfotografen-online.de\/wp\/wp-content\/uploads\/2020\/11\/2010103-120x120.jpg\" width=\"120\" height=\"120\" alt=\"Hermelin (Mustela erminea)\" \/><\/a>\r\n<\/div><figcaption class=\"gallery-caption\" id=\"caption28042\"><span class=\"imagecaption\">Hermelin (Mustela erminea)<\/span><br \/>\n<\/figcaption><\/figure><figure class=\"gallery-item\">\n<div class=\"gallery-icon\">\r\n<a href=\"https:\/\/www.naturfotografen-online.de\/wp\/wp-content\/uploads\/2020\/11\/2010094.jpg\" title=\"Hermelin (Mustela erminea)\" rel=\"gallery1\"><img loading=\"lazy\" decoding=\"async\" src=\"https:\/\/www.naturfotografen-online.de\/wp\/wp-content\/uploads\/2020\/11\/2010094-120x120.jpg\" width=\"120\" height=\"120\" alt=\"Hermelin (Mustela erminea)\" \/><\/a>\r\n<\/div><figcaption class=\"gallery-caption\" id=\"caption28015\"><span class=\"imagecaption\">Hermelin (Mustela erminea)<\/span><br \/>\n<\/figcaption><\/figure><figure class=\"gallery-item\">\n<div class=\"gallery-icon\">\r\n<a href=\"https:\/\/www.naturfotografen-online.de\/wp\/wp-content\/uploads\/2020\/11\/2010090.jpg\" title=\"Hermelin (Mustela erminea)\" rel=\"gallery1\"><img loading=\"lazy\" decoding=\"async\" src=\"https:\/\/www.naturfotografen-online.de\/wp\/wp-content\/uploads\/2020\/11\/2010090-120x120.jpg\" width=\"120\" height=\"120\" alt=\"Hermelin (Mustela erminea)\" \/><\/a>\r\n<\/div><figcaption class=\"gallery-caption\" id=\"caption28019\"><span class=\"imagecaption\">Hermelin (Mustela erminea)<\/span><br \/>\n<\/figcaption><\/figure><figure class=\"gallery-item\">\n<div class=\"gallery-icon\">\r\n<a href=\"https:\/\/www.naturfotografen-online.de\/wp\/wp-content\/uploads\/2020\/11\/2010126.jpg\" title=\"Hermelin (Mustela erminea)\" rel=\"gallery1\"><img loading=\"lazy\" decoding=\"async\" src=\"https:\/\/www.naturfotografen-online.de\/wp\/wp-content\/uploads\/2020\/11\/2010126-120x120.jpg\" width=\"120\" height=\"120\" alt=\"Hermelin (Mustela erminea)\" \/><\/a>\r\n<\/div><figcaption class=\"gallery-caption\" id=\"caption28021\"><span class=\"imagecaption\">Hermelin (Mustela erminea)<\/span><br \/>\n<\/figcaption><\/figure><figure class=\"gallery-item\">\n<div class=\"gallery-icon\">\r\n<a href=\"https:\/\/www.naturfotografen-online.de\/wp\/wp-content\/uploads\/2020\/11\/2010121.jpg\" title=\"Hermelin (Mustela erminea)\" rel=\"gallery1\"><img loading=\"lazy\" decoding=\"async\" src=\"https:\/\/www.naturfotografen-online.de\/wp\/wp-content\/uploads\/2020\/11\/2010121-120x120.jpg\" width=\"120\" height=\"120\" alt=\"Hermelin (Mustela erminea)\" \/><\/a>\r\n<\/div><figcaption class=\"gallery-caption\" id=\"caption28026\"><span class=\"imagecaption\">Hermelin (Mustela erminea)<\/span><br \/>\n<\/figcaption><\/figure><figure class=\"gallery-item\">\n<div class=\"gallery-icon\">\r\n<a href=\"https:\/\/www.naturfotografen-online.de\/wp\/wp-content\/uploads\/2020\/11\/2010119.jpg\" title=\"Hermelin (Mustela erminea) beim graben\" rel=\"gallery1\"><img loading=\"lazy\" decoding=\"async\" src=\"https:\/\/www.naturfotografen-online.de\/wp\/wp-content\/uploads\/2020\/11\/2010119-120x120.jpg\" width=\"120\" height=\"120\" alt=\"Hermelin (Mustela erminea) beim graben\" \/><\/a>\r\n<\/div><figcaption class=\"gallery-caption\" id=\"caption28028\"><span class=\"imagecaption\">Hermelin (Mustela erminea) beim graben<\/span><br \/>\n<\/figcaption><\/figure><figure class=\"gallery-item\">\n<div class=\"gallery-icon\">\r\n<a href=\"https:\/\/www.naturfotografen-online.de\/wp\/wp-content\/uploads\/2020\/11\/2010104.jpg\" title=\"Hermelin (Mustela erminea)\" rel=\"gallery1\"><img loading=\"lazy\" decoding=\"async\" src=\"https:\/\/www.naturfotografen-online.de\/wp\/wp-content\/uploads\/2020\/11\/2010104-120x120.jpg\" width=\"120\" height=\"120\" alt=\"Hermelin (Mustela erminea)\" \/><\/a>\r\n<\/div><figcaption class=\"gallery-caption\" id=\"caption28041\"><span class=\"imagecaption\">Hermelin (Mustela erminea)<\/span><br \/>\n<\/figcaption><\/figure><figure class=\"gallery-item\">\n<div class=\"gallery-icon\">\r\n<a href=\"https:\/\/www.naturfotografen-online.de\/wp\/wp-content\/uploads\/2020\/11\/2010102.jpg\" title=\"Hermelin (Mustela erminea) in Bewegung\" rel=\"gallery1\"><img loading=\"lazy\" decoding=\"async\" src=\"https:\/\/www.naturfotografen-online.de\/wp\/wp-content\/uploads\/2020\/11\/2010102-120x120.jpg\" width=\"120\" height=\"120\" alt=\"Hermelin (Mustela erminea) in Bewegung\" \/><\/a>\r\n<\/div><figcaption class=\"gallery-caption\" id=\"caption28043\"><span class=\"imagecaption\">Hermelin (Mustela erminea) in Bewegung<\/span><br \/>\n<\/figcaption><\/figure><figure class=\"gallery-item\">\n<div class=\"gallery-icon\">\r\n<a href=\"https:\/\/www.naturfotografen-online.de\/wp\/wp-content\/uploads\/2020\/11\/2010097.jpg\" title=\"Hermelin (Mustela erminea)\" rel=\"gallery1\"><img loading=\"lazy\" decoding=\"async\" src=\"https:\/\/www.naturfotografen-online.de\/wp\/wp-content\/uploads\/2020\/11\/2010097-120x120.jpg\" width=\"120\" height=\"120\" alt=\"Hermelin (Mustela erminea)\" \/><\/a>\r\n<\/div><figcaption class=\"gallery-caption\" id=\"caption28047\"><span class=\"imagecaption\">Hermelin (Mustela erminea)<\/span><br \/>\n<\/figcaption><\/figure><figure class=\"gallery-item\">\n<div class=\"gallery-icon\">\r\n<a href=\"https:\/\/www.naturfotografen-online.de\/wp\/wp-content\/uploads\/2020\/11\/2010095.jpg\" title=\"Hermelin (Mustela erminea)\" rel=\"gallery1\"><img loading=\"lazy\" decoding=\"async\" src=\"https:\/\/www.naturfotografen-online.de\/wp\/wp-content\/uploads\/2020\/11\/2010095-120x120.jpg\" width=\"120\" height=\"120\" alt=\"Hermelin (Mustela erminea)\" \/><\/a>\r\n<\/div><figcaption class=\"gallery-caption\" id=\"caption28049\"><span class=\"imagecaption\">Hermelin (Mustela erminea)<\/span><br \/>\n<\/figcaption><\/figure><figure class=\"gallery-item\">\n<div class=\"gallery-icon\">\r\n<a href=\"https:\/\/www.naturfotografen-online.de\/wp\/wp-content\/uploads\/2020\/11\/2010088.jpg\" title=\"Hermelin (Mustela erminea)\" rel=\"gallery1\"><img loading=\"lazy\" decoding=\"async\" src=\"https:\/\/www.naturfotografen-online.de\/wp\/wp-content\/uploads\/2020\/11\/2010088-120x120.jpg\" width=\"120\" height=\"120\" alt=\"Hermelin (Mustela erminea)\" \/><\/a>\r\n<\/div><figcaption class=\"gallery-caption\" id=\"caption28050\"><span class=\"imagecaption\">Hermelin (Mustela erminea)<\/span><br \/>\n<\/figcaption><\/figure><figure class=\"gallery-item\">\n<div class=\"gallery-icon\">\r\n<a href=\"https:\/\/www.naturfotografen-online.de\/wp\/wp-content\/uploads\/2020\/11\/2010086.jpg\" title=\"Hermelin (Mustela erminea) schaut ob die Luft rein ist\" rel=\"gallery1\"><img loading=\"lazy\" decoding=\"async\" src=\"https:\/\/www.naturfotografen-online.de\/wp\/wp-content\/uploads\/2020\/11\/2010086-120x120.jpg\" width=\"120\" height=\"120\" alt=\"Hermelin (Mustela erminea) schaut ob die Luft rein ist\" \/><\/a>\r\n<\/div><figcaption class=\"gallery-caption\" id=\"caption28052\"><span class=\"imagecaption\">Hermelin (Mustela erminea) schaut ob die Luft rein ist<\/span><br \/>\n<\/figcaption><\/figure><figure class=\"gallery-item\">\n<div class=\"gallery-icon\">\r\n<a href=\"https:\/\/www.naturfotografen-online.de\/wp\/wp-content\/uploads\/2020\/11\/2010080.jpg\" title=\"Hermelin (Mustela erminea)\" rel=\"gallery1\"><img loading=\"lazy\" decoding=\"async\" src=\"https:\/\/www.naturfotografen-online.de\/wp\/wp-content\/uploads\/2020\/11\/2010080-120x120.jpg\" width=\"120\" height=\"120\" alt=\"Hermelin (Mustela erminea)\" \/><\/a>\r\n<\/div><figcaption class=\"gallery-caption\" id=\"caption28057\"><span class=\"imagecaption\">Hermelin (Mustela erminea)<\/span><br \/>\n<\/figcaption><\/figure><figure class=\"gallery-item\">\n<div class=\"gallery-icon\">\r\n<a href=\"https:\/\/www.naturfotografen-online.de\/wp\/wp-content\/uploads\/2020\/11\/2010079.jpg\" title=\"Hermelin (Mustela erminea)\" rel=\"gallery1\"><img loading=\"lazy\" decoding=\"async\" src=\"https:\/\/www.naturfotografen-online.de\/wp\/wp-content\/uploads\/2020\/11\/2010079-120x120.jpg\" width=\"120\" height=\"120\" alt=\"Hermelin (Mustela erminea)\" \/><\/a>\r\n<\/div><figcaption class=\"gallery-caption\" id=\"caption28058\"><span class=\"imagecaption\">Hermelin (Mustela erminea)<\/span><br \/>\n<\/figcaption><\/figure><figure class=\"gallery-item\">\n<div class=\"gallery-icon\">\r\n<a href=\"https:\/\/www.naturfotografen-online.de\/wp\/wp-content\/uploads\/2020\/11\/2010075.jpg\" title=\"Hermelin (Mustela erminea)\" rel=\"gallery1\"><img loading=\"lazy\" decoding=\"async\" src=\"https:\/\/www.naturfotografen-online.de\/wp\/wp-content\/uploads\/2020\/11\/2010075-120x120.jpg\" width=\"120\" height=\"120\" alt=\"Hermelin (Mustela erminea)\" \/><\/a>\r\n<\/div><figcaption class=\"gallery-caption\" id=\"caption27994\"><span class=\"imagecaption\">Hermelin (Mustela erminea)<\/span><br \/>\n<\/figcaption><\/figure><figure class=\"gallery-item\">\n<div class=\"gallery-icon\">\r\n<a href=\"https:\/\/www.naturfotografen-online.de\/wp\/wp-content\/uploads\/2020\/11\/2010074.jpg\" title=\"Hermelin (Mustela erminea)\" rel=\"gallery1\"><img loading=\"lazy\" decoding=\"async\" src=\"https:\/\/www.naturfotografen-online.de\/wp\/wp-content\/uploads\/2020\/11\/2010074-120x120.jpg\" width=\"120\" height=\"120\" alt=\"Hermelin (Mustela erminea)\" \/><\/a>\r\n<\/div><figcaption class=\"gallery-caption\" id=\"caption27993\"><span class=\"imagecaption\">Hermelin (Mustela erminea)<\/span><br \/>\n<\/figcaption><\/figure><figure class=\"gallery-item\">\n<div class=\"gallery-icon\">\r\n<a href=\"https:\/\/www.naturfotografen-online.de\/wp\/wp-content\/uploads\/2020\/11\/2010073.jpg\" title=\"Hermelin (Mustela erminea)\" rel=\"gallery1\"><img loading=\"lazy\" decoding=\"async\" src=\"https:\/\/www.naturfotografen-online.de\/wp\/wp-content\/uploads\/2020\/11\/2010073-120x120.jpg\" width=\"120\" height=\"120\" alt=\"Hermelin (Mustela erminea)\" \/><\/a>\r\n<\/div><figcaption class=\"gallery-caption\" id=\"caption27992\"><span class=\"imagecaption\">Hermelin (Mustela erminea)<\/span><br \/>\n<\/figcaption><\/figure><figure class=\"gallery-item\">\n<div class=\"gallery-icon\">\r\n<a href=\"https:\/\/www.naturfotografen-online.de\/wp\/wp-content\/uploads\/2020\/11\/2010072.jpg\" title=\"Hermelin (Mustela erminea)\" rel=\"gallery1\"><img loading=\"lazy\" decoding=\"async\" src=\"https:\/\/www.naturfotografen-online.de\/wp\/wp-content\/uploads\/2020\/11\/2010072-120x120.jpg\" width=\"120\" height=\"120\" alt=\"Hermelin (Mustela erminea)\" \/><\/a>\r\n<\/div><figcaption class=\"gallery-caption\" id=\"caption27991\"><span class=\"imagecaption\">Hermelin (Mustela erminea)<\/span><br \/>\n<\/figcaption><\/figure><figure class=\"gallery-item\">\n<div class=\"gallery-icon\">\r\n<a href=\"https:\/\/www.naturfotografen-online.de\/wp\/wp-content\/uploads\/2020\/11\/2010058.jpg\" title=\"Hermelin (Mustela erminea)\" rel=\"gallery1\"><img loading=\"lazy\" decoding=\"async\" src=\"https:\/\/www.naturfotografen-online.de\/wp\/wp-content\/uploads\/2020\/11\/2010058-120x120.jpg\" width=\"120\" height=\"120\" alt=\"Hermelin (Mustela erminea)\" \/><\/a>\r\n<\/div><figcaption class=\"gallery-caption\" id=\"caption27977\"><span class=\"imagecaption\">Hermelin (Mustela erminea)<\/span><br \/>\n<\/figcaption><\/figure><figure class=\"gallery-item\">\n<div class=\"gallery-icon\">\r\n<a href=\"https:\/\/www.naturfotografen-online.de\/wp\/wp-content\/uploads\/2020\/11\/2010064.jpg\" title=\"Hermelin (Mustela erminea)\" rel=\"gallery1\"><img loading=\"lazy\" decoding=\"async\" src=\"https:\/\/www.naturfotografen-online.de\/wp\/wp-content\/uploads\/2020\/11\/2010064-120x120.jpg\" width=\"120\" height=\"120\" alt=\"Hermelin (Mustela erminea)\" \/><\/a>\r\n<\/div><figcaption class=\"gallery-caption\" id=\"caption27983\"><span class=\"imagecaption\">Hermelin (Mustela erminea)<\/span><br \/>\n<\/figcaption><\/figure><figure class=\"gallery-item\">\n<div class=\"gallery-icon\">\r\n<a href=\"https:\/\/www.naturfotografen-online.de\/wp\/wp-content\/uploads\/2020\/11\/2010065.jpg\" title=\"Hermelin (Mustela erminea) nimmt Material mit in den Bau\" rel=\"gallery1\"><img loading=\"lazy\" decoding=\"async\" src=\"https:\/\/www.naturfotografen-online.de\/wp\/wp-content\/uploads\/2020\/11\/2010065-120x120.jpg\" width=\"120\" height=\"120\" alt=\"Hermelin (Mustela erminea)\" \/><\/a>\r\n<\/div><figcaption class=\"gallery-caption\" id=\"caption27984\"><span class=\"imagecaption\">Hermelin (Mustela erminea) nimmt Material mit in den Bau<\/span><br \/>\n<\/figcaption><\/figure><figure class=\"gallery-item\">\n<div class=\"gallery-icon\">\r\n<a href=\"https:\/\/www.naturfotografen-online.de\/wp\/wp-content\/uploads\/2020\/11\/2010068.jpg\" title=\"Hermelin (Mustela erminea)\" rel=\"gallery1\"><img loading=\"lazy\" decoding=\"async\" src=\"https:\/\/www.naturfotografen-online.de\/wp\/wp-content\/uploads\/2020\/11\/2010068-120x120.jpg\" width=\"120\" height=\"120\" alt=\"Hermelin (Mustela erminea)\" \/><\/a>\r\n<\/div><figcaption class=\"gallery-caption\" id=\"caption27987\"><span class=\"imagecaption\">Hermelin (Mustela erminea)<\/span><br \/>\n<\/figcaption><\/figure><figure class=\"gallery-item\">\n<div class=\"gallery-icon\">\r\n<a href=\"https:\/\/www.naturfotografen-online.de\/wp\/wp-content\/uploads\/2020\/11\/2010047.jpg\" title=\"Hermelin (Mustela erminea)\" rel=\"gallery1\"><img loading=\"lazy\" decoding=\"async\" src=\"https:\/\/www.naturfotografen-online.de\/wp\/wp-content\/uploads\/2020\/11\/2010047-120x120.jpg\" width=\"120\" height=\"120\" alt=\"Hermelin (Mustela erminea)\" \/><\/a>\r\n<\/div><figcaption class=\"gallery-caption\" id=\"caption27966\"><span class=\"imagecaption\">Hermelin (Mustela erminea)<\/span><br \/>\n<\/figcaption><\/figure><figure class=\"gallery-item\">\n<div class=\"gallery-icon\">\r\n<a href=\"https:\/\/www.naturfotografen-online.de\/wp\/wp-content\/uploads\/2020\/11\/2010045.jpg\" title=\"Hermelin (Mustela erminea)\" rel=\"gallery1\"><img loading=\"lazy\" decoding=\"async\" src=\"https:\/\/www.naturfotografen-online.de\/wp\/wp-content\/uploads\/2020\/11\/2010045-120x120.jpg\" width=\"120\" height=\"120\" alt=\"Hermelin (Mustela erminea)\" \/><\/a>\r\n<\/div><figcaption class=\"gallery-caption\" id=\"caption27964\"><span class=\"imagecaption\">Hermelin (Mustela erminea)<\/span><br \/>\n<\/figcaption><\/figure><figure class=\"gallery-item\">\n<div class=\"gallery-icon\">\r\n<a href=\"https:\/\/www.naturfotografen-online.de\/wp\/wp-content\/uploads\/2020\/11\/2010044.jpg\" title=\"Hermelin (Mustela erminea)\" rel=\"gallery1\"><img loading=\"lazy\" decoding=\"async\" src=\"https:\/\/www.naturfotografen-online.de\/wp\/wp-content\/uploads\/2020\/11\/2010044-120x120.jpg\" width=\"120\" height=\"120\" alt=\"Hermelin (Mustela erminea)\" \/><\/a>\r\n<\/div><figcaption class=\"gallery-caption\" id=\"caption27963\"><span class=\"imagecaption\">Hermelin (Mustela erminea)<\/span><br \/>\n<\/figcaption><\/figure><figure class=\"gallery-item\">\n<div class=\"gallery-icon\">\r\n<a href=\"https:\/\/www.naturfotografen-online.de\/wp\/wp-content\/uploads\/2020\/11\/2010050.jpg\" title=\"Hermelin (Mustela erminea)\" rel=\"gallery1\"><img loading=\"lazy\" decoding=\"async\" src=\"https:\/\/www.naturfotografen-online.de\/wp\/wp-content\/uploads\/2020\/11\/2010050-120x120.jpg\" width=\"120\" height=\"120\" alt=\"Hermelin (Mustela erminea)\" \/><\/a>\r\n<\/div><figcaption class=\"gallery-caption\" id=\"caption27969\"><span class=\"imagecaption\">Hermelin (Mustela erminea)<\/span><br \/>\n<\/figcaption><\/figure><figure class=\"gallery-item\">\n<div class=\"gallery-icon\">\r\n<a href=\"https:\/\/www.naturfotografen-online.de\/wp\/wp-content\/uploads\/2020\/11\/2010051.jpg\" title=\"Hermelin (Mustela erminea)\" rel=\"gallery1\"><img loading=\"lazy\" decoding=\"async\" src=\"https:\/\/www.naturfotografen-online.de\/wp\/wp-content\/uploads\/2020\/11\/2010051-120x120.jpg\" width=\"120\" height=\"120\" alt=\"Hermelin (Mustela erminea)\" \/><\/a>\r\n<\/div><figcaption class=\"gallery-caption\" id=\"caption27970\"><span class=\"imagecaption\">Hermelin (Mustela erminea)<\/span><br \/>\n<\/figcaption><\/figure><figure class=\"gallery-item\">\n<div class=\"gallery-icon\">\r\n<a href=\"https:\/\/www.naturfotografen-online.de\/wp\/wp-content\/uploads\/2020\/11\/2010055.jpg\" title=\"Hermelin (Mustela erminea)\" rel=\"gallery1\"><img loading=\"lazy\" decoding=\"async\" src=\"https:\/\/www.naturfotografen-online.de\/wp\/wp-content\/uploads\/2020\/11\/2010055-120x120.jpg\" width=\"120\" height=\"120\" alt=\"Hermelin (Mustela erminea)\" \/><\/a>\r\n<\/div><figcaption class=\"gallery-caption\" id=\"caption27974\"><span class=\"imagecaption\">Hermelin (Mustela erminea)<\/span><br \/>\n<\/figcaption><\/figure>\r\n\t\t<\/div>\n\n<p><!--nextpage--><\/p>\n\n\t\t<div id='gallery-2' class='gallery galleryid-27808 gallery-columns-7 gallery-size-thumbnail gallery1'><script type=\"text\/javascript\">\r\n\/\/ <![CDATA[\r\n\tjQuery(document).ready(function () {\r\n\t\tjQuery(\".gallery1 a\").attr(\"rel\",\"gallery1\");\t\r\n\t\tjQuery('a[rel=\"gallery1\"]').colorbox({maxWidth:\"95%\", maxHeight:\"95%\",title: function(){ return jQuery(this).children().attr(\"alt\"); }, });\r\n\t});\r\n\/\/ ]]>\r\n<\/script>\n\r\n\t\t\t<style type=\"text\/css\">\r\n\t\t\t\t#cboxCurrent { display:none !important; }\r\n\t\t\t<\/style>\n<figure class=\"gallery-item\">\n<div class=\"gallery-icon\">\r\n<a href=\"https:\/\/www.naturfotografen-online.de\/wp\/wp-content\/uploads\/2020\/11\/2009981.jpg\" title=\"Hermelin (Mustela erminea)\" rel=\"gallery1\"><img loading=\"lazy\" decoding=\"async\" src=\"https:\/\/www.naturfotografen-online.de\/wp\/wp-content\/uploads\/2020\/11\/2009981-120x120.jpg\" width=\"120\" height=\"120\" alt=\"Hermelin (Mustela erminea)\" \/><\/a>\r\n<\/div><figcaption class=\"gallery-caption\" id=\"caption27930\"><span class=\"imagecaption\">Hermelin (Mustela erminea)<\/span><br \/>\n<\/figcaption><\/figure><figure class=\"gallery-item\">\n<div class=\"gallery-icon\">\r\n<a href=\"https:\/\/www.naturfotografen-online.de\/wp\/wp-content\/uploads\/2020\/11\/2009983.jpg\" title=\"Hermelin (Mustela erminea)\" rel=\"gallery1\"><img loading=\"lazy\" decoding=\"async\" src=\"https:\/\/www.naturfotografen-online.de\/wp\/wp-content\/uploads\/2020\/11\/2009983-120x120.jpg\" width=\"120\" height=\"120\" alt=\"Hermelin (Mustela erminea)\" \/><\/a>\r\n<\/div><figcaption class=\"gallery-caption\" id=\"caption27931\"><span class=\"imagecaption\">Hermelin (Mustela erminea)<\/span><br \/>\n<\/figcaption><\/figure><figure class=\"gallery-item\">\n<div class=\"gallery-icon\">\r\n<a href=\"https:\/\/www.naturfotografen-online.de\/wp\/wp-content\/uploads\/2020\/11\/2009986.jpg\" title=\"Hermelin (Mustela erminea)\" rel=\"gallery1\"><img loading=\"lazy\" decoding=\"async\" src=\"https:\/\/www.naturfotografen-online.de\/wp\/wp-content\/uploads\/2020\/11\/2009986-120x120.jpg\" width=\"120\" height=\"120\" alt=\"Hermelin (Mustela erminea)\" \/><\/a>\r\n<\/div><figcaption class=\"gallery-caption\" id=\"caption27932\"><span class=\"imagecaption\">Hermelin (Mustela erminea)<\/span><br \/>\n<\/figcaption><\/figure><figure class=\"gallery-item\">\n<div class=\"gallery-icon\">\r\n<a href=\"https:\/\/www.naturfotografen-online.de\/wp\/wp-content\/uploads\/2020\/11\/2009988.jpg\" title=\"Hermelin (Mustela erminea)\" rel=\"gallery1\"><img loading=\"lazy\" decoding=\"async\" src=\"https:\/\/www.naturfotografen-online.de\/wp\/wp-content\/uploads\/2020\/11\/2009988-120x120.jpg\" width=\"120\" height=\"120\" alt=\"Hermelin (Mustela erminea)\" \/><\/a>\r\n<\/div><figcaption class=\"gallery-caption\" id=\"caption27933\"><span class=\"imagecaption\">Hermelin (Mustela erminea)<\/span><br \/>\n<\/figcaption><\/figure><figure class=\"gallery-item\">\n<div class=\"gallery-icon\">\r\n<a href=\"https:\/\/www.naturfotografen-online.de\/wp\/wp-content\/uploads\/2020\/11\/2009990.jpg\" title=\"Hermelin (Mustela erminea)\" rel=\"gallery1\"><img loading=\"lazy\" decoding=\"async\" src=\"https:\/\/www.naturfotografen-online.de\/wp\/wp-content\/uploads\/2020\/11\/2009990-120x120.jpg\" width=\"120\" height=\"120\" alt=\"Hermelin (Mustela erminea)\" \/><\/a>\r\n<\/div><figcaption class=\"gallery-caption\" id=\"caption27934\"><span class=\"imagecaption\">Hermelin (Mustela erminea)<\/span><br \/>\n<\/figcaption><\/figure><figure class=\"gallery-item\">\n<div class=\"gallery-icon\">\r\n<a href=\"https:\/\/www.naturfotografen-online.de\/wp\/wp-content\/uploads\/2020\/11\/2009991.jpg\" title=\"Hermelin (Mustela erminea)\" rel=\"gallery1\"><img loading=\"lazy\" decoding=\"async\" src=\"https:\/\/www.naturfotografen-online.de\/wp\/wp-content\/uploads\/2020\/11\/2009991-120x120.jpg\" width=\"120\" height=\"120\" alt=\"Hermelin (Mustela erminea)\" \/><\/a>\r\n<\/div><figcaption class=\"gallery-caption\" id=\"caption27935\"><span class=\"imagecaption\">Hermelin (Mustela erminea)<\/span><br \/>\n<\/figcaption><\/figure><figure class=\"gallery-item\">\n<div class=\"gallery-icon\">\r\n<a href=\"https:\/\/www.naturfotografen-online.de\/wp\/wp-content\/uploads\/2020\/11\/2009993.jpg\" title=\"Hermelin (Mustela erminea) nimmt Material mit in den Bau\" rel=\"gallery1\"><img loading=\"lazy\" decoding=\"async\" src=\"https:\/\/www.naturfotografen-online.de\/wp\/wp-content\/uploads\/2020\/11\/2009993-120x120.jpg\" width=\"120\" height=\"120\" alt=\"Hermelin (Mustela erminea) nimmt Material mit in den Bau\" \/><\/a>\r\n<\/div><figcaption class=\"gallery-caption\" id=\"caption27936\"><span class=\"imagecaption\">Hermelin (Mustela erminea) nimmt Material mit in den Bau<\/span><br \/>\n<\/figcaption><\/figure><figure class=\"gallery-item\">\n<div class=\"gallery-icon\">\r\n<a href=\"https:\/\/www.naturfotografen-online.de\/wp\/wp-content\/uploads\/2020\/11\/2009996.jpg\" title=\"Hermelin (Mustela erminea) nimmt Material mit in den Bau\" rel=\"gallery1\"><img loading=\"lazy\" decoding=\"async\" src=\"https:\/\/www.naturfotografen-online.de\/wp\/wp-content\/uploads\/2020\/11\/2009996-120x120.jpg\" width=\"120\" height=\"120\" alt=\"Hermelin (Mustela erminea) nimmt Material mit in den Bau\" \/><\/a>\r\n<\/div><figcaption class=\"gallery-caption\" id=\"caption27937\"><span class=\"imagecaption\">Hermelin (Mustela erminea) nimmt Material mit in den Bau<\/span><br \/>\n<\/figcaption><\/figure><figure class=\"gallery-item\">\n<div class=\"gallery-icon\">\r\n<a href=\"https:\/\/www.naturfotografen-online.de\/wp\/wp-content\/uploads\/2020\/11\/2010003.jpg\" title=\"Hermelin (Mustela erminea)\" rel=\"gallery1\"><img loading=\"lazy\" decoding=\"async\" src=\"https:\/\/www.naturfotografen-online.de\/wp\/wp-content\/uploads\/2020\/11\/2010003-120x120.jpg\" width=\"120\" height=\"120\" alt=\"Hermelin (Mustela erminea)\" \/><\/a>\r\n<\/div><figcaption class=\"gallery-caption\" id=\"caption27938\"><span class=\"imagecaption\">Hermelin (Mustela erminea)<\/span><br \/>\n<\/figcaption><\/figure><figure class=\"gallery-item\">\n<div class=\"gallery-icon\">\r\n<a href=\"https:\/\/www.naturfotografen-online.de\/wp\/wp-content\/uploads\/2020\/11\/2010007.jpg\" title=\"Hermelin (Mustela erminea)\" rel=\"gallery1\"><img loading=\"lazy\" decoding=\"async\" src=\"https:\/\/www.naturfotografen-online.de\/wp\/wp-content\/uploads\/2020\/11\/2010007-120x120.jpg\" width=\"120\" height=\"120\" alt=\"Hermelin (Mustela erminea)\" \/><\/a>\r\n<\/div><figcaption class=\"gallery-caption\" id=\"caption27939\"><span class=\"imagecaption\">Hermelin (Mustela erminea)<\/span><br \/>\n<\/figcaption><\/figure><figure class=\"gallery-item\">\n<div class=\"gallery-icon\">\r\n<a href=\"https:\/\/www.naturfotografen-online.de\/wp\/wp-content\/uploads\/2020\/11\/2010009.jpg\" title=\"Hermelin (Mustela erminea)\" rel=\"gallery1\"><img loading=\"lazy\" decoding=\"async\" src=\"https:\/\/www.naturfotografen-online.de\/wp\/wp-content\/uploads\/2020\/11\/2010009-120x120.jpg\" width=\"120\" height=\"120\" alt=\"Hermelin (Mustela erminea)\" \/><\/a>\r\n<\/div><figcaption class=\"gallery-caption\" id=\"caption27940\"><span class=\"imagecaption\">Hermelin (Mustela erminea)<\/span><br \/>\n<\/figcaption><\/figure><figure class=\"gallery-item\">\n<div class=\"gallery-icon\">\r\n<a href=\"https:\/\/www.naturfotografen-online.de\/wp\/wp-content\/uploads\/2020\/11\/2010012.jpg\" title=\"Hermelin (Mustela erminea)\" rel=\"gallery1\"><img loading=\"lazy\" decoding=\"async\" src=\"https:\/\/www.naturfotografen-online.de\/wp\/wp-content\/uploads\/2020\/11\/2010012-120x120.jpg\" width=\"120\" height=\"120\" alt=\"Hermelin (Mustela erminea)\" \/><\/a>\r\n<\/div><figcaption class=\"gallery-caption\" id=\"caption27941\"><span class=\"imagecaption\">Hermelin (Mustela erminea)<\/span><br \/>\n<\/figcaption><\/figure><figure class=\"gallery-item\">\n<div class=\"gallery-icon\">\r\n<a href=\"https:\/\/www.naturfotografen-online.de\/wp\/wp-content\/uploads\/2020\/11\/2010014.jpg\" title=\"Hermelin (Mustela erminea)\" rel=\"gallery1\"><img loading=\"lazy\" decoding=\"async\" src=\"https:\/\/www.naturfotografen-online.de\/wp\/wp-content\/uploads\/2020\/11\/2010014-120x120.jpg\" width=\"120\" height=\"120\" alt=\"Hermelin (Mustela erminea)\" \/><\/a>\r\n<\/div><figcaption class=\"gallery-caption\" id=\"caption27942\"><span class=\"imagecaption\">Hermelin (Mustela erminea)<\/span><br \/>\n<\/figcaption><\/figure><figure class=\"gallery-item\">\n<div class=\"gallery-icon\">\r\n<a href=\"https:\/\/www.naturfotografen-online.de\/wp\/wp-content\/uploads\/2020\/11\/2010015.jpg\" title=\"Hermelin (Mustela erminea)\" rel=\"gallery1\"><img loading=\"lazy\" decoding=\"async\" src=\"https:\/\/www.naturfotografen-online.de\/wp\/wp-content\/uploads\/2020\/11\/2010015-120x120.jpg\" width=\"120\" height=\"120\" alt=\"Hermelin (Mustela erminea)\" \/><\/a>\r\n<\/div><figcaption class=\"gallery-caption\" id=\"caption27943\"><span class=\"imagecaption\">Hermelin (Mustela erminea)<\/span><br \/>\n<\/figcaption><\/figure><figure class=\"gallery-item\">\n<div class=\"gallery-icon\">\r\n<a href=\"https:\/\/www.naturfotografen-online.de\/wp\/wp-content\/uploads\/2020\/11\/2010017.jpg\" title=\"Hermelin (Mustela erminea)\" rel=\"gallery1\"><img loading=\"lazy\" decoding=\"async\" src=\"https:\/\/www.naturfotografen-online.de\/wp\/wp-content\/uploads\/2020\/11\/2010017-120x120.jpg\" width=\"120\" height=\"120\" alt=\"Hermelin (Mustela erminea)\" \/><\/a>\r\n<\/div><figcaption class=\"gallery-caption\" id=\"caption27944\"><span class=\"imagecaption\">Hermelin (Mustela erminea)<\/span><br \/>\n<\/figcaption><\/figure><figure class=\"gallery-item\">\n<div class=\"gallery-icon\">\r\n<a href=\"https:\/\/www.naturfotografen-online.de\/wp\/wp-content\/uploads\/2020\/11\/2010018.jpg\" title=\"Hermelin (Mustela erminea)\" rel=\"gallery1\"><img loading=\"lazy\" decoding=\"async\" src=\"https:\/\/www.naturfotografen-online.de\/wp\/wp-content\/uploads\/2020\/11\/2010018-120x120.jpg\" width=\"120\" height=\"120\" alt=\"Hermelin (Mustela erminea)\" \/><\/a>\r\n<\/div><figcaption class=\"gallery-caption\" id=\"caption27945\"><span class=\"imagecaption\">Hermelin (Mustela erminea)<\/span><br \/>\n<\/figcaption><\/figure><figure class=\"gallery-item\">\n<div class=\"gallery-icon\">\r\n<a href=\"https:\/\/www.naturfotografen-online.de\/wp\/wp-content\/uploads\/2020\/11\/2010020.jpg\" title=\"Hermelin (Mustela erminea)\" rel=\"gallery1\"><img loading=\"lazy\" decoding=\"async\" src=\"https:\/\/www.naturfotografen-online.de\/wp\/wp-content\/uploads\/2020\/11\/2010020-120x120.jpg\" width=\"120\" height=\"120\" alt=\"Hermelin (Mustela erminea)\" \/><\/a>\r\n<\/div><figcaption class=\"gallery-caption\" id=\"caption27946\"><span class=\"imagecaption\">Hermelin (Mustela erminea)<\/span><br \/>\n<\/figcaption><\/figure><figure class=\"gallery-item\">\n<div class=\"gallery-icon\">\r\n<a href=\"https:\/\/www.naturfotografen-online.de\/wp\/wp-content\/uploads\/2020\/11\/2010021.jpg\" title=\"Hermelin (Mustela erminea)\" rel=\"gallery1\"><img loading=\"lazy\" decoding=\"async\" src=\"https:\/\/www.naturfotografen-online.de\/wp\/wp-content\/uploads\/2020\/11\/2010021-120x120.jpg\" width=\"120\" height=\"120\" alt=\"Hermelin (Mustela erminea)\" \/><\/a>\r\n<\/div><figcaption class=\"gallery-caption\" id=\"caption27947\"><span class=\"imagecaption\">Hermelin (Mustela erminea)<\/span><br \/>\n<\/figcaption><\/figure><figure class=\"gallery-item\">\n<div class=\"gallery-icon\">\r\n<a href=\"https:\/\/www.naturfotografen-online.de\/wp\/wp-content\/uploads\/2020\/11\/2010022.jpg\" title=\"Hermelin (Mustela erminea)\" rel=\"gallery1\"><img loading=\"lazy\" decoding=\"async\" src=\"https:\/\/www.naturfotografen-online.de\/wp\/wp-content\/uploads\/2020\/11\/2010022-120x120.jpg\" width=\"120\" height=\"120\" alt=\"Hermelin (Mustela erminea)\" \/><\/a>\r\n<\/div><figcaption class=\"gallery-caption\" id=\"caption27948\"><span class=\"imagecaption\">Hermelin (Mustela erminea)<\/span><br \/>\n<\/figcaption><\/figure><figure class=\"gallery-item\">\n<div class=\"gallery-icon\">\r\n<a href=\"https:\/\/www.naturfotografen-online.de\/wp\/wp-content\/uploads\/2020\/11\/2010023.jpg\" title=\"Hermelin (Mustela erminea)\" rel=\"gallery1\"><img loading=\"lazy\" decoding=\"async\" src=\"https:\/\/www.naturfotografen-online.de\/wp\/wp-content\/uploads\/2020\/11\/2010023-120x120.jpg\" width=\"120\" height=\"120\" alt=\"Hermelin (Mustela erminea)\" \/><\/a>\r\n<\/div><figcaption class=\"gallery-caption\" id=\"caption27949\"><span class=\"imagecaption\">Hermelin (Mustela erminea)<\/span><br \/>\n<\/figcaption><\/figure><figure class=\"gallery-item\">\n<div class=\"gallery-icon\">\r\n<a href=\"https:\/\/www.naturfotografen-online.de\/wp\/wp-content\/uploads\/2020\/11\/2010028.jpg\" title=\"Hermelin (Mustela erminea)\" rel=\"gallery1\"><img loading=\"lazy\" decoding=\"async\" src=\"https:\/\/www.naturfotografen-online.de\/wp\/wp-content\/uploads\/2020\/11\/2010028-120x120.jpg\" width=\"120\" height=\"120\" alt=\"Hermelin (Mustela erminea)\" \/><\/a>\r\n<\/div><figcaption class=\"gallery-caption\" id=\"caption27950\"><span class=\"imagecaption\">Hermelin (Mustela erminea)<\/span><br \/>\n<\/figcaption><\/figure><figure class=\"gallery-item\">\n<div class=\"gallery-icon\">\r\n<a href=\"https:\/\/www.naturfotografen-online.de\/wp\/wp-content\/uploads\/2020\/11\/2010029.jpg\" title=\"Hermelin (Mustela erminea)\" rel=\"gallery1\"><img loading=\"lazy\" decoding=\"async\" src=\"https:\/\/www.naturfotografen-online.de\/wp\/wp-content\/uploads\/2020\/11\/2010029-120x120.jpg\" width=\"120\" height=\"120\" alt=\"Hermelin (Mustela erminea)\" \/><\/a>\r\n<\/div><figcaption class=\"gallery-caption\" id=\"caption27951\"><span class=\"imagecaption\">Hermelin (Mustela erminea)<\/span><br \/>\n<\/figcaption><\/figure><figure class=\"gallery-item\">\n<div class=\"gallery-icon\">\r\n<a href=\"https:\/\/www.naturfotografen-online.de\/wp\/wp-content\/uploads\/2020\/11\/2010030.jpg\" title=\"Hermelin (Mustela erminea)\" rel=\"gallery1\"><img loading=\"lazy\" decoding=\"async\" src=\"https:\/\/www.naturfotografen-online.de\/wp\/wp-content\/uploads\/2020\/11\/2010030-120x120.jpg\" width=\"120\" height=\"120\" alt=\"Hermelin (Mustela erminea)\" \/><\/a>\r\n<\/div><figcaption class=\"gallery-caption\" id=\"caption27952\"><span class=\"imagecaption\">Hermelin (Mustela erminea)<\/span><br \/>\n<\/figcaption><\/figure><figure class=\"gallery-item\">\n<div class=\"gallery-icon\">\r\n<a href=\"https:\/\/www.naturfotografen-online.de\/wp\/wp-content\/uploads\/2020\/11\/2010033.jpg\" title=\"Hermelin (Mustela erminea)\" rel=\"gallery1\"><img loading=\"lazy\" decoding=\"async\" src=\"https:\/\/www.naturfotografen-online.de\/wp\/wp-content\/uploads\/2020\/11\/2010033-120x120.jpg\" width=\"120\" height=\"120\" alt=\"Hermelin (Mustela erminea)\" \/><\/a>\r\n<\/div><figcaption class=\"gallery-caption\" id=\"caption27953\"><span class=\"imagecaption\">Hermelin (Mustela erminea)<\/span><br \/>\n<\/figcaption><\/figure><figure class=\"gallery-item\">\n<div class=\"gallery-icon\">\r\n<a href=\"https:\/\/www.naturfotografen-online.de\/wp\/wp-content\/uploads\/2020\/11\/2010035.jpg\" title=\"Hermelin (Mustela erminea)\" rel=\"gallery1\"><img loading=\"lazy\" decoding=\"async\" src=\"https:\/\/www.naturfotografen-online.de\/wp\/wp-content\/uploads\/2020\/11\/2010035-120x120.jpg\" width=\"120\" height=\"120\" alt=\"Hermelin (Mustela erminea)\" \/><\/a>\r\n<\/div><figcaption class=\"gallery-caption\" id=\"caption27954\"><span class=\"imagecaption\">Hermelin (Mustela erminea)<\/span><br \/>\n<\/figcaption><\/figure><figure class=\"gallery-item\">\n<div class=\"gallery-icon\">\r\n<a href=\"https:\/\/www.naturfotografen-online.de\/wp\/wp-content\/uploads\/2020\/11\/2010036.jpg\" title=\"Hermelin (Mustela erminea)\" rel=\"gallery1\"><img loading=\"lazy\" decoding=\"async\" src=\"https:\/\/www.naturfotografen-online.de\/wp\/wp-content\/uploads\/2020\/11\/2010036-120x120.jpg\" width=\"120\" height=\"120\" alt=\"Hermelin (Mustela erminea)\" \/><\/a>\r\n<\/div><figcaption class=\"gallery-caption\" id=\"caption27955\"><span class=\"imagecaption\">Hermelin (Mustela erminea)<\/span><br \/>\n<\/figcaption><\/figure><figure class=\"gallery-item\">\n<div class=\"gallery-icon\">\r\n<a href=\"https:\/\/www.naturfotografen-online.de\/wp\/wp-content\/uploads\/2020\/11\/2010038.jpg\" title=\"Hermelin (Mustela erminea)\" rel=\"gallery1\"><img loading=\"lazy\" decoding=\"async\" src=\"https:\/\/www.naturfotografen-online.de\/wp\/wp-content\/uploads\/2020\/11\/2010038-120x120.jpg\" width=\"120\" height=\"120\" alt=\"Hermelin (Mustela erminea)\" \/><\/a>\r\n<\/div><figcaption class=\"gallery-caption\" id=\"caption27956\"><span class=\"imagecaption\">Hermelin (Mustela erminea)<\/span><br \/>\n<\/figcaption><\/figure><figure class=\"gallery-item\">\n<div class=\"gallery-icon\">\r\n<a href=\"https:\/\/www.naturfotografen-online.de\/wp\/wp-content\/uploads\/2020\/11\/2010039.jpg\" title=\"Hermelin (Mustela erminea)\" rel=\"gallery1\"><img loading=\"lazy\" decoding=\"async\" src=\"https:\/\/www.naturfotografen-online.de\/wp\/wp-content\/uploads\/2020\/11\/2010039-120x120.jpg\" width=\"120\" height=\"120\" alt=\"Hermelin (Mustela erminea)\" \/><\/a>\r\n<\/div><figcaption class=\"gallery-caption\" id=\"caption27957\"><span class=\"imagecaption\">Hermelin (Mustela erminea)<\/span><br \/>\n<\/figcaption><\/figure>\r\n\t\t<\/div>\n\n<p><!--nextpage--><\/p>\n<figure id=\"attachment_27883\" aria-describedby=\"caption-attachment-27883\" style=\"width: 800px\" class=\"wp-caption alignleft\"><a href=\"https:\/\/www.naturfotografen-online.de\/wp\/wp-content\/uploads\/2020\/11\/2009876-Pano.jpg\"><img loading=\"lazy\" decoding=\"async\" class=\"wp-image-27883\" src=\"https:\/\/www.naturfotografen-online.de\/wp\/wp-content\/uploads\/2020\/11\/2009876-Pano.jpg\" alt=\"\" width=\"800\" height=\"429\" \/><\/a><figcaption id=\"caption-attachment-27883\" class=\"wp-caption-text\">Im Exotenpark von Hohenheim, Stuttgart<\/figcaption><\/figure>\n<p>&nbsp;<\/p>\n<p><!--nextpage--><\/p>\n<figure id=\"attachment_27885\" aria-describedby=\"caption-attachment-27885\" style=\"width: 800px\" class=\"wp-caption alignleft\"><a href=\"https:\/\/www.naturfotografen-online.de\/wp\/wp-content\/uploads\/2020\/11\/2009904.jpg\"><img loading=\"lazy\" decoding=\"async\" class=\"wp-image-27885\" src=\"https:\/\/www.naturfotografen-online.de\/wp\/wp-content\/uploads\/2020\/11\/2009904.jpg\" alt=\"\" width=\"800\" height=\"533\" \/><\/a><figcaption id=\"caption-attachment-27885\" class=\"wp-caption-text\">Im Exotenpark von Hohenheim, Stuttgart<\/figcaption><\/figure>\n<p><!--nextpage--><\/p>\n<figure id=\"attachment_27887\" aria-describedby=\"caption-attachment-27887\" style=\"width: 800px\" class=\"wp-caption alignleft\"><a href=\"https:\/\/www.naturfotografen-online.de\/wp\/wp-content\/uploads\/2020\/11\/2009913-Pano.jpg\"><img loading=\"lazy\" decoding=\"async\" class=\"wp-image-27887\" src=\"https:\/\/www.naturfotografen-online.de\/wp\/wp-content\/uploads\/2020\/11\/2009913-Pano.jpg\" alt=\"\" width=\"800\" height=\"466\" \/><\/a><figcaption id=\"caption-attachment-27887\" class=\"wp-caption-text\">Schwarzkiefer und Hickorynuss Im Exotenpark von Hohenheim, Stuttgart<\/figcaption><\/figure>\n<p><!--nextpage--><\/p>\n\n\t\t<div id='gallery-3' class='gallery galleryid-27808 gallery-columns-7 gallery-size-thumbnail gallery1'><script type=\"text\/javascript\">\r\n\/\/ <![CDATA[\r\n\tjQuery(document).ready(function () {\r\n\t\tjQuery(\".gallery1 a\").attr(\"rel\",\"gallery1\");\t\r\n\t\tjQuery('a[rel=\"gallery1\"]').colorbox({maxWidth:\"95%\", maxHeight:\"95%\",title: function(){ return jQuery(this).children().attr(\"alt\"); }, });\r\n\t});\r\n\/\/ ]]>\r\n<\/script>\n\r\n\t\t\t<style type=\"text\/css\">\r\n\t\t\t\t#cboxCurrent { display:none !important; }\r\n\t\t\t<\/style>\n<figure class=\"gallery-item\">\n<div class=\"gallery-icon\">\r\n<a href=\"https:\/\/www.naturfotografen-online.de\/wp\/wp-content\/uploads\/2020\/11\/2009974.jpg\" title=\"M\u00e4usebussard (Buteo buteo)\" rel=\"gallery1\"><img loading=\"lazy\" decoding=\"async\" src=\"https:\/\/www.naturfotografen-online.de\/wp\/wp-content\/uploads\/2020\/11\/2009974-120x120.jpg\" width=\"120\" height=\"120\" alt=\"M\u00e4usebussard (Buteo buteo)\" \/><\/a>\r\n<\/div><figcaption class=\"gallery-caption\" id=\"caption27928\"><span class=\"imagecaption\">M\u00e4usebussard (Buteo buteo)<\/span><br \/>\n<\/figcaption><\/figure><figure class=\"gallery-item\">\n<div class=\"gallery-icon\">\r\n<a href=\"https:\/\/www.naturfotografen-online.de\/wp\/wp-content\/uploads\/2020\/11\/2009976.jpg\" title=\"M\u00e4usebussard (Buteo buteo)\" rel=\"gallery1\"><img loading=\"lazy\" decoding=\"async\" src=\"https:\/\/www.naturfotografen-online.de\/wp\/wp-content\/uploads\/2020\/11\/2009976-120x120.jpg\" width=\"120\" height=\"120\" alt=\"M\u00e4usebussard (Buteo buteo)\" \/><\/a>\r\n<\/div><figcaption class=\"gallery-caption\" id=\"caption27927\"><span class=\"imagecaption\">M\u00e4usebussard (Buteo buteo)<\/span><br \/>\n<\/figcaption><\/figure><figure class=\"gallery-item\">\n<div class=\"gallery-icon\">\r\n<a href=\"https:\/\/www.naturfotografen-online.de\/wp\/wp-content\/uploads\/2020\/11\/2009978.jpg\" title=\"M\u00e4usebussard (Buteo buteo)\" rel=\"gallery1\"><img loading=\"lazy\" decoding=\"async\" src=\"https:\/\/www.naturfotografen-online.de\/wp\/wp-content\/uploads\/2020\/11\/2009978-120x120.jpg\" width=\"120\" height=\"120\" alt=\"M\u00e4usebussard (Buteo buteo)\" \/><\/a>\r\n<\/div><figcaption class=\"gallery-caption\" id=\"caption27926\"><span class=\"imagecaption\">M\u00e4usebussard (Buteo buteo)<\/span><br \/>\n<\/figcaption><\/figure><figure class=\"gallery-item\">\n<div class=\"gallery-icon\">\r\n<a href=\"https:\/\/www.naturfotografen-online.de\/wp\/wp-content\/uploads\/2020\/11\/2009885.jpg\" title=\"Eichh\u00f6rnchen (Sciurus vulgaris)\" rel=\"gallery1\"><img loading=\"lazy\" decoding=\"async\" src=\"https:\/\/www.naturfotografen-online.de\/wp\/wp-content\/uploads\/2020\/11\/2009885-120x120.jpg\" width=\"120\" height=\"120\" alt=\"Eichh\u00f6rnchen (Sciurus vulgaris)\" \/><\/a>\r\n<\/div><figcaption class=\"gallery-caption\" id=\"caption27891\"><span class=\"imagecaption\">Eichh\u00f6rnchen (Sciurus vulgaris)<\/span><br \/>\n<\/figcaption><\/figure><figure class=\"gallery-item\">\n<div class=\"gallery-icon\">\r\n<a href=\"https:\/\/www.naturfotografen-online.de\/wp\/wp-content\/uploads\/2020\/11\/2009882.jpg\" title=\"Eichh\u00f6rnchen (Sciurus vulgaris)\" rel=\"gallery1\"><img loading=\"lazy\" decoding=\"async\" src=\"https:\/\/www.naturfotografen-online.de\/wp\/wp-content\/uploads\/2020\/11\/2009882-120x120.jpg\" width=\"120\" height=\"120\" alt=\"Eichh\u00f6rnchen (Sciurus vulgaris)\" \/><\/a>\r\n<\/div><figcaption class=\"gallery-caption\" id=\"caption27889\"><span class=\"imagecaption\">Eichh\u00f6rnchen (Sciurus vulgaris)<\/span><br \/>\n<\/figcaption><\/figure><figure class=\"gallery-item\">\n<div class=\"gallery-icon\">\r\n<a href=\"https:\/\/www.naturfotografen-online.de\/wp\/wp-content\/uploads\/2020\/11\/2009884.jpg\" title=\"Eichh\u00f6rnchen (Sciurus vulgaris)\" rel=\"gallery1\"><img loading=\"lazy\" decoding=\"async\" src=\"https:\/\/www.naturfotografen-online.de\/wp\/wp-content\/uploads\/2020\/11\/2009884-120x120.jpg\" width=\"120\" height=\"120\" alt=\"Eichh\u00f6rnchen (Sciurus vulgaris)\" \/><\/a>\r\n<\/div><figcaption class=\"gallery-caption\" id=\"caption27890\"><span class=\"imagecaption\">Eichh\u00f6rnchen (Sciurus vulgaris)<\/span><br \/>\n<\/figcaption><\/figure><figure class=\"gallery-item\">\n<div class=\"gallery-icon\">\r\n<a href=\"https:\/\/www.naturfotografen-online.de\/wp\/wp-content\/uploads\/2020\/11\/2009886.jpg\" title=\"Eichh\u00f6rnchen (Sciurus vulgaris)\" rel=\"gallery1\"><img loading=\"lazy\" decoding=\"async\" src=\"https:\/\/www.naturfotografen-online.de\/wp\/wp-content\/uploads\/2020\/11\/2009886-120x120.jpg\" width=\"120\" height=\"120\" alt=\"Eichh\u00f6rnchen (Sciurus vulgaris)\" \/><\/a>\r\n<\/div><figcaption class=\"gallery-caption\" id=\"caption27892\"><span class=\"imagecaption\">Eichh\u00f6rnchen (Sciurus vulgaris)<\/span><br \/>\n<\/figcaption><\/figure><figure class=\"gallery-item\">\n<div class=\"gallery-icon\">\r\n<a href=\"https:\/\/www.naturfotografen-online.de\/wp\/wp-content\/uploads\/2020\/11\/2009892.jpg\" title=\"Eichh\u00f6rnchen (Sciurus vulgaris)\" rel=\"gallery1\"><img loading=\"lazy\" decoding=\"async\" src=\"https:\/\/www.naturfotografen-online.de\/wp\/wp-content\/uploads\/2020\/11\/2009892-120x120.jpg\" width=\"120\" height=\"120\" alt=\"Eichh\u00f6rnchen (Sciurus vulgaris)\" \/><\/a>\r\n<\/div><figcaption class=\"gallery-caption\" id=\"caption27893\"><span class=\"imagecaption\">Eichh\u00f6rnchen (Sciurus vulgaris)<\/span><br \/>\n<\/figcaption><\/figure><figure class=\"gallery-item\">\n<div class=\"gallery-icon\">\r\n<a href=\"https:\/\/www.naturfotografen-online.de\/wp\/wp-content\/uploads\/2020\/11\/2009893.jpg\" title=\"Eichh\u00f6rnchen (Sciurus vulgaris)\" rel=\"gallery1\"><img loading=\"lazy\" decoding=\"async\" src=\"https:\/\/www.naturfotografen-online.de\/wp\/wp-content\/uploads\/2020\/11\/2009893-120x120.jpg\" width=\"120\" height=\"120\" alt=\"Eichh\u00f6rnchen (Sciurus vulgaris)\" \/><\/a>\r\n<\/div><figcaption class=\"gallery-caption\" id=\"caption27894\"><span class=\"imagecaption\">Eichh\u00f6rnchen (Sciurus vulgaris)<\/span><br \/>\n<\/figcaption><\/figure><figure class=\"gallery-item\">\n<div class=\"gallery-icon\">\r\n<a href=\"https:\/\/www.naturfotografen-online.de\/wp\/wp-content\/uploads\/2020\/11\/2009895.jpg\" title=\"Eichh\u00f6rnchen (Sciurus vulgaris)\" rel=\"gallery1\"><img loading=\"lazy\" decoding=\"async\" src=\"https:\/\/www.naturfotografen-online.de\/wp\/wp-content\/uploads\/2020\/11\/2009895-120x120.jpg\" width=\"120\" height=\"120\" alt=\"Eichh\u00f6rnchen (Sciurus vulgaris)\" \/><\/a>\r\n<\/div><figcaption class=\"gallery-caption\" id=\"caption27895\"><span class=\"imagecaption\">Eichh\u00f6rnchen (Sciurus vulgaris)<\/span><br \/>\n<\/figcaption><\/figure><figure class=\"gallery-item\">\n<div class=\"gallery-icon\">\r\n<a href=\"https:\/\/www.naturfotografen-online.de\/wp\/wp-content\/uploads\/2020\/11\/2009911.jpg\" title=\"Herbstblatt im Gegenlicht\" rel=\"gallery1\"><img loading=\"lazy\" decoding=\"async\" src=\"https:\/\/www.naturfotografen-online.de\/wp\/wp-content\/uploads\/2020\/11\/2009911-120x120.jpg\" width=\"120\" height=\"120\" alt=\"Herbstblatt im Gegenlicht\" \/><\/a>\r\n<\/div><figcaption class=\"gallery-caption\" id=\"caption27900\"><span class=\"imagecaption\">Herbstblatt im Gegenlicht<\/span><br \/>\n<\/figcaption><\/figure><figure class=\"gallery-item\">\n<div class=\"gallery-icon\">\r\n<a href=\"https:\/\/www.naturfotografen-online.de\/wp\/wp-content\/uploads\/2020\/11\/2009900.jpg\" title=\"Stockente (Anas platyrhynchos) M\u00e4nnchen mit Schnabelverletzung\" rel=\"gallery1\"><img loading=\"lazy\" decoding=\"async\" src=\"https:\/\/www.naturfotografen-online.de\/wp\/wp-content\/uploads\/2020\/11\/2009900-120x120.jpg\" width=\"120\" height=\"120\" alt=\"Stockente (Anas platyrhynchos) M\u00e4nnchen mit Schnabelverletzung\" \/><\/a>\r\n<\/div><figcaption class=\"gallery-caption\" id=\"caption27896\"><span class=\"imagecaption\">Stockente (Anas platyrhynchos) M\u00e4nnchen mit Schnabelverletzung<\/span><br \/>\n<\/figcaption><\/figure><figure class=\"gallery-item\">\n<div class=\"gallery-icon\">\r\n<a href=\"https:\/\/www.naturfotografen-online.de\/wp\/wp-content\/uploads\/2020\/11\/2009905.jpg\" title=\"Gr\u00fcnspecht (Picus viridis) M\u00e4nnchen\" rel=\"gallery1\"><img loading=\"lazy\" decoding=\"async\" src=\"https:\/\/www.naturfotografen-online.de\/wp\/wp-content\/uploads\/2020\/11\/2009905-120x120.jpg\" width=\"120\" height=\"120\" alt=\"Gr\u00fcnspecht (Picus viridis) M\u00e4nnchen\" \/><\/a>\r\n<\/div><figcaption class=\"gallery-caption\" id=\"caption27897\"><span class=\"imagecaption\">Gr\u00fcnspecht (Picus viridis) M\u00e4nnchen<\/span><br \/>\n<\/figcaption><\/figure><figure class=\"gallery-item\">\n<div class=\"gallery-icon\">\r\n<a href=\"https:\/\/www.naturfotografen-online.de\/wp\/wp-content\/uploads\/2020\/11\/2009907.jpg\" title=\"Gr\u00fcnspecht (Picus viridis) M\u00e4nnchen\" rel=\"gallery1\"><img loading=\"lazy\" decoding=\"async\" src=\"https:\/\/www.naturfotografen-online.de\/wp\/wp-content\/uploads\/2020\/11\/2009907-120x120.jpg\" width=\"120\" height=\"120\" alt=\"Gr\u00fcnspecht (Picus viridis) M\u00e4nnchen\" \/><\/a>\r\n<\/div><figcaption class=\"gallery-caption\" id=\"caption27898\"><span class=\"imagecaption\">Gr\u00fcnspecht (Picus viridis) M\u00e4nnchen<\/span><br \/>\n<\/figcaption><\/figure><figure class=\"gallery-item\">\n<div class=\"gallery-icon\">\r\n<a href=\"https:\/\/www.naturfotografen-online.de\/wp\/wp-content\/uploads\/2020\/11\/2009909.jpg\" title=\"Gr\u00fcnspecht (Picus viridis) M\u00e4nnchen\" rel=\"gallery1\"><img loading=\"lazy\" decoding=\"async\" src=\"https:\/\/www.naturfotografen-online.de\/wp\/wp-content\/uploads\/2020\/11\/2009909-120x120.jpg\" width=\"120\" height=\"120\" alt=\"Gr\u00fcnspecht (Picus viridis) M\u00e4nnchen\" \/><\/a>\r\n<\/div><figcaption class=\"gallery-caption\" id=\"caption27899\"><span class=\"imagecaption\">Gr\u00fcnspecht (Picus viridis) M\u00e4nnchen<\/span><br \/>\n<\/figcaption><\/figure><figure class=\"gallery-item\">\n<div class=\"gallery-icon\">\r\n<a href=\"https:\/\/www.naturfotografen-online.de\/wp\/wp-content\/uploads\/2020\/11\/2009917.jpg\" title=\"\" rel=\"gallery1\"><img loading=\"lazy\" decoding=\"async\" src=\"https:\/\/www.naturfotografen-online.de\/wp\/wp-content\/uploads\/2020\/11\/2009917-120x120.jpg\" width=\"120\" height=\"120\" alt=\"Gr\u00fcnspecht (Picus viridis) M\u00e4nnchen\" \/><\/a>\r\n<\/div><\/figure><figure class=\"gallery-item\">\n<div class=\"gallery-icon\">\r\n<a href=\"https:\/\/www.naturfotografen-online.de\/wp\/wp-content\/uploads\/2020\/11\/2009922.jpg\" title=\"Gr\u00fcnspecht (Picus viridis) M\u00e4nnchen\" rel=\"gallery1\"><img loading=\"lazy\" decoding=\"async\" src=\"https:\/\/www.naturfotografen-online.de\/wp\/wp-content\/uploads\/2020\/11\/2009922-120x120.jpg\" width=\"120\" height=\"120\" alt=\"Gr\u00fcnspecht (Picus viridis) M\u00e4nnchen\" \/><\/a>\r\n<\/div><figcaption class=\"gallery-caption\" id=\"caption27902\"><span class=\"imagecaption\">Gr\u00fcnspecht (Picus viridis) M\u00e4nnchen<\/span><br \/>\n<\/figcaption><\/figure><figure class=\"gallery-item\">\n<div class=\"gallery-icon\">\r\n<a href=\"https:\/\/www.naturfotografen-online.de\/wp\/wp-content\/uploads\/2020\/11\/2009923.jpg\" title=\"Gr\u00fcnspecht (Picus viridis) M\u00e4nnchen\" rel=\"gallery1\"><img loading=\"lazy\" decoding=\"async\" src=\"https:\/\/www.naturfotografen-online.de\/wp\/wp-content\/uploads\/2020\/11\/2009923-120x120.jpg\" width=\"120\" height=\"120\" alt=\"Gr\u00fcnspecht (Picus viridis) M\u00e4nnchen\" \/><\/a>\r\n<\/div><figcaption class=\"gallery-caption\" id=\"caption27903\"><span class=\"imagecaption\">Gr\u00fcnspecht (Picus viridis) M\u00e4nnchen<\/span><br \/>\n<\/figcaption><\/figure><figure class=\"gallery-item\">\n<div class=\"gallery-icon\">\r\n<a href=\"https:\/\/www.naturfotografen-online.de\/wp\/wp-content\/uploads\/2020\/11\/2009931.jpg\" title=\"Gr\u00fcnspecht (Picus viridis) M\u00e4nnchen\" rel=\"gallery1\"><img loading=\"lazy\" decoding=\"async\" src=\"https:\/\/www.naturfotografen-online.de\/wp\/wp-content\/uploads\/2020\/11\/2009931-120x120.jpg\" width=\"120\" height=\"120\" alt=\"Gr\u00fcnspecht (Picus viridis) M\u00e4nnchen\" \/><\/a>\r\n<\/div><figcaption class=\"gallery-caption\" id=\"caption27904\"><span class=\"imagecaption\">Gr\u00fcnspecht (Picus viridis) M\u00e4nnchen<\/span><br \/>\n<\/figcaption><\/figure><figure class=\"gallery-item\">\n<div class=\"gallery-icon\">\r\n<a href=\"https:\/\/www.naturfotografen-online.de\/wp\/wp-content\/uploads\/2020\/11\/2009932.jpg\" title=\"Gr\u00fcnspecht (Picus viridis) M\u00e4nnchen\" rel=\"gallery1\"><img loading=\"lazy\" decoding=\"async\" src=\"https:\/\/www.naturfotografen-online.de\/wp\/wp-content\/uploads\/2020\/11\/2009932-120x120.jpg\" width=\"120\" height=\"120\" alt=\"Gr\u00fcnspecht (Picus viridis) M\u00e4nnchen\" \/><\/a>\r\n<\/div><figcaption class=\"gallery-caption\" id=\"caption27905\"><span class=\"imagecaption\">Gr\u00fcnspecht (Picus viridis) M\u00e4nnchen<\/span><br \/>\n<\/figcaption><\/figure><figure class=\"gallery-item\">\n<div class=\"gallery-icon\">\r\n<a href=\"https:\/\/www.naturfotografen-online.de\/wp\/wp-content\/uploads\/2020\/11\/2009934.jpg\" title=\"Eichh\u00f6rnchen (Sciurus vulgaris)\" rel=\"gallery1\"><img loading=\"lazy\" decoding=\"async\" src=\"https:\/\/www.naturfotografen-online.de\/wp\/wp-content\/uploads\/2020\/11\/2009934-120x120.jpg\" width=\"120\" height=\"120\" alt=\"Eichh\u00f6rnchen (Sciurus vulgaris)\" \/><\/a>\r\n<\/div><figcaption class=\"gallery-caption\" id=\"caption27906\"><span class=\"imagecaption\">Eichh\u00f6rnchen (Sciurus vulgaris)<\/span><br \/>\n<\/figcaption><\/figure><figure class=\"gallery-item\">\n<div class=\"gallery-icon\">\r\n<a href=\"https:\/\/www.naturfotografen-online.de\/wp\/wp-content\/uploads\/2020\/11\/2009935.jpg\" title=\"Eichh\u00f6rnchen (Sciurus vulgaris)\" rel=\"gallery1\"><img loading=\"lazy\" decoding=\"async\" src=\"https:\/\/www.naturfotografen-online.de\/wp\/wp-content\/uploads\/2020\/11\/2009935-120x120.jpg\" width=\"120\" height=\"120\" alt=\"Eichh\u00f6rnchen (Sciurus vulgaris)\" \/><\/a>\r\n<\/div><figcaption class=\"gallery-caption\" id=\"caption27907\"><span class=\"imagecaption\">Eichh\u00f6rnchen (Sciurus vulgaris)<\/span><br \/>\n<\/figcaption><\/figure><figure class=\"gallery-item\">\n<div class=\"gallery-icon\">\r\n<a href=\"https:\/\/www.naturfotografen-online.de\/wp\/wp-content\/uploads\/2020\/11\/2009936.jpg\" title=\"Eichh\u00f6rnchen (Sciurus vulgaris)\" rel=\"gallery1\"><img loading=\"lazy\" decoding=\"async\" src=\"https:\/\/www.naturfotografen-online.de\/wp\/wp-content\/uploads\/2020\/11\/2009936-120x120.jpg\" width=\"120\" height=\"120\" alt=\"Eichh\u00f6rnchen (Sciurus vulgaris)\" \/><\/a>\r\n<\/div><figcaption class=\"gallery-caption\" id=\"caption27908\"><span class=\"imagecaption\">Eichh\u00f6rnchen (Sciurus vulgaris)<\/span><br \/>\n<\/figcaption><\/figure><figure class=\"gallery-item\">\n<div class=\"gallery-icon\">\r\n<a href=\"https:\/\/www.naturfotografen-online.de\/wp\/wp-content\/uploads\/2020\/11\/2009937.jpg\" title=\"Eichh\u00f6rnchen (Sciurus vulgaris)\" rel=\"gallery1\"><img loading=\"lazy\" decoding=\"async\" src=\"https:\/\/www.naturfotografen-online.de\/wp\/wp-content\/uploads\/2020\/11\/2009937-120x120.jpg\" width=\"120\" height=\"120\" alt=\"Eichh\u00f6rnchen (Sciurus vulgaris)\" \/><\/a>\r\n<\/div><figcaption class=\"gallery-caption\" id=\"caption27909\"><span class=\"imagecaption\">Eichh\u00f6rnchen (Sciurus vulgaris)<\/span><br \/>\n<\/figcaption><\/figure><figure class=\"gallery-item\">\n<div class=\"gallery-icon\">\r\n<a href=\"https:\/\/www.naturfotografen-online.de\/wp\/wp-content\/uploads\/2020\/11\/2009939.jpg\" title=\"Eichh\u00f6rnchen (Sciurus vulgaris)\" rel=\"gallery1\"><img loading=\"lazy\" decoding=\"async\" src=\"https:\/\/www.naturfotografen-online.de\/wp\/wp-content\/uploads\/2020\/11\/2009939-120x120.jpg\" width=\"120\" height=\"120\" alt=\"Eichh\u00f6rnchen (Sciurus vulgaris)\" \/><\/a>\r\n<\/div><figcaption class=\"gallery-caption\" id=\"caption27910\"><span class=\"imagecaption\">Eichh\u00f6rnchen (Sciurus vulgaris)<\/span><br \/>\n<\/figcaption><\/figure><figure class=\"gallery-item\">\n<div class=\"gallery-icon\">\r\n<a href=\"https:\/\/www.naturfotografen-online.de\/wp\/wp-content\/uploads\/2020\/11\/2009944.jpg\" title=\"Eichh\u00f6rnchen (Sciurus vulgaris)\" rel=\"gallery1\"><img loading=\"lazy\" decoding=\"async\" src=\"https:\/\/www.naturfotografen-online.de\/wp\/wp-content\/uploads\/2020\/11\/2009944-120x120.jpg\" width=\"120\" height=\"120\" alt=\"Eichh\u00f6rnchen (Sciurus vulgaris)\" \/><\/a>\r\n<\/div><figcaption class=\"gallery-caption\" id=\"caption27911\"><span class=\"imagecaption\">Eichh\u00f6rnchen (Sciurus vulgaris)<\/span><br \/>\n<\/figcaption><\/figure><figure class=\"gallery-item\">\n<div class=\"gallery-icon\">\r\n<a href=\"https:\/\/www.naturfotografen-online.de\/wp\/wp-content\/uploads\/2020\/11\/2009945.jpg\" title=\"Eichh\u00f6rnchen (Sciurus vulgaris)\" rel=\"gallery1\"><img loading=\"lazy\" decoding=\"async\" src=\"https:\/\/www.naturfotografen-online.de\/wp\/wp-content\/uploads\/2020\/11\/2009945-120x120.jpg\" width=\"120\" height=\"120\" alt=\"Eichh\u00f6rnchen (Sciurus vulgaris)\" \/><\/a>\r\n<\/div><figcaption class=\"gallery-caption\" id=\"caption27912\"><span class=\"imagecaption\">Eichh\u00f6rnchen (Sciurus vulgaris)<\/span><br \/>\n<\/figcaption><\/figure><figure class=\"gallery-item\">\n<div class=\"gallery-icon\">\r\n<a href=\"https:\/\/www.naturfotografen-online.de\/wp\/wp-content\/uploads\/2020\/11\/2009952.jpg\" title=\"Eichh\u00f6rnchen (Sciurus vulgaris)\" rel=\"gallery1\"><img loading=\"lazy\" decoding=\"async\" src=\"https:\/\/www.naturfotografen-online.de\/wp\/wp-content\/uploads\/2020\/11\/2009952-120x120.jpg\" width=\"120\" height=\"120\" alt=\"Eichh\u00f6rnchen (Sciurus vulgaris)\" \/><\/a>\r\n<\/div><figcaption class=\"gallery-caption\" id=\"caption27913\"><span class=\"imagecaption\">Eichh\u00f6rnchen (Sciurus vulgaris)<\/span><br \/>\n<\/figcaption><\/figure>\r\n\t\t<\/div>\n\n<p><!--nextpage--><\/p>\n\n\t\t<div id='gallery-4' class='gallery galleryid-27808 gallery-columns-7 gallery-size-thumbnail gallery1'><script type=\"text\/javascript\">\r\n\/\/ <![CDATA[\r\n\tjQuery(document).ready(function () {\r\n\t\tjQuery(\".gallery1 a\").attr(\"rel\",\"gallery1\");\t\r\n\t\tjQuery('a[rel=\"gallery1\"]').colorbox({maxWidth:\"95%\", maxHeight:\"95%\",title: function(){ return jQuery(this).children().attr(\"alt\"); }, });\r\n\t});\r\n\/\/ ]]>\r\n<\/script>\n\r\n\t\t\t<style type=\"text\/css\">\r\n\t\t\t\t#cboxCurrent { display:none !important; }\r\n\t\t\t<\/style>\n<figure class=\"gallery-item\">\n<div class=\"gallery-icon\">\r\n<a href=\"https:\/\/www.naturfotografen-online.de\/wp\/wp-content\/uploads\/2020\/11\/2009844.jpg\" title=\"Steinkauz (Athene noctua)\" rel=\"gallery1\"><img loading=\"lazy\" decoding=\"async\" src=\"https:\/\/www.naturfotografen-online.de\/wp\/wp-content\/uploads\/2020\/11\/2009844-120x120.jpg\" width=\"120\" height=\"120\" alt=\"Steinkauz (Athene noctua)\" \/><\/a>\r\n<\/div><figcaption class=\"gallery-caption\" id=\"caption27873\"><span class=\"imagecaption\">Steinkauz (Athene noctua)<\/span><br \/>\n<\/figcaption><\/figure><figure class=\"gallery-item\">\n<div class=\"gallery-icon\">\r\n<a href=\"https:\/\/www.naturfotografen-online.de\/wp\/wp-content\/uploads\/2020\/11\/2009848.jpg\" title=\"Steinkauz (Athene noctua)\" rel=\"gallery1\"><img loading=\"lazy\" decoding=\"async\" src=\"https:\/\/www.naturfotografen-online.de\/wp\/wp-content\/uploads\/2020\/11\/2009848-120x120.jpg\" width=\"120\" height=\"120\" alt=\"Steinkauz (Athene noctua)\" \/><\/a>\r\n<\/div><figcaption class=\"gallery-caption\" id=\"caption27874\"><span class=\"imagecaption\">Steinkauz (Athene noctua)<\/span><br \/>\n<\/figcaption><\/figure><figure class=\"gallery-item\">\n<div class=\"gallery-icon\">\r\n<a href=\"https:\/\/www.naturfotografen-online.de\/wp\/wp-content\/uploads\/2020\/11\/2009853.jpg\" title=\"Steinkauz (Athene noctua)\" rel=\"gallery1\"><img loading=\"lazy\" decoding=\"async\" src=\"https:\/\/www.naturfotografen-online.de\/wp\/wp-content\/uploads\/2020\/11\/2009853-120x120.jpg\" width=\"120\" height=\"120\" alt=\"Steinkauz (Athene noctua)\" \/><\/a>\r\n<\/div><figcaption class=\"gallery-caption\" id=\"caption27875\"><span class=\"imagecaption\">Steinkauz (Athene noctua)<\/span><br \/>\n<\/figcaption><\/figure><figure class=\"gallery-item\">\n<div class=\"gallery-icon\">\r\n<a href=\"https:\/\/www.naturfotografen-online.de\/wp\/wp-content\/uploads\/2020\/11\/2009863.jpg\" title=\"Steinkauz (Athene noctua)\" rel=\"gallery1\"><img loading=\"lazy\" decoding=\"async\" src=\"https:\/\/www.naturfotografen-online.de\/wp\/wp-content\/uploads\/2020\/11\/2009863-120x120.jpg\" width=\"120\" height=\"120\" alt=\"Steinkauz (Athene noctua)\" \/><\/a>\r\n<\/div><figcaption class=\"gallery-caption\" id=\"caption27879\"><span class=\"imagecaption\">Steinkauz (Athene noctua)<\/span><br \/>\n<\/figcaption><\/figure><figure class=\"gallery-item\">\n<div class=\"gallery-icon\">\r\n<a href=\"https:\/\/www.naturfotografen-online.de\/wp\/wp-content\/uploads\/2020\/11\/2009861.jpg\" title=\"Steinkauz (Athene noctua)\" rel=\"gallery1\"><img loading=\"lazy\" decoding=\"async\" src=\"https:\/\/www.naturfotografen-online.de\/wp\/wp-content\/uploads\/2020\/11\/2009861-120x120.jpg\" width=\"120\" height=\"120\" alt=\"Steinkauz (Athene noctua)\" \/><\/a>\r\n<\/div><figcaption class=\"gallery-caption\" id=\"caption27878\"><span class=\"imagecaption\">Steinkauz (Athene noctua)<\/span><br \/>\n<\/figcaption><\/figure><figure class=\"gallery-item\">\n<div class=\"gallery-icon\">\r\n<a href=\"https:\/\/www.naturfotografen-online.de\/wp\/wp-content\/uploads\/2020\/11\/2009858.jpg\" title=\"Steinkauz (Athene noctua)\" rel=\"gallery1\"><img loading=\"lazy\" decoding=\"async\" src=\"https:\/\/www.naturfotografen-online.de\/wp\/wp-content\/uploads\/2020\/11\/2009858-120x120.jpg\" width=\"120\" height=\"120\" alt=\"Steinkauz (Athene noctua)\" \/><\/a>\r\n<\/div><figcaption class=\"gallery-caption\" id=\"caption27877\"><span class=\"imagecaption\">Steinkauz (Athene noctua)<\/span><br \/>\n<\/figcaption><\/figure><figure class=\"gallery-item\">\n<div class=\"gallery-icon\">\r\n<a href=\"https:\/\/www.naturfotografen-online.de\/wp\/wp-content\/uploads\/2020\/11\/2009854.jpg\" title=\"Steinkauz (Athene noctua)\" rel=\"gallery1\"><img loading=\"lazy\" decoding=\"async\" src=\"https:\/\/www.naturfotografen-online.de\/wp\/wp-content\/uploads\/2020\/11\/2009854-120x120.jpg\" width=\"120\" height=\"120\" alt=\"Steinkauz (Athene noctua)\" \/><\/a>\r\n<\/div><figcaption class=\"gallery-caption\" id=\"caption27876\"><span class=\"imagecaption\">Steinkauz (Athene noctua)<\/span><br \/>\n<\/figcaption><\/figure><figure class=\"gallery-item\">\n<div class=\"gallery-icon\">\r\n<a href=\"https:\/\/www.naturfotografen-online.de\/wp\/wp-content\/uploads\/2020\/11\/2009868.jpg\" title=\"Steinkauz (Athene noctua)\" rel=\"gallery1\"><img loading=\"lazy\" decoding=\"async\" src=\"https:\/\/www.naturfotografen-online.de\/wp\/wp-content\/uploads\/2020\/11\/2009868-120x120.jpg\" width=\"120\" height=\"120\" alt=\"Steinkauz (Athene noctua)\" \/><\/a>\r\n<\/div><figcaption class=\"gallery-caption\" id=\"caption27880\"><span class=\"imagecaption\">Steinkauz (Athene noctua)<\/span><br \/>\n<\/figcaption><\/figure><figure class=\"gallery-item\">\n<div class=\"gallery-icon\">\r\n<a href=\"https:\/\/www.naturfotografen-online.de\/wp\/wp-content\/uploads\/2020\/11\/2009817.jpg\" title=\"Gr\u00fcnspecht (Picus viridis) M\u00e4nnchen\" rel=\"gallery1\"><img loading=\"lazy\" decoding=\"async\" src=\"https:\/\/www.naturfotografen-online.de\/wp\/wp-content\/uploads\/2020\/11\/2009817-120x120.jpg\" width=\"120\" height=\"120\" alt=\"Gr\u00fcnspecht (Picus viridis) M\u00e4nnchen\" \/><\/a>\r\n<\/div><figcaption class=\"gallery-caption\" id=\"caption27857\"><span class=\"imagecaption\">Gr\u00fcnspecht (Picus viridis) M\u00e4nnchen<\/span><br \/>\n<\/figcaption><\/figure><figure class=\"gallery-item\">\n<div class=\"gallery-icon\">\r\n<a href=\"https:\/\/www.naturfotografen-online.de\/wp\/wp-content\/uploads\/2020\/11\/2009823.jpg\" title=\"Steink\u00e4uze (Athene noctua)\" rel=\"gallery1\"><img loading=\"lazy\" decoding=\"async\" src=\"https:\/\/www.naturfotografen-online.de\/wp\/wp-content\/uploads\/2020\/11\/2009823-120x120.jpg\" width=\"120\" height=\"120\" alt=\"Steink\u00e4uze (Athene noctua)\" \/><\/a>\r\n<\/div><figcaption class=\"gallery-caption\" id=\"caption27855\"><span class=\"imagecaption\">Steink\u00e4uze (Athene noctua)<\/span><br \/>\n<\/figcaption><\/figure><figure class=\"gallery-item\">\n<div class=\"gallery-icon\">\r\n<a href=\"https:\/\/www.naturfotografen-online.de\/wp\/wp-content\/uploads\/2020\/11\/2009822.jpg\" title=\"Steink\u00e4uze (Athene noctua)\" rel=\"gallery1\"><img loading=\"lazy\" decoding=\"async\" src=\"https:\/\/www.naturfotografen-online.de\/wp\/wp-content\/uploads\/2020\/11\/2009822-120x120.jpg\" width=\"120\" height=\"120\" alt=\"Steink\u00e4uze (Athene noctua)\" \/><\/a>\r\n<\/div><figcaption class=\"gallery-caption\" id=\"caption27854\"><span class=\"imagecaption\">Steink\u00e4uze (Athene noctua)<\/span><br \/>\n<\/figcaption><\/figure><figure class=\"gallery-item\">\n<div class=\"gallery-icon\">\r\n<a href=\"https:\/\/www.naturfotografen-online.de\/wp\/wp-content\/uploads\/2020\/11\/2009824.jpg\" title=\"Steinkauz (Athene noctua)\" rel=\"gallery1\"><img loading=\"lazy\" decoding=\"async\" src=\"https:\/\/www.naturfotografen-online.de\/wp\/wp-content\/uploads\/2020\/11\/2009824-120x120.jpg\" width=\"120\" height=\"120\" alt=\"Steinkauz (Athene noctua)\" \/><\/a>\r\n<\/div><figcaption class=\"gallery-caption\" id=\"caption27853\"><span class=\"imagecaption\">Steinkauz (Athene noctua)<\/span><br \/>\n<\/figcaption><\/figure><figure class=\"gallery-item\">\n<div class=\"gallery-icon\">\r\n<a href=\"https:\/\/www.naturfotografen-online.de\/wp\/wp-content\/uploads\/2020\/11\/2009826.jpg\" title=\"Steinkauz (Athene noctua)\" rel=\"gallery1\"><img loading=\"lazy\" decoding=\"async\" src=\"https:\/\/www.naturfotografen-online.de\/wp\/wp-content\/uploads\/2020\/11\/2009826-120x120.jpg\" width=\"120\" height=\"120\" alt=\"Steinkauz (Athene noctua)\" \/><\/a>\r\n<\/div><figcaption class=\"gallery-caption\" id=\"caption27852\"><span class=\"imagecaption\">Steinkauz (Athene noctua)<\/span><br \/>\n<\/figcaption><\/figure><figure class=\"gallery-item\">\n<div class=\"gallery-icon\">\r\n<a href=\"https:\/\/www.naturfotografen-online.de\/wp\/wp-content\/uploads\/2020\/11\/2009827.jpg\" title=\"Steinkauz (Athene noctua)\" rel=\"gallery1\"><img loading=\"lazy\" decoding=\"async\" src=\"https:\/\/www.naturfotografen-online.de\/wp\/wp-content\/uploads\/2020\/11\/2009827-120x120.jpg\" width=\"120\" height=\"120\" alt=\"Steinkauz (Athene noctua)\" \/><\/a>\r\n<\/div><figcaption class=\"gallery-caption\" id=\"caption27851\"><span class=\"imagecaption\">Steinkauz (Athene noctua)<\/span><br \/>\n<\/figcaption><\/figure><figure class=\"gallery-item\">\n<div class=\"gallery-icon\">\r\n<a href=\"https:\/\/www.naturfotografen-online.de\/wp\/wp-content\/uploads\/2020\/11\/2009828.jpg\" title=\"Steinkauz (Athene noctua)\" rel=\"gallery1\"><img loading=\"lazy\" decoding=\"async\" src=\"https:\/\/www.naturfotografen-online.de\/wp\/wp-content\/uploads\/2020\/11\/2009828-120x120.jpg\" width=\"120\" height=\"120\" alt=\"Steinkauz (Athene noctua)\" \/><\/a>\r\n<\/div><figcaption class=\"gallery-caption\" id=\"caption27850\"><span class=\"imagecaption\">Steinkauz (Athene noctua)<\/span><br \/>\n<\/figcaption><\/figure><figure class=\"gallery-item\">\n<div class=\"gallery-icon\">\r\n<a href=\"https:\/\/www.naturfotografen-online.de\/wp\/wp-content\/uploads\/2020\/11\/2009830.jpg\" title=\"Steinkauz (Athene noctua)\" rel=\"gallery1\"><img loading=\"lazy\" decoding=\"async\" src=\"https:\/\/www.naturfotografen-online.de\/wp\/wp-content\/uploads\/2020\/11\/2009830-120x120.jpg\" width=\"120\" height=\"120\" alt=\"Steinkauz (Athene noctua)\" \/><\/a>\r\n<\/div><figcaption class=\"gallery-caption\" id=\"caption27849\"><span class=\"imagecaption\">Steinkauz (Athene noctua)<\/span><br \/>\n<\/figcaption><\/figure><figure class=\"gallery-item\">\n<div class=\"gallery-icon\">\r\n<a href=\"https:\/\/www.naturfotografen-online.de\/wp\/wp-content\/uploads\/2020\/11\/2009831.jpg\" title=\"Steinkauz (Athene noctua)\" rel=\"gallery1\"><img loading=\"lazy\" decoding=\"async\" src=\"https:\/\/www.naturfotografen-online.de\/wp\/wp-content\/uploads\/2020\/11\/2009831-120x120.jpg\" width=\"120\" height=\"120\" alt=\"Steinkauz (Athene noctua)\" \/><\/a>\r\n<\/div><figcaption class=\"gallery-caption\" id=\"caption27848\"><span class=\"imagecaption\">Steinkauz (Athene noctua)<\/span><br \/>\n<\/figcaption><\/figure><figure class=\"gallery-item\">\n<div class=\"gallery-icon\">\r\n<a href=\"https:\/\/www.naturfotografen-online.de\/wp\/wp-content\/uploads\/2020\/11\/2009833.jpg\" title=\"Steinkauz (Athene noctua)\" rel=\"gallery1\"><img loading=\"lazy\" decoding=\"async\" src=\"https:\/\/www.naturfotografen-online.de\/wp\/wp-content\/uploads\/2020\/11\/2009833-120x120.jpg\" width=\"120\" height=\"120\" alt=\"Steinkauz (Athene noctua)\" \/><\/a>\r\n<\/div><figcaption class=\"gallery-caption\" id=\"caption27847\"><span class=\"imagecaption\">Steinkauz (Athene noctua)<\/span><br \/>\n<\/figcaption><\/figure><figure class=\"gallery-item\">\n<div class=\"gallery-icon\">\r\n<a href=\"https:\/\/www.naturfotografen-online.de\/wp\/wp-content\/uploads\/2020\/11\/2009832.jpg\" title=\"Steinkauz (Athene noctua)\" rel=\"gallery1\"><img loading=\"lazy\" decoding=\"async\" src=\"https:\/\/www.naturfotografen-online.de\/wp\/wp-content\/uploads\/2020\/11\/2009832-120x120.jpg\" width=\"120\" height=\"120\" alt=\"Steinkauz (Athene noctua)\" \/><\/a>\r\n<\/div><figcaption class=\"gallery-caption\" id=\"caption27846\"><span class=\"imagecaption\">Steinkauz (Athene noctua)<\/span><br \/>\n<\/figcaption><\/figure><figure class=\"gallery-item\">\n<div class=\"gallery-icon\">\r\n<a href=\"https:\/\/www.naturfotografen-online.de\/wp\/wp-content\/uploads\/2020\/11\/2009836.jpg\" title=\"Steinkauz (Athene noctua)\" rel=\"gallery1\"><img loading=\"lazy\" decoding=\"async\" src=\"https:\/\/www.naturfotografen-online.de\/wp\/wp-content\/uploads\/2020\/11\/2009836-120x120.jpg\" width=\"120\" height=\"120\" alt=\"Steinkauz (Athene noctua)\" \/><\/a>\r\n<\/div><figcaption class=\"gallery-caption\" id=\"caption27845\"><span class=\"imagecaption\">Steinkauz (Athene noctua)<\/span><br \/>\n<\/figcaption><\/figure><figure class=\"gallery-item\">\n<div class=\"gallery-icon\">\r\n<a href=\"https:\/\/www.naturfotografen-online.de\/wp\/wp-content\/uploads\/2020\/11\/2009834.jpg\" title=\"Steinkauz (Athene noctua)\" rel=\"gallery1\"><img loading=\"lazy\" decoding=\"async\" src=\"https:\/\/www.naturfotografen-online.de\/wp\/wp-content\/uploads\/2020\/11\/2009834-120x120.jpg\" width=\"120\" height=\"120\" alt=\"Steinkauz (Athene noctua)\" \/><\/a>\r\n<\/div><figcaption class=\"gallery-caption\" id=\"caption27844\"><span class=\"imagecaption\">Steinkauz (Athene noctua)<\/span><br \/>\n<\/figcaption><\/figure><figure class=\"gallery-item\">\n<div class=\"gallery-icon\">\r\n<a href=\"https:\/\/www.naturfotografen-online.de\/wp\/wp-content\/uploads\/2020\/11\/2009837.jpg\" title=\"Steinkauz (Athene noctua)\" rel=\"gallery1\"><img loading=\"lazy\" decoding=\"async\" src=\"https:\/\/www.naturfotografen-online.de\/wp\/wp-content\/uploads\/2020\/11\/2009837-120x120.jpg\" width=\"120\" height=\"120\" alt=\"Steinkauz (Athene noctua)\" \/><\/a>\r\n<\/div><figcaption class=\"gallery-caption\" id=\"caption27843\"><span class=\"imagecaption\">Steinkauz (Athene noctua)<\/span><br \/>\n<\/figcaption><\/figure><figure class=\"gallery-item\">\n<div class=\"gallery-icon\">\r\n<a href=\"https:\/\/www.naturfotografen-online.de\/wp\/wp-content\/uploads\/2020\/11\/2009838.jpg\" title=\"Steinkauz (Athene noctua)\" rel=\"gallery1\"><img loading=\"lazy\" decoding=\"async\" src=\"https:\/\/www.naturfotografen-online.de\/wp\/wp-content\/uploads\/2020\/11\/2009838-120x120.jpg\" width=\"120\" height=\"120\" alt=\"Steinkauz (Athene noctua)\" \/><\/a>\r\n<\/div><figcaption class=\"gallery-caption\" id=\"caption27842\"><span class=\"imagecaption\">Steinkauz (Athene noctua)<\/span><br \/>\n<\/figcaption><\/figure><figure class=\"gallery-item\">\n<div class=\"gallery-icon\">\r\n<a href=\"https:\/\/www.naturfotografen-online.de\/wp\/wp-content\/uploads\/2020\/11\/2009839.jpg\" title=\"Steinkauz (Athene noctua)\" rel=\"gallery1\"><img loading=\"lazy\" decoding=\"async\" src=\"https:\/\/www.naturfotografen-online.de\/wp\/wp-content\/uploads\/2020\/11\/2009839-120x120.jpg\" width=\"120\" height=\"120\" alt=\"Steinkauz (Athene noctua)\" \/><\/a>\r\n<\/div><figcaption class=\"gallery-caption\" id=\"caption27841\"><span class=\"imagecaption\">Steinkauz (Athene noctua)<\/span><br \/>\n<\/figcaption><\/figure><figure class=\"gallery-item\">\n<div class=\"gallery-icon\">\r\n<a href=\"https:\/\/www.naturfotografen-online.de\/wp\/wp-content\/uploads\/2020\/11\/2009840.jpg\" title=\"Steinkauz (Athene noctua)\" rel=\"gallery1\"><img loading=\"lazy\" decoding=\"async\" src=\"https:\/\/www.naturfotografen-online.de\/wp\/wp-content\/uploads\/2020\/11\/2009840-120x120.jpg\" width=\"120\" height=\"120\" alt=\"Steinkauz (Athene noctua)\" \/><\/a>\r\n<\/div><figcaption class=\"gallery-caption\" id=\"caption27840\"><span class=\"imagecaption\">Steinkauz (Athene noctua)<\/span><br \/>\n<\/figcaption><\/figure><figure class=\"gallery-item\">\n<div class=\"gallery-icon\">\r\n<a href=\"https:\/\/www.naturfotografen-online.de\/wp\/wp-content\/uploads\/2020\/11\/2009820.jpg\" title=\"Steinkauz (Athene noctua)\" rel=\"gallery1\"><img loading=\"lazy\" decoding=\"async\" src=\"https:\/\/www.naturfotografen-online.de\/wp\/wp-content\/uploads\/2020\/11\/2009820-120x120.jpg\" width=\"120\" height=\"120\" alt=\"Steinkauz (Athene noctua)\" \/><\/a>\r\n<\/div><figcaption class=\"gallery-caption\" id=\"caption27839\"><span class=\"imagecaption\">Steinkauz (Athene noctua)<\/span><br \/>\n<\/figcaption><\/figure><figure class=\"gallery-item\">\n<div class=\"gallery-icon\">\r\n<a href=\"https:\/\/www.naturfotografen-online.de\/wp\/wp-content\/uploads\/2020\/11\/2009842.jpg\" title=\"Steinkauzpaar (Athene noctua) sitzt auf Obstbaum\" rel=\"gallery1\"><img loading=\"lazy\" decoding=\"async\" src=\"https:\/\/www.naturfotografen-online.de\/wp\/wp-content\/uploads\/2020\/11\/2009842-120x120.jpg\" width=\"120\" height=\"120\" alt=\"Steinkauzpaar (Athene noctua) sitzt auf Obstbaum\" \/><\/a>\r\n<\/div><figcaption class=\"gallery-caption\" id=\"caption27837\"><span class=\"imagecaption\">Steinkauzpaar (Athene noctua) sitzt auf Obstbaum<\/span><br \/>\n<\/figcaption><\/figure><figure class=\"gallery-item\">\n<div class=\"gallery-icon\">\r\n<a href=\"https:\/\/www.naturfotografen-online.de\/wp\/wp-content\/uploads\/2020\/11\/2009843.jpg\" title=\"Steinkauzpaar (Athene noctua) sitzt auf Obstbaum, Belichtungszeit 1\/4 Sekunde\" rel=\"gallery1\"><img loading=\"lazy\" decoding=\"async\" src=\"https:\/\/www.naturfotografen-online.de\/wp\/wp-content\/uploads\/2020\/11\/2009843-120x120.jpg\" width=\"120\" height=\"120\" alt=\"Steinkauzpaar (Athene noctua) sitzt auf Obstbaum, Belichtungszeit 1\/4 Sekunde\" \/><\/a>\r\n<\/div><figcaption class=\"gallery-caption\" id=\"caption27836\"><span class=\"imagecaption\">Steinkauzpaar (Athene noctua) sitzt auf Obstbaum, Belichtungszeit 1\/4 Sekunde<\/span><br \/>\n<\/figcaption><\/figure>\r\n\t\t<\/div>\n\n","protected":false},"excerpt":{"rendered":"<p>Anmerkungen zum November 2020 Diese Seite \u00fcberspringen und gleich auf Seite 2 zu den Bildergalerien. Die aktuellsten Informationen sind immer auf der Seite 1 in dieser Bildergalerie. Die neuen Bilder sind ab der 2. Seite zu sehen. Um \u00fcber die Suchfunktion Motive zu finden welche nicht als eigene Bildergalerien angelegt sind, f\u00fchre ich diese in &hellip; <a href=\"https:\/\/www.naturfotografen-online.de\/wp\/bildergalerien-2\/monatsgalerien\/monatsgalerien-2020\/november-2020\/\" class=\"more-link\"><span class=\"screen-reader-text\">November 2020<\/span> weiterlesen <span class=\"meta-nav\">&rarr;<\/span><\/a><\/p>\n","protected":false},"author":1,"featured_media":0,"parent":21429,"menu_order":0,"comment_status":"closed","ping_status":"closed","template":"page-templates\/full-width.php","meta":{"footnotes":""},"class_list":["post-27808","page","type-page","status-publish","hentry"],"_links":{"self":[{"href":"https:\/\/www.naturfotografen-online.de\/wp\/wp-json\/wp\/v2\/pages\/27808","targetHints":{"allow":["GET"]}}],"collection":[{"href":"https:\/\/www.naturfotografen-online.de\/wp\/wp-json\/wp\/v2\/pages"}],"about":[{"href":"https:\/\/www.naturfotografen-online.de\/wp\/wp-json\/wp\/v2\/types\/page"}],"author":[{"embeddable":true,"href":"https:\/\/www.naturfotografen-online.de\/wp\/wp-json\/wp\/v2\/users\/1"}],"replies":[{"embeddable":true,"href":"https:\/\/www.naturfotografen-online.de\/wp\/wp-json\/wp\/v2\/comments?post=27808"}],"version-history":[{"count":27,"href":"https:\/\/www.naturfotografen-online.de\/wp\/wp-json\/wp\/v2\/pages\/27808\/revisions"}],"predecessor-version":[{"id":28162,"href":"https:\/\/www.naturfotografen-online.de\/wp\/wp-json\/wp\/v2\/pages\/27808\/revisions\/28162"}],"up":[{"embeddable":true,"href":"https:\/\/www.naturfotografen-online.de\/wp\/wp-json\/wp\/v2\/pages\/21429"}],"wp:attachment":[{"href":"https:\/\/www.naturfotografen-online.de\/wp\/wp-json\/wp\/v2\/media?parent=27808"}],"curies":[{"name":"wp","href":"https:\/\/api.w.org\/{rel}","templated":true}]}}